{"id":7446,"date":"2020-05-20T11:36:29","date_gmt":"2020-05-20T09:36:29","guid":{"rendered":"http:\/\/www.euroschool.lu\/site\/?page_id=7446"},"modified":"2024-05-08T20:00:38","modified_gmt":"2024-05-08T18:00:38","slug":"pastoral-care-2","status":"publish","type":"page","link":"https:\/\/www.euroschool.lu\/site\/fr\/pastoral-care-2\/","title":{"rendered":"Pastoral care"},"content":{"rendered":"<div class=\"wpb-content-wrapper\"><p>[vc_row full_width=&#8221;stretch_row_content_no_spaces&#8221; css=&#8221;.vc_custom_1589920007717{margin-bottom: 0px !important;}&#8221;][vc_column css=&#8221;.vc_custom_1589920029564{margin-bottom: 0px !important;}&#8221; offset=&#8221;vc_hidden-sm vc_hidden-xs&#8221;][vc_custom_heading text=&#8221;&#8221; font_container=&#8221;tag:h1|text_align:left&#8221; use_theme_fonts=&#8221;yes&#8221; el_class=&#8221;custom-header&#8221; css=&#8221;.vc_custom_1623912366796{background-image: url(http:\/\/www.euroschool.lu\/site\/wp-content\/uploads\/2021\/06\/pastorale-care2.jpg?id=11055) !important;background-position: center !important;background-repeat: no-repeat !important;background-size: cover !important;}&#8221;][\/vc_column][\/vc_row][vc_row full_width=&#8221;stretch_row_content_no_spaces&#8221; css=&#8221;.vc_custom_1589920007717{margin-bottom: 0px !important;}&#8221;][vc_column css=&#8221;.vc_custom_1589920591194{margin-bottom: 0px !important;}&#8221; offset=&#8221;vc_hidden-lg vc_hidden-md&#8221;][vc_custom_heading text=&#8221;&#8221; font_container=&#8221;tag:h1|text_align:left&#8221; use_theme_fonts=&#8221;yes&#8221; el_class=&#8221;custom-header-mob&#8221; css=&#8221;.vc_custom_1623912404705{background-image: url(http:\/\/www.euroschool.lu\/site\/wp-content\/uploads\/2021\/06\/pastorale-care2.jpg?id=11055) !important;background-position: center !important;background-repeat: no-repeat !important;background-size: cover !important;}&#8221;][\/vc_column][\/vc_row][vc_row el_class=&#8221;main-box&#8221;][vc_column width=&#8221;1\/5&#8243; offset=&#8221;vc_hidden-md vc_hidden-sm vc_hidden-xs&#8221; el_class=&#8221;sidebar-menu&#8221;][vc_widget_sidebar sidebar_id=&#8221;sidebar-sidebar-menu-about-fr&#8221; el_class=&#8221;sidebar-menu-about&#8221;][\/vc_column][vc_column width=&#8221;4\/5&#8243; el_class=&#8221;main-column&#8221;][vc_column_text el_class=&#8221;page-title&#8221;]<\/p>\n<h1>Soins et assistance aux personnes<\/h1>\n<p>[\/vc_column_text][vc_btn title=&#8221;Proc\u00e9dures \u00e0 suivre en cas d&#8217;\u00e9l\u00e8ves en danger&#8221; style=&#8221;classic&#8221; size=&#8221;lg&#8221; align=&#8221;left&#8221; i_align=&#8221;right&#8221; i_icon_fontawesome=&#8221;fa fa-angle-double-right&#8221; button_block=&#8221;true&#8221; add_icon=&#8221;true&#8221; link=&#8221;url:%23procedures|||rel:nofollow&#8221; css=&#8221;.vc_custom_1705498073721{margin-top: 0px !important;margin-bottom: 0px !important;border-top-width: 0px !important;border-bottom-width: 0px !important;padding-top: 0px !important;padding-bottom: 2px !important;}&#8221;][vc_btn title=&#8221;Service m\u00e9dical&#8221; style=&#8221;classic&#8221; size=&#8221;lg&#8221; align=&#8221;left&#8221; i_align=&#8221;right&#8221; i_icon_fontawesome=&#8221;fa fa-angle-double-right&#8221; button_block=&#8221;true&#8221; add_icon=&#8221;true&#8221; link=&#8221;url:%23medical|||rel:nofollow&#8221; css=&#8221;.vc_custom_1625132269264{margin-top: 0px !important;margin-bottom: 0px !important;border-top-width: 0px !important;border-bottom-width: 0px !important;padding-top: 2px !important;padding-bottom: 2px !important;}&#8221;][vc_btn title=&#8221;Services sociaux et psychologiques&#8221; style=&#8221;classic&#8221; size=&#8221;lg&#8221; align=&#8221;left&#8221; i_align=&#8221;right&#8221; i_icon_fontawesome=&#8221;fa fa-angle-double-right&#8221; button_block=&#8221;true&#8221; add_icon=&#8221;true&#8221; link=&#8221;url:%23social|||rel:nofollow&#8221; css=&#8221;.vc_custom_1625132279270{margin-top: 0px !important;margin-bottom: 0px !important;border-top-width: 0px !important;border-bottom-width: 0px !important;padding-top: 2px !important;padding-bottom: 2px !important;}&#8221;][vc_btn title=&#8221;Equipe de conseil (\u00e9cole secondaire)&#8221; style=&#8221;classic&#8221; size=&#8221;lg&#8221; align=&#8221;left&#8221; i_align=&#8221;right&#8221; i_icon_fontawesome=&#8221;fa fa-angle-double-right&#8221; button_block=&#8221;true&#8221; add_icon=&#8221;true&#8221; link=&#8221;url:%23counsel|||rel:nofollow&#8221; css=&#8221;.vc_custom_1705499508005{margin-top: 0px !important;margin-bottom: 0px !important;border-top-width: 0px !important;border-bottom-width: 0px !important;padding-top: 2px !important;padding-bottom: 0px !important;}&#8221;][vc_empty_space height=&#8221;5px&#8221;][vc_text_separator title=&#8221;Proc\u00e9dures \u00e0 suivre en cas d&#8217;\u00e9l\u00e8ves en danger&#8221; title_align=&#8221;separator_align_left&#8221; color=&#8221;custom&#8221; border_width=&#8221;2&#8243; el_class=&#8221;line-separator&#8221; el_id=&#8221;procedures&#8221; css=&#8221;.vc_custom_1705498127451{padding-top: 40px !important;}&#8221; accent_color=&#8221;rgba(25,46,91,0.5)&#8221;][vc_column_text]Proc\u00e9dures \u00e0 suivre en cas de<\/p>\n<ul>\n<li><strong>Prise de connaissance ou supposition d&#8217;un enfant en dangerr<\/strong><\/li>\n<li><strong>Possession, vente, consommation d&#8217;alcool ou de drogues<\/strong><\/li>\n<li><strong>Harc\u00e8lement, intimidation, extorsion, chantage, racket, violence physique, morale et psychologique<\/strong><\/li>\n<\/ul>\n<p>Ces trois proc\u00e9dures sont introduites dans notre \u00e9cole suite \u00e0 l&#8217;exp\u00e9rience positive d&#8217;autres \u00e9coles europ\u00e9ennes. Notre objectif est d&#8217;assurer un suivi des cas signal\u00e9s d&#8217;enfants en danger. Ces proc\u00e9dures sont mises en place par l&#8217;\u00e9cole, mais tous les acteurs de la communaut\u00e9 scolaire sont invit\u00e9s \u00e0 initier l&#8217;une d&#8217;entre elles s&#8217;ils le jugent n\u00e9cessaire.<br \/>\nLorsque les circonstances exigent l&#8217;application d&#8217;une de ces proc\u00e9dures, veuillez imprimer le formulaire appropri\u00e9 (voir ci-dessous) dans la langue de votre choix, le compl\u00e9ter avec les informations dont vous disposez et le remettre au <a href=\"https:\/\/www.euroschool.lu\/site\/fr\/nous-contacter\/#1566148002979-ea834e85-c65abb82-79109de2-5edd6ccf-476d570f-175f0ecc-3eca\">conseiller d&#8217;\u00e9ducation pour l&#8217;\u00e9cole secondaire<\/a> et au <a href=\"https:\/\/www.euroschool.lu\/site\/fr\/nous-contacter\/#1602235257377-a29d2446-2b629de2-5edd6ccf-476d570f-175f0ecc-3eca\">directeur adjoint pour l&#8217;\u00e9cole primaire<\/a>, qui veilleront \u00e0 ce qu&#8217;un suivi du cas soit assur\u00e9.[\/vc_column_text][vc_tta_accordion gap=&#8221;2&#8243; active_section=&#8221;0&#8243; no_fill=&#8221;true&#8221; collapsible_all=&#8221;true&#8221; css=&#8221;.vc_custom_1624285672967{margin-top: 0px !important;margin-bottom: 5px !important;}&#8221;][vc_tta_section title=&#8221;Connaissance ou la supposition d&#8217;un enfant en danger&#8221; tab_id=&#8221;1566842101794-dd65ebf2-44952dde-5adc1b7a-b6a9a96f-e77b7ea4-5a57&#8243;][vc_row_inner][vc_column_inner width=&#8221;1\/3&#8243;][vc_btn title=&#8221;DE&#8221; style=&#8221;classic&#8221; color=&#8221;sky&#8221; align=&#8221;center&#8221; button_block=&#8221;true&#8221; css=&#8221;.vc_custom_1624024650903{margin-top: 0px !important;margin-right: 0px !important;margin-bottom: 5px !important;margin-left: 0px !important;padding-top: 0px !important;padding-right: 0px !important;padding-bottom: 0px !important;padding-left: 0px !important;}&#8221; link=&#8221;url:http%3A%2F%2Fwww.euroschool.lu%2Fsite%2Fwp-content%2Fuploads%2F2019%2F08%2FDanger_de.pdf||target:%20_blank|&#8221;][\/vc_column_inner][vc_column_inner width=&#8221;1\/3&#8243;][vc_btn title=&#8221;EN&#8221; style=&#8221;classic&#8221; color=&#8221;sky&#8221; align=&#8221;center&#8221; button_block=&#8221;true&#8221; css=&#8221;.vc_custom_1624024663770{margin-top: 0px !important;margin-right: 0px !important;margin-bottom: 5px !important;margin-left: 0px !important;padding-top: 0px !important;padding-right: 0px !important;padding-bottom: 0px !important;padding-left: 0px !important;}&#8221; link=&#8221;url:http%3A%2F%2Fwww.euroschool.lu%2Fsite%2Fwp-content%2Fuploads%2F2019%2F08%2FDanger_en.pdf||target:%20_blank|&#8221;][\/vc_column_inner][vc_column_inner width=&#8221;1\/3&#8243;][vc_btn title=&#8221;FR&#8221; style=&#8221;classic&#8221; color=&#8221;sky&#8221; align=&#8221;center&#8221; button_block=&#8221;true&#8221; css=&#8221;.vc_custom_1624024672513{margin-top: 0px !important;margin-right: 0px !important;margin-bottom: 5px !important;margin-left: 0px !important;padding-top: 0px !important;padding-right: 0px !important;padding-bottom: 0px !important;padding-left: 0px !important;}&#8221; link=&#8221;url:%20%20http%3A%2F%2Fwww.euroschool.lu%2Fsite%2Fwp-content%2Fuploads%2F2019%2F08%2FDanger_fr.pdf||target:%20_blank|&#8221;][\/vc_column_inner][\/vc_row_inner][\/vc_tta_section][vc_tta_section title=&#8221;Possession, vente, consommation d&#8217;alcool ou de drogues&#8221; tab_id=&#8221;1566845862012-8ff7b99d-acb72dde-5adc1b7a-b6a9a96f-e77b7ea4-5a57&#8243;][vc_row_inner][vc_column_inner width=&#8221;1\/3&#8243;][vc_btn title=&#8221;DE&#8221; style=&#8221;classic&#8221; color=&#8221;sky&#8221; align=&#8221;center&#8221; button_block=&#8221;true&#8221; css=&#8221;.vc_custom_1624024682849{margin-top: 0px !important;margin-right: 0px !important;margin-bottom: 5px !important;margin-left: 0px !important;padding-top: 0px !important;padding-right: 0px !important;padding-bottom: 0px !important;padding-left: 0px !important;}&#8221; link=&#8221;url:http%3A%2F%2Fwww.euroschool.lu%2Fsite%2Fwp-content%2Fuploads%2F2019%2F08%2Fdrugs_de.pdf||target:%20_blank|&#8221;][\/vc_column_inner][vc_column_inner width=&#8221;1\/3&#8243;][vc_btn title=&#8221;EN&#8221; style=&#8221;classic&#8221; color=&#8221;sky&#8221; align=&#8221;center&#8221; button_block=&#8221;true&#8221; css=&#8221;.vc_custom_1624024690095{margin-top: 0px !important;margin-right: 0px !important;margin-bottom: 5px !important;margin-left: 0px !important;padding-top: 0px !important;padding-right: 0px !important;padding-bottom: 0px !important;padding-left: 0px !important;}&#8221; link=&#8221;url:%20http%3A%2F%2Fwww.euroschool.lu%2Fsite%2Fwp-content%2Fuploads%2F2019%2F08%2Fdrugs_en.pdf||target:%20_blank|&#8221;][\/vc_column_inner][vc_column_inner width=&#8221;1\/3&#8243;][vc_btn title=&#8221;FR&#8221; style=&#8221;classic&#8221; color=&#8221;sky&#8221; align=&#8221;center&#8221; button_block=&#8221;true&#8221; css=&#8221;.vc_custom_1624024696802{margin-top: 0px !important;margin-right: 0px !important;margin-bottom: 5px !important;margin-left: 0px !important;padding-top: 0px !important;padding-right: 0px !important;padding-bottom: 0px !important;padding-left: 0px !important;}&#8221; link=&#8221;url:http%3A%2F%2Fwww.euroschool.lu%2Fsite%2Fwp-content%2Fuploads%2F2019%2F08%2Fdrugs_fr.pdf||target:%20_blank|&#8221;][\/vc_column_inner][\/vc_row_inner][\/vc_tta_section][vc_tta_section title=&#8221;Harc\u00e8lement, intimidation, extorsion, chantage, racket, violence physique, morale et psychologique&#8221; tab_id=&#8221;1566845892071-ad4af21c-26482dde-5adc1b7a-b6a9a96f-e77b7ea4-5a57&#8243;][vc_row_inner][vc_column_inner width=&#8221;1\/3&#8243;][vc_btn title=&#8221;DE&#8221; style=&#8221;classic&#8221; color=&#8221;sky&#8221; align=&#8221;center&#8221; button_block=&#8221;true&#8221; css=&#8221;.vc_custom_1624024709366{margin-top: 0px !important;margin-right: 0px !important;margin-bottom: 5px !important;margin-left: 0px !important;padding-top: 0px !important;padding-right: 0px !important;padding-bottom: 0px !important;padding-left: 0px !important;}&#8221; link=&#8221;url:http%3A%2F%2Fwww.euroschool.lu%2Fsite%2Fwp-content%2Fuploads%2F2019%2F08%2FHarassment_de.pdf||target:%20_blank|&#8221;][\/vc_column_inner][vc_column_inner width=&#8221;1\/3&#8243;][vc_btn title=&#8221;EN&#8221; style=&#8221;classic&#8221; color=&#8221;sky&#8221; align=&#8221;center&#8221; button_block=&#8221;true&#8221; css=&#8221;.vc_custom_1624024786939{margin-top: 0px !important;margin-right: 0px !important;margin-bottom: 5px !important;margin-left: 0px !important;padding-top: 0px !important;padding-right: 0px !important;padding-bottom: 0px !important;padding-left: 0px !important;}&#8221; link=&#8221;url:%20http%3A%2F%2Fwww.euroschool.lu%2Fsite%2Fwp-content%2Fuploads%2F2019%2F08%2FHarassment_en.pdf||target:%20_blank|&#8221;][\/vc_column_inner][vc_column_inner width=&#8221;1\/3&#8243;][vc_btn title=&#8221;FR&#8221; style=&#8221;classic&#8221; color=&#8221;sky&#8221; align=&#8221;center&#8221; button_block=&#8221;true&#8221; css=&#8221;.vc_custom_1624024793812{margin-top: 0px !important;margin-right: 0px !important;margin-bottom: 5px !important;margin-left: 0px !important;padding-top: 0px !important;padding-right: 0px !important;padding-bottom: 0px !important;padding-left: 0px !important;}&#8221; link=&#8221;url:%20http%3A%2F%2Fwww.euroschool.lu%2Fsite%2Fwp-content%2Fuploads%2F2019%2F08%2FHarassment_fr.pdf||target:%20_blank|&#8221;][\/vc_column_inner][\/vc_row_inner][\/vc_tta_section][\/vc_tta_accordion][vc_empty_space height=&#8221;5px&#8221;][vc_text_separator title=&#8221;Service m\u00e9dical&#8221; title_align=&#8221;separator_align_left&#8221; color=&#8221;custom&#8221; border_width=&#8221;2&#8243; el_class=&#8221;line-separator&#8221; css=&#8221;.vc_custom_1611438246741{padding-top: 40px !important;}&#8221; el_id=&#8221;medical&#8221; accent_color=&#8221;rgba(25,46,91,0.5)&#8221;][vc_tta_accordion active_section=&#8221;0&#8243; no_fill=&#8221;true&#8221; collapsible_all=&#8221;true&#8221; css=&#8221;.vc_custom_1624285681692{margin-top: 0px !important;}&#8221;][vc_tta_section title=&#8221;Contacter le service m\u00e9dical&#8221; tab_id=&#8221;1566846818223-5f630540-02272dde-5adc1b7a-b6a9a96f-e77b7ea4-5a57&#8243;][vc_btn title=&#8221;Maternelle et \u00e9cole primaire&#8221; style=&#8221;classic&#8221; color=&#8221;sky&#8221; align=&#8221;left&#8221; i_type=&#8221;openiconic&#8221; i_icon_openiconic=&#8221;vc-oi vc-oi-cd&#8221; button_block=&#8221;true&#8221; add_icon=&#8221;true&#8221; css=&#8221;.vc_custom_1705499741109{margin-top: 0px !important;margin-right: 0px !important;margin-bottom: 5px !important;margin-left: 0px !important;padding-top: 0px !important;padding-right: 0px !important;padding-bottom: 0px !important;padding-left: 0px !important;}&#8221; link=&#8221;url:http%3A%2F%2Fwww.euroschool.lu%2Fsite%2Fcontact-us%2F%231566155271742-19e6d7a9-c6efbb82-79109de2-5edd6ccf-476d570f-175f|||&#8221;][vc_btn title=&#8221;Ecole secondaire&#8221; style=&#8221;classic&#8221; color=&#8221;sky&#8221; align=&#8221;left&#8221; i_type=&#8221;openiconic&#8221; i_icon_openiconic=&#8221;vc-oi vc-oi-cd&#8221; button_block=&#8221;true&#8221; add_icon=&#8221;true&#8221; css=&#8221;.vc_custom_1705499798571{margin-top: 0px !important;margin-right: 0px !important;margin-bottom: 5px !important;margin-left: 0px !important;padding-top: 0px !important;padding-right: 0px !important;padding-bottom: 0px !important;padding-left: 0px !important;}&#8221; link=&#8221;url:http%3A%2F%2Fwww.euroschool.lu%2Fsite%2Fcontact-us%2F%231566154789490-553cf898-15f7bb82-79109de2-5edd6ccf-476d570f-175f|||&#8221;][\/vc_tta_section][\/vc_tta_accordion][vc_column_text css=&#8221;.vc_custom_1641904330790{margin-top: 10px !important;margin-bottom: 0px !important;border-bottom-width: 0px !important;}&#8221;]<\/p>\n<h5>Heures d&#8217;ouverture<br \/>\nPremiers soins et service d\u2019urgence<\/h5>\n<p>[\/vc_column_text][vc_separator css=&#8221;.vc_custom_1566938780025{margin-bottom: 0px !important;padding-bottom: 0px !important;}&#8221;][vc_row_inner][vc_column_inner width=&#8221;1\/3&#8243;][vc_column_text]<div class=\"opening_hours\" ><div class=\"opening_hours_wrapper\"><span class=\"ohw-desc\"><br \/>\n<em><strong>Maternelle (Salle B-02)<\/strong><\/em><\/p>\n<ul>\n<li><label>Lundi<\/label> <strong>08:30 &#8211; 16:00<\/strong><\/li>\n<li><label>Mardi, Jeudi, Vendredi<\/label> <strong>08:30 &#8211; 13:00<\/strong><\/li>\n<\/ul>\n<p><\/span><\/div><\/div>\n[\/vc_column_text][\/vc_column_inner][vc_column_inner width=&#8221;1\/3&#8243;][vc_column_text]<div class=\"opening_hours\" ><div class=\"opening_hours_wrapper\"><span class=\"ohw-desc\"><br \/>\n<em><strong>Primaire (Salle B-906-1)<\/strong><\/em><\/p>\n<ul>\n<li><label>Lundi, Mercredi<\/label> <strong>08:30 &#8211; 16:00<\/strong><\/li>\n<li><label>Mardi, Jeudi, Vendredi<\/label> <strong>08:30 &#8211; 13:00<\/strong><\/li>\n<\/ul>\n<p><\/span><\/div><\/div>\n[\/vc_column_text][\/vc_column_inner][vc_column_inner width=&#8221;1\/3&#8243;][vc_column_text]<div class=\"opening_hours\" ><div class=\"opening_hours_wrapper\"><span class=\"ohw-desc\"><br \/>\n<em><strong>Secondaire (Salle C-002)<\/strong><\/em><\/p>\n<ul>\n<li><label>Chaque jour<\/label> <strong>08:30 &#8211; 16:30<\/strong><\/li>\n<li><label>Mardi, Jeudi, Vendredi<\/label> <strong>08:30 &#8211; 13:00<\/strong><\/li>\n<\/ul>\n<p><\/span><\/div><\/div>\n[\/vc_column_text][\/vc_column_inner][\/vc_row_inner][vc_column_text css=&#8221;.vc_custom_1641904530749{margin-top: 0px !important;margin-bottom: 0px !important;border-bottom-width: 0px !important;padding-top: 0px !important;}&#8221;]<strong><i class=\"icon-info-circled\" style=\"color:rgb(123,33,33)\" aria-hidden=\"true\"><\/i> En cas d\u2019accident, les \u00e9l\u00e8ves sont envoy\u00e9s directement \u00e0 la Clinique de service et les parents sont avertis imm\u00e9diatement par t\u00e9l\u00e9phone. Dans un d\u00e9lai de 3 jours les parents devront remplir et retourner \u00e0 l\u2019infirmi\u00e8re un questionnaire permettant \u00e0 l\u2019\u00e9cole d\u2019\u00e9tablir la d\u00e9claration d\u2019accident. Ce questionnaire est disponible au service m\u00e9dical.<\/strong>[\/vc_column_text][vc_column_text css=&#8221;.vc_custom_1641904553056{margin-top: 30px !important;margin-bottom: 10px !important;border-bottom-width: 0px !important;}&#8221;]<\/p>\n<h5>Avant le d\u00e9but de chaque ann\u00e9e scolaire les parents sont tenus de signaler au directeur de l\u2019\u00e9cole:<\/h5>\n<p>[\/vc_column_text][vc_column_text css=&#8221;.vc_custom_1715191173725{margin-bottom: 0px !important;border-bottom-width: 0px !important;}&#8221;]<\/p>\n<ul>\n<li>Tout probl\u00e8me de sant\u00e9 de leurs enfants qui n\u00e9cessiterait des soins sp\u00e9ciaux imm\u00e9diats. Dans l&#8217;int\u00e9r\u00eat de l\u2019enfant, ces informations seront communiqu\u00e9es \u00e0 l&#8217;infirmi\u00e8re et aux enseignants concern\u00e9s.<\/li>\n<li>Tout changement de n\u00b0 de t\u00e9l\u00e9phone bureau et\/ou priv\u00e9, et le cas \u00e9ch\u00e9ant les coordonn\u00e9es d\u2019une personne \u00e0 contacter en cas d\u2019absence des parents.<\/li>\n<li>Tout changement de l\u2019\u00e9tat de sant\u00e9 de l\u2019enfant pendant l\u2019ann\u00e9e devra \u00e9galement \u00eatre signal\u00e9 par courrier postal et adress\u00e9 exclusivement \u00e0 la direction.<\/li>\n<\/ul>\n<p>[\/vc_column_text][vc_column_text css=&#8221;.vc_custom_1641904560760{margin-top: 30px !important;margin-bottom: 10px !important;border-bottom-width: 0px !important;}&#8221;]<\/p>\n<h5>Examens m\u00e9dicaux<\/h5>\n<p>[\/vc_column_text][vc_column_text css=&#8221;.vc_custom_1566941675279{margin-bottom: 20px !important;border-bottom-width: 0px !important;}&#8221;]Deux m\u00e9decins sont employ\u00e9s \u00e0 temps partiel par l\u2019Ecole. Les examens pour les \u00e9l\u00e8ves de l\u2019\u00e9cole maternelle, primaire et secondaire se font tous les 2 ans. Ces examens sont obligatoires.<\/p>\n<p>Si un enfant contracte une maladie contagieuse, les parents doivent en avertir imm\u00e9diatement l&#8217;Ecole et respecter les r\u00e8gles d&#8217;\u00e9viction scolaire. Un \u00e9l\u00e8ve ne peut \u00eatre r\u00e9admis que sur production d&#8217;un certificat du m\u00e9decin de l&#8217;Ecole ou du m\u00e9decin traitant.[\/vc_column_text][vc_btn title=&#8221;FR &#8211; Organisation des visites m\u00e9dicales Maternelle et Primaire&#8221; style=&#8221;classic&#8221; color=&#8221;sky&#8221; i_icon_fontawesome=&#8221;fa fa-file-text-o&#8221; add_icon=&#8221;true&#8221; link=&#8221;url:http%3A%2F%2Fwww.euroschool.lu%2Fsite%2Fwp-content%2Fuploads%2F2019%2F08%2F2019_03_13_14_24_06-Organisation-medical-visits.pdf||target:%20_blank|&#8221;][vc_column_text css=&#8221;.vc_custom_1641904568013{margin-top: 30px !important;margin-bottom: 10px !important;border-bottom-width: 0px !important;}&#8221;]<\/p>\n<h5>Projet d\u2019accueil individualis\u00e9 (PAI)<\/h5>\n<p>[\/vc_column_text][vc_column_text css=&#8221;.vc_custom_1705500240475{margin-bottom: 20px !important;border-bottom-width: 0px !important;}&#8221;]En cas de probl\u00e8mes de sant\u00e9 n\u00e9cessitant une surveillance particuli\u00e8re et\/ou une intervention d&#8217;urgence, un document appel\u00e9 \u201cProjet d\u2019accueil individualis\u00e9\u201d \/personal emergency plan (PAI) est d\u00e9livr\u00e9 et sign\u00e9 par le m\u00e9decin de famille. Les m\u00e9dicaments n\u00e9cessaires doivent \u00e9galement \u00eatre remis \u00e0 l&#8217;infirmi\u00e8re de l&#8217;\u00e9cole dans laquelle l&#8217;enfant est inscrit.[\/vc_column_text][vc_tta_accordion active_section=&#8221;0&#8243; no_fill=&#8221;true&#8221; collapsible_all=&#8221;true&#8221; css=&#8221;.vc_custom_1624285692280{margin-top: 0px !important;}&#8221;][vc_tta_section title=&#8221;PAI documentation 2019-2020&#8243; tab_id=&#8221;1566942747538-f90921da-da4a2dde-5adc1b7a-b6a9a96f-e77b7ea4-5a57&#8243;][vc_btn title=&#8221;PAI Allergies&#8221; style=&#8221;classic&#8221; color=&#8221;sky&#8221; align=&#8221;left&#8221; i_icon_fontawesome=&#8221;fa fa-file-text-o&#8221; button_block=&#8221;true&#8221; add_icon=&#8221;true&#8221; css=&#8221;.vc_custom_1624024894465{margin-top: 0px !important;margin-right: 0px !important;margin-bottom: 5px !important;margin-left: 0px !important;padding-top: 0px !important;padding-right: 0px !important;padding-bottom: 0px !important;padding-left: 0px !important;}&#8221; link=&#8221;url:http%3A%2F%2Fwww.euroschool.lu%2Fsite%2Fwp-content%2Fuploads%2F2019%2F08%2FPAI-Allergies-2019-2020.pdf||target:%20_blank|&#8221;][vc_btn title=&#8221;PAI Allergies alimentaires&#8221; style=&#8221;classic&#8221; color=&#8221;sky&#8221; align=&#8221;left&#8221; i_icon_fontawesome=&#8221;fa fa-file-text-o&#8221; button_block=&#8221;true&#8221; add_icon=&#8221;true&#8221; css=&#8221;.vc_custom_1624024902354{margin-top: 0px !important;margin-right: 0px !important;margin-bottom: 5px !important;margin-left: 0px !important;padding-top: 0px !important;padding-right: 0px !important;padding-bottom: 0px !important;padding-left: 0px !important;}&#8221; link=&#8221;url:http%3A%2F%2Fwww.euroschool.lu%2Fsite%2Fwp-content%2Fuploads%2F2019%2F08%2FPAI-Allergies-alimentaires-2019-2020.pdf||target:%20_blank|&#8221;][vc_btn title=&#8221;PAI Asthme&#8221; style=&#8221;classic&#8221; color=&#8221;sky&#8221; align=&#8221;left&#8221; i_icon_fontawesome=&#8221;fa fa-file-text-o&#8221; button_block=&#8221;true&#8221; add_icon=&#8221;true&#8221; css=&#8221;.vc_custom_1624024908947{margin-top: 0px !important;margin-right: 0px !important;margin-bottom: 5px !important;margin-left: 0px !important;padding-top: 0px !important;padding-right: 0px !important;padding-bottom: 0px !important;padding-left: 0px !important;}&#8221; link=&#8221;url:http%3A%2F%2Fwww.euroschool.lu%2Fsite%2Fwp-content%2Fuploads%2F2019%2F08%2FPAI-Asthme-2019-2020.pdf||target:%20_blank|&#8221;][vc_btn title=&#8221;PAI Cardiaque&#8221; style=&#8221;classic&#8221; color=&#8221;sky&#8221; align=&#8221;left&#8221; i_icon_fontawesome=&#8221;fa fa-file-text-o&#8221; button_block=&#8221;true&#8221; add_icon=&#8221;true&#8221; css=&#8221;.vc_custom_1624024918026{margin-top: 0px !important;margin-right: 0px !important;margin-bottom: 5px !important;margin-left: 0px !important;padding-top: 0px !important;padding-right: 0px !important;padding-bottom: 0px !important;padding-left: 0px !important;}&#8221; link=&#8221;url:http%3A%2F%2Fwww.euroschool.lu%2Fsite%2Fwp-content%2Fuploads%2F2019%2F08%2FPAI-Cardiaque-2019-2020.pdf||target:%20_blank|&#8221;][vc_btn title=&#8221;PAI Diabete&#8221; style=&#8221;classic&#8221; color=&#8221;sky&#8221; align=&#8221;left&#8221; i_icon_fontawesome=&#8221;fa fa-file-text-o&#8221; button_block=&#8221;true&#8221; add_icon=&#8221;true&#8221; css=&#8221;.vc_custom_1624024925850{margin-top: 0px !important;margin-right: 0px !important;margin-bottom: 5px !important;margin-left: 0px !important;padding-top: 0px !important;padding-right: 0px !important;padding-bottom: 0px !important;padding-left: 0px !important;}&#8221; link=&#8221;url:http%3A%2F%2Fwww.euroschool.lu%2Fsite%2Fwp-content%2Fuploads%2F2019%2F08%2FPAI-Diabete-2019-2020.pdf||target:%20_blank|&#8221;][vc_btn title=&#8221;PAI General&#8221; style=&#8221;classic&#8221; color=&#8221;sky&#8221; align=&#8221;left&#8221; i_icon_fontawesome=&#8221;fa fa-file-text-o&#8221; button_block=&#8221;true&#8221; add_icon=&#8221;true&#8221; css=&#8221;.vc_custom_1624024935478{margin-top: 0px !important;margin-right: 0px !important;margin-bottom: 5px !important;margin-left: 0px !important;padding-top: 0px !important;padding-right: 0px !important;padding-bottom: 0px !important;padding-left: 0px !important;}&#8221; link=&#8221;url:http%3A%2F%2Fwww.euroschool.lu%2Fsite%2Fwp-content%2Fuploads%2F2019%2F08%2FPAI-General-2019-2020.pdf||target:%20_blank|&#8221;][\/vc_tta_section][\/vc_tta_accordion][vc_empty_space height=&#8221;5px&#8221;][vc_text_separator title=&#8221;Services sociaux et psychologiques&#8221; title_align=&#8221;separator_align_left&#8221; color=&#8221;custom&#8221; border_width=&#8221;2&#8243; el_class=&#8221;line-separator&#8221; css=&#8221;.vc_custom_1611438257164{padding-top: 40px !important;}&#8221; el_id=&#8221;social&#8221; accent_color=&#8221;rgba(25,46,91,0.5)&#8221;][vc_tta_accordion active_section=&#8221;0&#8243; no_fill=&#8221;true&#8221; collapsible_all=&#8221;true&#8221; css=&#8221;.vc_custom_1624285705536{margin-top: 0px !important;}&#8221;][vc_tta_section title=&#8221;Contacter les services sociaux et psychologiques&#8221; tab_id=&#8221;1603649954862-0d7262e0-d7ab1b7a-b6a9a96f-e77b7ea4-5a57&#8243;][vc_btn title=&#8221;Ecole primaire&#8221; style=&#8221;classic&#8221; color=&#8221;sky&#8221; align=&#8221;left&#8221; i_type=&#8221;openiconic&#8221; i_icon_openiconic=&#8221;vc-oi vc-oi-cd&#8221; button_block=&#8221;true&#8221; add_icon=&#8221;true&#8221; css=&#8221;.vc_custom_1624024944467{margin-top: 0px !important;margin-right: 0px !important;margin-bottom: 5px !important;margin-left: 0px !important;padding-top: 0px !important;padding-right: 0px !important;padding-bottom: 0px !important;padding-left: 0px !important;}&#8221; link=&#8221;url:http%3A%2F%2Fwww.euroschool.lu%2Fsite%2Fcontact-us%2F%231566156373192-e1b2e70b-428a|||&#8221;][vc_btn title=&#8221;Ecole secondaire&#8221; style=&#8221;classic&#8221; color=&#8221;sky&#8221; align=&#8221;left&#8221; i_type=&#8221;openiconic&#8221; i_icon_openiconic=&#8221;vc-oi vc-oi-cd&#8221; button_block=&#8221;true&#8221; add_icon=&#8221;true&#8221; css=&#8221;.vc_custom_1624024951675{margin-top: 0px !important;margin-right: 0px !important;margin-bottom: 5px !important;margin-left: 0px !important;padding-top: 0px !important;padding-right: 0px !important;padding-bottom: 0px !important;padding-left: 0px !important;}&#8221; link=&#8221;url:http%3A%2F%2Fwww.euroschool.lu%2Fsite%2Fcontact-us%2F%231566158502770-855debfc-9e13|||&#8221;][\/vc_tta_section][\/vc_tta_accordion][vc_row_inner][vc_column_inner width=&#8221;1\/3&#8243;]<div class=\"icon_box icon_position_left no_border\"><div class=\"icon_wrapper\"><div class=\"icon\"><i class=\"icon-alert\" aria-hidden=\"true\"><\/i><\/div><\/div><div class=\"desc_wrapper\"><h4 class=\"title \">Attention<\/h4><div class=\"desc\">Les psychologues ne r\u00e9alisent pas de bilans psychop\u00e9dagogiques et\/ou diagnostiques.<br \/>\nCes bilans doivent \u00eatre r\u00e9alis\u00e9s \u00e0 l\u2019ext\u00e9rieur de l\u2019\u00e9cole.<\/div><\/div><\/div>\n[\/vc_column_inner][vc_column_inner width=&#8221;2\/3&#8243;][vc_column_text css=&#8221;.vc_custom_1566944205461{margin-bottom: 0px !important;border-bottom-width: 0px !important;}&#8221;]L\u2019\u00e9cole a des liens avec divers services sociaux et psychologiques. Les parents dont les enfants ont des probl\u00e8mes d\u2019apprentissage ou de comportement sont pri\u00e9s de s\u2019adresser en premier lieu aux conseillers d\u2019\u00e9ducation ou au professeur principal pour obtenir des renseignements pour le cycle secondaire et au directeur adjoint pour le cycle primaire.<\/p>\n<p>Depuis mai 2009, l\u2019\u00e9cole dispose de deux psychologues \u00e0 mi-temps. Leur travail consiste principalement \u00e0 apporter leur soutien dans les questions d\u2019ordre scolaire, \u00e9motionnel et comportemental concernant les \u00e9l\u00e8ves. Elles participent aussi aux proc\u00e9dures de l\u2019\u00e9ducation \u00e0 besoins sp\u00e9cifiques avec un soutien et information aux enseignants par rapport aux besoins sp\u00e9cifiques des \u00e9l\u00e8ves.<\/p>\n<p>La prise de rendez-vous est obligatoire et doit se faire via mail. Un d\u00e9lai de 2-3 jours pour une r\u00e9ponse au mail et un d\u00e9lai de 10 jours pour l\u2019obtention d\u2019un rendez-vous sont possibles en raison de l\u2019importance de la charge de travail que rencontre le service.[\/vc_column_text][\/vc_column_inner][\/vc_row_inner][vc_empty_space height=&#8221;10px&#8221;][vc_text_separator title=&#8221;Equipe de conseil (\u00e9cole secondaire)&#8221; title_align=&#8221;separator_align_left&#8221; color=&#8221;custom&#8221; border_width=&#8221;2&#8243; el_class=&#8221;line-separator&#8221; css=&#8221;.vc_custom_1705499360540{padding-top: 40px !important;}&#8221; el_id=&#8221;counsel&#8221; accent_color=&#8221;rgba(25,46,91,0.5)&#8221;][vc_column_text]Depuis de nombreuses ann\u00e9es, une \u00e9quipe de conseillers p\u00e9dagogiques et d&#8217;enseignants travaille b\u00e9n\u00e9volement \u00e0 l&#8217;\u00e9cole. Les membres de ce groupe sont disponibles pour \u00e9couter en toute confidentialit\u00e9 les \u00e9l\u00e8ves ayant diff\u00e9rents types de probl\u00e8mes et pour les aider \u00e0 trouver l&#8217;aide appropri\u00e9e aupr\u00e8s de professionnels, si n\u00e9cessaire.<\/p>\n<p>La liste des conseillers a \u00e9t\u00e9 distribu\u00e9e par SMS \u00e0 tous les \u00e9l\u00e8ves et parents, et est \u00e9galement disponible au bureau des conseillers p\u00e9dagogiques.[\/vc_column_text][vc_separator style=&#8221;double&#8221;][\/vc_column][\/vc_row][vc_row][vc_column][vc_empty_space height=&#8221;20&#8243;][\/vc_column][\/vc_row]<\/p>\n<\/div>","protected":false},"excerpt":{"rendered":"<p>[vc_row full_width=&#8221;stretch_row_content_no_spaces&#8221; css=&#8221;.vc_custom_1589920007717{margin-bottom: 0px !important;}&#8221;][vc_column css=&#8221;.vc_custom_1589920029564{margin-bottom: 0px !important;}&#8221; offset=&#8221;vc_hidden-sm vc_hidden-xs&#8221;][vc_custom_heading text=&#8221;&#8221; font_container=&#8221;tag:h1|text_align:left&#8221; use_theme_fonts=&#8221;yes&#8221; el_class=&#8221;custom-header&#8221; css=&#8221;.vc_custom_1623912366796{background-image:<span class=\"excerpt-hellip\"> [\u2026]<\/span><\/p>\n","protected":false},"author":1,"featured_media":0,"parent":0,"menu_order":0,"comment_status":"closed","ping_status":"closed","template":"","meta":{"footnotes":""},"categories":[67],"class_list":["post-7446","page","type-page","status-publish","hentry","category-_page-main-fr-2"],"_links":{"self":[{"href":"https:\/\/www.euroschool.lu\/site\/wp-json\/wp\/v2\/pages\/7446","targetHints":{"allow":["GET"]}}],"collection":[{"href":"https:\/\/www.euroschool.lu\/site\/wp-json\/wp\/v2\/pages"}],"about":[{"href":"https:\/\/www.euroschool.lu\/site\/wp-json\/wp\/v2\/types\/page"}],"author":[{"embeddable":true,"href":"https:\/\/www.euroschool.lu\/site\/wp-json\/wp\/v2\/users\/1"}],"replies":[{"embeddable":true,"href":"https:\/\/www.euroschool.lu\/site\/wp-json\/wp\/v2\/comments?post=7446"}],"version-history":[{"count":37,"href":"https:\/\/www.euroschool.lu\/site\/wp-json\/wp\/v2\/pages\/7446\/revisions"}],"predecessor-version":[{"id":17902,"href":"https:\/\/www.euroschool.lu\/site\/wp-json\/wp\/v2\/pages\/7446\/revisions\/17902"}],"wp:attachment":[{"href":"https:\/\/www.euroschool.lu\/site\/wp-json\/wp\/v2\/media?parent=7446"}],"wp:term":[{"taxonomy":"category","embeddable":true,"href":"https:\/\/www.euroschool.lu\/site\/wp-json\/wp\/v2\/categories?post=7446"}],"curies":[{"name":"wp","href":"https:\/\/api.w.org\/{rel}","templated":true}]}}