{"id":12455,"date":"2021-07-12T14:48:48","date_gmt":"2021-07-12T12:48:48","guid":{"rendered":"http:\/\/www.euroschool.lu\/site\/?page_id=12455"},"modified":"2026-04-15T21:48:18","modified_gmt":"2026-04-15T19:48:18","slug":"maternelle-et-primaire-programme-educatif","status":"publish","type":"page","link":"https:\/\/www.euroschool.lu\/site\/fr\/maternelle-et-primaire-programme-educatif\/","title":{"rendered":"Maternelle et primaire : Programme \u00e9ducatif"},"content":{"rendered":"<div class=\"wpb-content-wrapper\"><p>[vc_row full_width=&#8221;stretch_row_content_no_spaces&#8221; css=&#8221;.vc_custom_1589920007717{margin-bottom: 0px !important;}&#8221;][vc_column css=&#8221;.vc_custom_1589920029564{margin-bottom: 0px !important;}&#8221; offset=&#8221;vc_hidden-sm vc_hidden-xs&#8221;][vc_custom_heading text=&#8221;&#8221; font_container=&#8221;tag:h1|text_align:left&#8221; use_theme_fonts=&#8221;yes&#8221; css=&#8221;.vc_custom_1624872760794{background-image: url(http:\/\/www.euroschool.lu\/site\/wp-content\/uploads\/2021\/06\/primary2.jpg?id=11194) !important;background-position: center !important;background-repeat: no-repeat !important;background-size: cover !important;}&#8221; el_class=&#8221;custom-header&#8221;][\/vc_column][\/vc_row][vc_row full_width=&#8221;stretch_row_content_no_spaces&#8221; css=&#8221;.vc_custom_1589920007717{margin-bottom: 0px !important;}&#8221;][vc_column css=&#8221;.vc_custom_1589920591194{margin-bottom: 0px !important;}&#8221; offset=&#8221;vc_hidden-lg vc_hidden-md&#8221;][vc_custom_heading text=&#8221;&#8221; font_container=&#8221;tag:h1|text_align:left&#8221; use_theme_fonts=&#8221;yes&#8221; css=&#8221;.vc_custom_1623924165968{background-image: url(http:\/\/www.euroschool.lu\/site\/wp-content\/uploads\/2021\/06\/primary2.jpg?id=11194) !important;background-position: center !important;background-repeat: no-repeat !important;background-size: cover !important;}&#8221; el_class=&#8221;custom-header-mob&#8221;][\/vc_column][\/vc_row][vc_row disable_element=&#8221;yes&#8221; el_class=&#8221;main-box&#8221;][vc_column width=&#8221;1\/5&#8243; offset=&#8221;vc_hidden-md vc_hidden-sm vc_hidden-xs&#8221; el_class=&#8221;sidebar-menu&#8221;][vc_widget_sidebar sidebar_id=&#8221;sidebar-sidebar-menu-nurpri-fr&#8221; el_class=&#8221;sidebar-menu-nurpri&#8221;][\/vc_column][vc_column width=&#8221;4\/5&#8243; el_class=&#8221;main-column&#8221;][vc_column_text el_class=&#8221;page-title&#8221;]<\/p>\n<h1>Maternelle et Primaire : Programme \u00e9ducatif<\/h1>\n<p>[\/vc_column_text][vc_column_text css=&#8221;.vc_custom_1626184546872{margin-bottom: 0px !important;border-bottom-width: 0px !important;padding-top: 10px !important;padding-bottom: 0px !important;}&#8221;]<\/p>\n<h3><span data-contrast=\"auto\">Cycle\u00a0maternel\u00a0<\/span><span data-ccp-props=\"{&quot;201341983&quot;:0,&quot;335559739&quot;:160,&quot;335559740&quot;:259}\">\u00a0<\/span><\/h3>\n<p><span data-contrast=\"auto\">\u00a0Le programme &#8221;\u00a0\u00c9ducation\u00a0pr\u00e9coce\u00a0&#8221; du cycle\u00a0maternel\u00a0a pour\u00a0objectif\u00a0de :\u00a0<\/span><span data-ccp-props=\"{&quot;201341983&quot;:0,&quot;335559739&quot;:160,&quot;335559740&quot;:259}\">\u00a0<\/span><\/p>\n<ul>\n<li data-leveltext=\"\uf0b7\" data-font=\"Symbol\" data-listid=\"7\" data-aria-posinset=\"1\" data-aria-level=\"1\"><span data-contrast=\"auto\">pr\u00e9parer\u00a0les enfants \u00e0\u00a0une\u00a0vie\u00a0heureuse, saine,\u00a0responsable\u00a0et\u00a0r\u00e9ussie\u00a0<\/span><span data-ccp-props=\"{&quot;134233279&quot;:true,&quot;201341983&quot;:0,&quot;335559739&quot;:160,&quot;335559740&quot;:259}\">\u00a0<\/span><\/li>\n<li data-leveltext=\"\uf0b7\" data-font=\"Symbol\" data-listid=\"7\" data-aria-posinset=\"2\" data-aria-level=\"1\"><span data-contrast=\"auto\">\u00a0d\u00e9velopper\u00a0la\u00a0personnalit\u00e9\u00a0et les\u00a0capacit\u00e9s\u00a0des enfants\u00a0<\/span><span data-ccp-props=\"{&quot;134233279&quot;:true,&quot;201341983&quot;:0,&quot;335559739&quot;:160,&quot;335559740&quot;:259}\">\u00a0<\/span><\/li>\n<li data-leveltext=\"\uf0b7\" data-font=\"Symbol\" data-listid=\"7\" data-aria-posinset=\"3\" data-aria-level=\"1\"><span data-contrast=\"auto\">\u00a0soutenir\u00a0le\u00a0potentiel\u00a0d&#8217;apprentissage\u00a0des enfants\u00a0<\/span><span data-ccp-props=\"{&quot;134233279&quot;:true,&quot;201341983&quot;:0,&quot;335559739&quot;:160,&quot;335559740&quot;:259}\">\u00a0<\/span><\/li>\n<\/ul>\n<ul>\n<li data-leveltext=\"\uf0b7\" data-font=\"Symbol\" data-listid=\"7\" data-aria-posinset=\"1\" data-aria-level=\"1\"><span data-contrast=\"auto\">Apprendre\u00a0le respect des\u00a0autres\u00a0et de\u00a0l&#8217;environnement\u00a0<\/span><span data-ccp-props=\"{&quot;134233279&quot;:true,&quot;201341983&quot;:0,&quot;335559739&quot;:160,&quot;335559740&quot;:259}\">\u00a0<\/span><\/li>\n<li data-leveltext=\"\uf0b7\" data-font=\"Symbol\" data-listid=\"7\" data-aria-posinset=\"2\" data-aria-level=\"1\"><span data-contrast=\"auto\">respecter et\u00a0appr\u00e9cier\u00a0l&#8217;identit\u00e9\u00a0culturelle\u00a0et\u00a0sociale\u00a0de\u00a0l&#8217;enfant,\u00a0ses\u00a0valeurs\u00a0et\u00a0celles\u00a0des\u00a0autres\u00a0<\/span><span data-ccp-props=\"{&quot;134233279&quot;:true,&quot;201341983&quot;:0,&quot;335559739&quot;:160,&quot;335559740&quot;:259}\">\u00a0<\/span><\/li>\n<li data-leveltext=\"\uf0b7\" data-font=\"Symbol\" data-listid=\"7\" data-aria-posinset=\"3\" data-aria-level=\"1\"><span data-contrast=\"auto\">promouvoir\u00a0un esprit\u00a0europ\u00e9en.\u00a0<\/span><span data-ccp-props=\"{&quot;134233279&quot;:true,&quot;201341983&quot;:0,&quot;335559739&quot;:160,&quot;335559740&quot;:259}\">\u00a0<\/span><\/li>\n<\/ul>\n<p><span data-contrast=\"auto\">L&#8217;\u00e9ducation\u00a0de la petite\u00a0enfance\u00a0est\u00a0une\u00a0partie\u00a0fondamentale\u00a0de\u00a0l&#8217;\u00e9ducation\u00a0et de\u00a0l&#8217;apprentissage\u00a0tout au long de la vie et son\u00a0r\u00f4le\u00a0central\u00a0est\u00a0de\u00a0soutenir\u00a0le\u00a0d\u00e9veloppement\u00a0des enfants\u00a0en\u00a0leur\u00a0permettant\u00a0d&#8217;\u00eatre des\u00a0membres\u00a0\u00e9thiques\u00a0et\u00a0responsables\u00a0de la\u00a0soci\u00e9t\u00e9.\u00a0L&#8217;enseignement\u00a0et\u00a0l&#8217;apprentissage\u00a0dans les premi\u00e8res\u00a0ann\u00e9es\u00a0de la vie\u00a0soutiennent\u00a0et\u00a0permettent\u00a0le bien-\u00eatre\u00a0physique et\u00a0psychologique\u00a0des enfants, y\u00a0compris\u00a0le\u00a0d\u00e9veloppement\u00a0social,\u00a0cognitif\u00a0et\u00a0\u00e9motionnel, et\u00a0aident\u00a0\u00e0\u00a0pr\u00e9venir\u00a0toute\u00a0difficult\u00e9\u00a0qui\u00a0pourrait\u00a0survenir\u00a0en\u00a0cr\u00e9ant\u00a0les\u00a0meilleures\u00a0opportunit\u00e9s\u00a0d&#8217;apprentissage\u00a0possibles.\u00a0<\/span><span data-ccp-props=\"{&quot;201341983&quot;:0,&quot;335559739&quot;:160,&quot;335559740&quot;:259}\">\u00a0<\/span><\/p>\n<p><span data-contrast=\"auto\">L&#8217;enseignement\u00a0et\u00a0l&#8217;apprentissage\u00a0dans les premi\u00e8res\u00a0ann\u00e9es\u00a0de la vie\u00a0sont\u00a0holistiques\u00a0et les\u00a0diff\u00e9rents\u00a0domaines\u00a0de\u00a0d\u00e9veloppement\u00a0ne\u00a0sont\u00a0pas\u00a0s\u00e9par\u00e9s. Dans\u00a0ce\u00a0document\u00a0ainsi\u00a0que dans la vie\u00a0scolaire\u00a0quotidienne, les enfants,\u00a0leurs\u00a0exp\u00e9riences\u00a0et\u00a0leurs\u00a0actions\u00a0sont\u00a0centraux.\u00a0<\/span><span data-ccp-props=\"{&quot;201341983&quot;:0,&quot;335559739&quot;:160,&quot;335559740&quot;:259}\">\u00a0<\/span><\/p>\n<p><span data-contrast=\"auto\">Il\u00a0est\u00a0important de\u00a0renforcer\u00a0l&#8217;estime\u00a0de soi des enfants \u00e0\u00a0l&#8217;aide\u00a0d&#8217;exp\u00e9riences\u00a0d&#8217;apprentissage\u00a0positives et\u00a0d&#8217;offrir\u00a0des\u00a0possibilit\u00e9s\u00a0d&#8217;interaction\u00a0diversifi\u00e9e\u00a0avec\u00a0d&#8217;autres\u00a0personnes. Le\u00a0champ\u00a0d&#8217;exp\u00e9riences\u00a0des enfants doit\u00a0\u00eatre\u00a0enrichi\u00a0et\u00a0ils\u00a0doivent\u00a0\u00eatre\u00a0guid\u00e9s\u00a0pour\u00a0leur\u00a0permettre\u00a0de\u00a0trouver\u00a0de nouveaux centres\u00a0d&#8217;int\u00e9r\u00eat.\u00a0<\/span><span data-ccp-props=\"{&quot;201341983&quot;:0,&quot;335559739&quot;:160,&quot;335559740&quot;:259}\">\u00a0<\/span><\/p>\n<p><span data-contrast=\"auto\">Les enfants de quatre et cinq\u00a0ans\u00a0sont\u00a0scolaris\u00e9s\u00a0dans des<\/span><span data-contrast=\"none\">\u00a0groupes\u00a0mixtes<\/span><span data-contrast=\"auto\">.\u00a0<\/span><span data-ccp-props=\"{&quot;201341983&quot;:0,&quot;335559739&quot;:160,&quot;335559740&quot;:259}\">\u00a0<\/span><\/p>\n<p><span data-contrast=\"auto\">La langue\u00a0parl\u00e9e\u00a0dans les classes\u00a0maternelles\u00a0correspond \u00e0\u00a0chaque\u00a0section\u00a0linguistique\u00a0de\u00a0l&#8217;\u00e9cole. Les SWALS (\u00e9l\u00e8ves\u00a0sans section\u00a0linguistique)\u00a0suivent\u00a0\u00e9galement\u00a0des\u00a0cours\u00a0dans\u00a0leur\u00a0langue\u00a0maternelle\u00a0\u00e0 raison de 150 minutes par\u00a0semaine.\u00a0<\/span><span data-ccp-props=\"{&quot;201341983&quot;:0,&quot;335559739&quot;:160,&quot;335559740&quot;:259}\">\u00a0<\/span><\/p>\n<p><span data-contrast=\"auto\">Pour plus\u00a0d&#8217;informations,\u00a0veuillez\u00a0consulter le programme de\u00a0l&#8217;\u00e9ducation\u00a0pr\u00e9scolaire.\u00a0<\/span><span data-ccp-props=\"{&quot;201341983&quot;:0,&quot;335559739&quot;:160,&quot;335559740&quot;:259}\">\u00a0<\/span><\/p>\n<p><span data-contrast=\"auto\">\u00a0<\/span><span data-ccp-props=\"{&quot;201341983&quot;:0,&quot;335559739&quot;:160,&quot;335559740&quot;:259}\">\u00a0<\/span><\/p>\n<h3><span data-contrast=\"auto\">Cycle\u00a0primaire\u00a0<\/span><span data-ccp-props=\"{&quot;201341983&quot;:0,&quot;335559739&quot;:160,&quot;335559740&quot;:259}\">\u00a0<\/span><\/h3>\n<p><span data-contrast=\"auto\">Horaire\u00a0harmonis\u00e9\u00a0de\u00a0l&#8217;\u00e9cole\u00a0primaire\u00a0:<\/span><span data-ccp-props=\"{&quot;201341983&quot;:0,&quot;335559739&quot;:160,&quot;335559740&quot;:259}\">\u00a0<\/span>[\/vc_column_text][vc_column_text css=&#8221;.vc_custom_1626184526711{margin-top: 0px !important;border-top-width: 0px !important;padding-top: 0px !important;}&#8221;]<\/p>\n<table>\n<thead>\n<tr>\n<th>Sujet<\/th>\n<th>Ann\u00e9e 1 et 2<\/th>\n<th>P\u00e9riodes 30\u2019<\/th>\n<th>\u200bAnn\u00e9e 3, 4, 5<\/th>\n<th>P\u00e9riodes 45\u2019<\/th>\n<\/tr>\n<\/thead>\n<tbody>\n<tr>\n<td data-celllook=\"69905\"><span data-contrast=\"auto\">\u200bLangue\u00a0maternelle\u202f<\/span><br \/>\n<span data-contrast=\"auto\">(SWALS Langue1 &#8211; L1)\u202f<\/span><span data-ccp-props=\"{&quot;201341983&quot;:0,&quot;335559740&quot;:240}\">\u00a0<\/span><\/td>\n<td data-celllook=\"69905\"><span data-contrast=\"auto\">\u200b8\u00a0heures<\/span><span data-ccp-props=\"{&quot;201341983&quot;:0,&quot;335551550&quot;:2,&quot;335551620&quot;:2,&quot;335559740&quot;:240}\">\u00a0<\/span><\/p>\n<p><span data-contrast=\"auto\">(2\u00a0heures\u00a030 mins)<\/span><span data-ccp-props=\"{&quot;201341983&quot;:0,&quot;335551550&quot;:2,&quot;335551620&quot;:2,&quot;335559740&quot;:240}\">\u00a0<\/span><\/td>\n<td data-celllook=\"4369\"><b><span data-contrast=\"auto\">16<\/span><\/b><span data-ccp-props=\"{&quot;201341983&quot;:0,&quot;335551550&quot;:2,&quot;335551620&quot;:2,&quot;335559740&quot;:240}\">\u00a0<\/span><\/p>\n<p><b><span data-contrast=\"auto\">(5)<\/span><\/b><span data-ccp-props=\"{&quot;201341983&quot;:0,&quot;335551550&quot;:2,&quot;335551620&quot;:2,&quot;335559740&quot;:240}\">\u00a0<\/span><\/td>\n<td data-celllook=\"69905\"><span data-contrast=\"auto\">\u200b6\u202fheures\u00a045 mins<\/span><span data-ccp-props=\"{&quot;201341983&quot;:0,&quot;335551550&quot;:2,&quot;335551620&quot;:2,&quot;335559740&quot;:240}\">\u00a0<\/span><\/p>\n<p><span data-contrast=\"auto\">(3\u00a0heures\u00a045 mins)<\/span><span data-ccp-props=\"{&quot;201341983&quot;:0,&quot;335551550&quot;:2,&quot;335551620&quot;:2,&quot;335559740&quot;:240}\">\u00a0<\/span><\/td>\n<td data-celllook=\"4369\"><b><span data-contrast=\"auto\">9<\/span><\/b><span data-ccp-props=\"{&quot;201341983&quot;:0,&quot;335551550&quot;:2,&quot;335551620&quot;:2,&quot;335559740&quot;:240}\">\u00a0<\/span><\/p>\n<p><b><span data-contrast=\"auto\">(5)<\/span><\/b><span data-ccp-props=\"{&quot;201341983&quot;:0,&quot;335551550&quot;:2,&quot;335551620&quot;:2,&quot;335559740&quot;:240}\">\u00a0<\/span><\/td>\n<\/tr>\n<tr>\n<td data-celllook=\"69905\"><span data-contrast=\"auto\">\u200bMath\u00e9matiques<\/span><span data-ccp-props=\"{&quot;201341983&quot;:0,&quot;335559740&quot;:240}\">\u00a0<\/span><\/td>\n<td data-celllook=\"69905\"><span data-contrast=\"auto\">\u200b4\u00a0heures<\/span><span data-ccp-props=\"{&quot;201341983&quot;:0,&quot;335551550&quot;:2,&quot;335551620&quot;:2,&quot;335559740&quot;:240}\">\u00a0<\/span><\/td>\n<td data-celllook=\"4369\"><b><span data-contrast=\"auto\">8<\/span><\/b><span data-ccp-props=\"{&quot;201341983&quot;:0,&quot;335551550&quot;:2,&quot;335551620&quot;:2,&quot;335559740&quot;:240}\">\u00a0<\/span><\/td>\n<td data-celllook=\"69905\"><span data-contrast=\"auto\">\u200b5\u00a0heures\u00a015 mins<\/span><span data-ccp-props=\"{&quot;201341983&quot;:0,&quot;335551550&quot;:2,&quot;335551620&quot;:2,&quot;335559740&quot;:240}\">\u00a0<\/span><\/td>\n<td data-celllook=\"4369\"><b><span data-contrast=\"auto\">7<\/span><\/b><span data-ccp-props=\"{&quot;201341983&quot;:0,&quot;335551550&quot;:2,&quot;335551620&quot;:2,&quot;335559740&quot;:240}\">\u00a0<\/span><\/td>\n<\/tr>\n<tr>\n<td data-celllook=\"69905\"><span data-contrast=\"auto\">\u200bLangue\u00a02 (L2)\u202f<\/span><span data-ccp-props=\"{&quot;201341983&quot;:0,&quot;335559740&quot;:240}\">\u00a0<\/span><\/td>\n<td data-celllook=\"69905\"><span data-contrast=\"auto\">\u200b2\u00a0heures\u00a030 mins<\/span><span data-ccp-props=\"{&quot;201341983&quot;:0,&quot;335551550&quot;:2,&quot;335551620&quot;:2,&quot;335559740&quot;:240}\">\u00a0<\/span><\/td>\n<td data-celllook=\"4369\"><b><span data-contrast=\"auto\">5<\/span><\/b><span data-ccp-props=\"{&quot;201341983&quot;:0,&quot;335551550&quot;:2,&quot;335551620&quot;:2,&quot;335559740&quot;:240}\">\u00a0<\/span><\/td>\n<td data-celllook=\"69905\"><span data-contrast=\"auto\">\u200b3\u00a0heures\u00a045 mins<\/span><span data-ccp-props=\"{&quot;201341983&quot;:0,&quot;335551550&quot;:2,&quot;335551620&quot;:2,&quot;335559740&quot;:240}\">\u00a0<\/span><\/td>\n<td data-celllook=\"4369\"><b><span data-contrast=\"auto\">5<\/span><\/b><span data-ccp-props=\"{&quot;201341983&quot;:0,&quot;335551550&quot;:2,&quot;335551620&quot;:2,&quot;335559740&quot;:240}\">\u00a0<\/span><\/td>\n<\/tr>\n<tr>\n<td data-celllook=\"69905\"><span data-contrast=\"auto\">\u200bMusique<\/span><br \/>\n<span data-contrast=\"auto\">Art<\/span><br \/>\n<span data-contrast=\"auto\">Education physique<\/span><span data-ccp-props=\"{&quot;201341983&quot;:0,&quot;335559740&quot;:240}\">\u00a0<\/span><\/td>\n<td data-celllook=\"69905\"><span data-contrast=\"auto\">\u200b5\u00a0heures<\/span><span data-ccp-props=\"{&quot;201341983&quot;:0,&quot;335551550&quot;:2,&quot;335551620&quot;:2,&quot;335559740&quot;:240}\">\u00a0<\/span><\/td>\n<td data-celllook=\"4369\"><span data-ccp-props=\"{&quot;201341983&quot;:0,&quot;335551550&quot;:2,&quot;335551620&quot;:2,&quot;335559740&quot;:240}\">\u00a0<\/span><\/p>\n<p><b><span data-contrast=\"auto\">10<\/span><\/b><span data-ccp-props=\"{&quot;201341983&quot;:0,&quot;335551550&quot;:2,&quot;335551620&quot;:2,&quot;335559740&quot;:240}\">\u00a0<\/span><\/td>\n<td data-celllook=\"69905\"><span data-contrast=\"auto\">\u200b3\u00a0heures<\/span><span data-ccp-props=\"{&quot;201341983&quot;:0,&quot;335551550&quot;:2,&quot;335551620&quot;:2,&quot;335559740&quot;:240}\">\u00a0<\/span><\/td>\n<td data-celllook=\"4369\"><b><span data-contrast=\"auto\">1<\/span><\/b><span data-ccp-props=\"{&quot;201341983&quot;:0,&quot;335551550&quot;:2,&quot;335551620&quot;:2,&quot;335559740&quot;:240}\">\u00a0<\/span><\/p>\n<p><b><span data-contrast=\"auto\">1<\/span><\/b><span data-ccp-props=\"{&quot;201341983&quot;:0,&quot;335551550&quot;:2,&quot;335551620&quot;:2,&quot;335559740&quot;:240}\">\u00a0<\/span><\/p>\n<p><b><span data-contrast=\"auto\">2<\/span><\/b><span data-ccp-props=\"{&quot;201341983&quot;:0,&quot;335551550&quot;:2,&quot;335551620&quot;:2,&quot;335559740&quot;:240}\">\u00a0<\/span><\/td>\n<\/tr>\n<tr>\n<td data-celllook=\"69905\"><span data-contrast=\"auto\">\u200bD\u00e9couverte\u00a0du monde\u00a0<\/span><span data-ccp-props=\"{&quot;201341983&quot;:0,&quot;335559740&quot;:240}\">\u00a0<\/span><\/td>\n<td data-celllook=\"69905\"><span data-contrast=\"auto\">\u200b1\u00a0heure\u00a030 mins<\/span><span data-ccp-props=\"{&quot;201341983&quot;:0,&quot;335551550&quot;:2,&quot;335551620&quot;:2,&quot;335559740&quot;:240}\">\u00a0<\/span><\/td>\n<td data-celllook=\"4369\"><b><span data-contrast=\"auto\">3<\/span><\/b><span data-ccp-props=\"{&quot;201341983&quot;:0,&quot;335551550&quot;:2,&quot;335551620&quot;:2,&quot;335559740&quot;:240}\">\u00a0<\/span><\/td>\n<td data-celllook=\"69905\"><span data-contrast=\"auto\">\u200b3\u00a0heures<\/span><span data-ccp-props=\"{&quot;201341983&quot;:0,&quot;335551550&quot;:2,&quot;335551620&quot;:2,&quot;335559740&quot;:240}\">\u00a0<\/span><\/td>\n<td data-celllook=\"4369\"><b><span data-contrast=\"auto\">4<\/span><\/b><span data-ccp-props=\"{&quot;201341983&quot;:0,&quot;335551550&quot;:2,&quot;335551620&quot;:2,&quot;335559740&quot;:240}\">\u00a0<\/span><\/td>\n<\/tr>\n<tr>\n<td data-celllook=\"69905\"><span data-contrast=\"auto\">\u200bHeures\u00a0europ\u00e9ennes<\/span><span data-ccp-props=\"{&quot;201341983&quot;:0,&quot;335559740&quot;:240}\">\u00a0<\/span><\/td>\n<td data-celllook=\"69905\"><span data-contrast=\"auto\">\u200b-<\/span><span data-ccp-props=\"{&quot;201341983&quot;:0,&quot;335551550&quot;:2,&quot;335551620&quot;:2,&quot;335559740&quot;:240}\">\u00a0<\/span><\/td>\n<td data-celllook=\"4369\"><span data-ccp-props=\"{&quot;201341983&quot;:0,&quot;335551550&quot;:2,&quot;335551620&quot;:2,&quot;335559740&quot;:240}\">\u00a0<\/span><\/td>\n<td data-celllook=\"69905\"><span data-contrast=\"auto\">\u200b1\u00a0heure\u00a030 mins<\/span><span data-ccp-props=\"{&quot;201341983&quot;:0,&quot;335551550&quot;:2,&quot;335551620&quot;:2,&quot;335559740&quot;:240}\">\u00a0<\/span><\/td>\n<td data-celllook=\"4369\"><b><span data-contrast=\"auto\">2<\/span><\/b><span data-ccp-props=\"{&quot;201341983&quot;:0,&quot;335551550&quot;:2,&quot;335551620&quot;:2,&quot;335559740&quot;:240}\">\u00a0<\/span><\/td>\n<\/tr>\n<tr>\n<td data-celllook=\"69905\"><span data-contrast=\"auto\">\u200bReligion \/\u00a0Ethique<\/span><span data-ccp-props=\"{&quot;201341983&quot;:0,&quot;335559740&quot;:240}\">\u00a0<\/span><\/td>\n<td data-celllook=\"69905\"><span data-contrast=\"auto\">\u200b1\u00a0heure<\/span><span data-ccp-props=\"{&quot;201341983&quot;:0,&quot;335551550&quot;:2,&quot;335551620&quot;:2,&quot;335559740&quot;:240}\">\u00a0<\/span><\/td>\n<td data-celllook=\"4369\"><b><span data-contrast=\"auto\">2<\/span><\/b><span data-ccp-props=\"{&quot;201341983&quot;:0,&quot;335551550&quot;:2,&quot;335551620&quot;:2,&quot;335559740&quot;:240}\">\u00a0<\/span><\/td>\n<td data-celllook=\"69905\"><span data-contrast=\"auto\">\u200b1\u00a0heure\u00a030 mins<\/span><span data-ccp-props=\"{&quot;201341983&quot;:0,&quot;335551550&quot;:2,&quot;335551620&quot;:2,&quot;335559740&quot;:240}\">\u00a0<\/span><\/td>\n<td data-celllook=\"4369\"><b><span data-contrast=\"auto\">2<\/span><\/b><span data-ccp-props=\"{&quot;201341983&quot;:0,&quot;335551550&quot;:2,&quot;335551620&quot;:2,&quot;335559740&quot;:240}\">\u00a0<\/span><\/td>\n<\/tr>\n<tr>\n<td data-celllook=\"69905\"><span data-contrast=\"auto\">\u200bR\u00e9cr\u00e9ation<\/span><span data-ccp-props=\"{&quot;201341983&quot;:0,&quot;335559740&quot;:240}\">\u00a0<\/span><\/td>\n<td data-celllook=\"69905\"><span data-contrast=\"auto\">\u200b3\u00a0heures\u00a030 mins<\/span><span data-ccp-props=\"{&quot;201341983&quot;:0,&quot;335551550&quot;:2,&quot;335551620&quot;:2,&quot;335559740&quot;:240}\">\u00a0<\/span><\/td>\n<td data-celllook=\"4369\"><b><span data-contrast=\"auto\">210\u2019<\/span><\/b><span data-ccp-props=\"{&quot;201341983&quot;:0,&quot;335551550&quot;:2,&quot;335551620&quot;:2,&quot;335559740&quot;:240}\">\u00a0<\/span><\/td>\n<td data-celllook=\"69905\"><span data-contrast=\"auto\">\u200b2\u00a0heures\u00a030 mins<\/span><span data-ccp-props=\"{&quot;201341983&quot;:0,&quot;335551550&quot;:2,&quot;335551620&quot;:2,&quot;335559740&quot;:240}\">\u00a0<\/span><\/td>\n<td data-celllook=\"4369\"><b><span data-contrast=\"auto\">150\u2019<\/span><\/b><span data-ccp-props=\"{&quot;201341983&quot;:0,&quot;335551550&quot;:2,&quot;335551620&quot;:2,&quot;335559740&quot;:240}\">\u00a0<\/span><\/td>\n<\/tr>\n<tr>\n<td data-celllook=\"69905\"><span data-contrast=\"auto\">\u200b<\/span><b><span data-contrast=\"auto\">Total\u202f<\/span><\/b><span data-ccp-props=\"{&quot;201341983&quot;:0,&quot;335559740&quot;:240}\">\u00a0<\/span><\/td>\n<td data-celllook=\"69905\"><b><span data-contrast=\"auto\">\u200b25\u00a0heures\u00a030 mins<\/span><\/b><span data-ccp-props=\"{&quot;201341983&quot;:0,&quot;335551550&quot;:2,&quot;335551620&quot;:2,&quot;335559740&quot;:240}\">\u00a0<\/span><\/td>\n<td data-celllook=\"4369\"><span data-ccp-props=\"{&quot;201341983&quot;:0,&quot;335551550&quot;:2,&quot;335551620&quot;:2,&quot;335559740&quot;:240}\">\u00a0<\/span><\/td>\n<td data-celllook=\"69905\"><b><span data-contrast=\"auto\">\u200b27\u00a0heures\u00a015 mins<\/span><\/b><span data-ccp-props=\"{&quot;201341983&quot;:0,&quot;335551550&quot;:2,&quot;335551620&quot;:2,&quot;335559740&quot;:240}\">\u00a0<\/span><\/td>\n<td data-celllook=\"4369\"><span data-ccp-props=\"{&quot;201341983&quot;:0,&quot;335551550&quot;:2,&quot;335551620&quot;:2,&quot;335559740&quot;:240}\">\u00a0<\/span><\/td>\n<\/tr>\n<tr>\n<td data-celllook=\"69905\"><span data-contrast=\"auto\">\u200bONL &#8211;\u00a0Irlandais\/Maltais*<\/span><br \/>\n<span data-contrast=\"auto\">ONL \u2013\u00a0Finnois\/\u00a0Su\u00e9dois*\u202f<\/span><span data-ccp-props=\"{&quot;201341983&quot;:0,&quot;335559740&quot;:240}\">\u00a0<\/span><\/td>\n<td data-celllook=\"69905\"><span data-contrast=\"auto\">\u200b1\u00a0heure\u00a030 mins<\/span><span data-ccp-props=\"{&quot;201341983&quot;:0,&quot;335551550&quot;:2,&quot;335551620&quot;:2,&quot;335559740&quot;:240}\">\u00a0<\/span><\/p>\n<p><span data-contrast=\"auto\">&#8211;<\/span><span data-ccp-props=\"{&quot;201341983&quot;:0,&quot;335551550&quot;:2,&quot;335551620&quot;:2,&quot;335559740&quot;:240}\">\u00a0<\/span><\/td>\n<td data-celllook=\"4369\"><b><span data-contrast=\"auto\">3<\/span><\/b><span data-ccp-props=\"{&quot;201341983&quot;:0,&quot;335551550&quot;:2,&quot;335551620&quot;:2,&quot;335559740&quot;:240}\">\u00a0<\/span><\/td>\n<td data-celllook=\"69905\"><span data-contrast=\"auto\">\u200b1\u00a0heure\u00a030 mins<\/span><span data-ccp-props=\"{&quot;201341983&quot;:0,&quot;335551550&quot;:2,&quot;335551620&quot;:2,&quot;335559740&quot;:240}\">\u00a0<\/span><\/p>\n<p><span data-contrast=\"auto\">1\u00a0heure\u00a030 mins<\/span><span data-ccp-props=\"{&quot;201341983&quot;:0,&quot;335551550&quot;:2,&quot;335551620&quot;:2,&quot;335559740&quot;:240}\">\u00a0<\/span><\/td>\n<td data-celllook=\"4369\"><b><span data-contrast=\"auto\">2<\/span><\/b><span data-ccp-props=\"{&quot;201341983&quot;:0,&quot;335551550&quot;:2,&quot;335551620&quot;:2,&quot;335559740&quot;:240}\">\u00a0<\/span><\/p>\n<p><b><span data-contrast=\"auto\">2<\/span><\/b><span data-ccp-props=\"{&quot;201341983&quot;:0,&quot;335551550&quot;:2,&quot;335551620&quot;:2,&quot;335559740&quot;:240}\">\u00a0<\/span><\/td>\n<\/tr>\n<tr>\n<td style=\"border-left: 0; border-right: 0;\" colspan=\"5\">*Autres\u00a0Langues\u00a0Nationales\u00a0enseign\u00e9es\u00a0pendant la\u00a0journ\u00e9e\u00a0de\u00a0classe<\/td>\n<\/tr>\n<\/tbody>\n<\/table>\n<p>[\/vc_column_text][vc_btn title=&#8221;Pour plus d\u2019information veuillez consulter le site des \u00e9coles europ\u00e9ennes www.eursc.eu&#8221; style=&#8221;classic&#8221; color=&#8221;sky&#8221; align=&#8221;left&#8221; i_icon_fontawesome=&#8221;fa fa-external-link&#8221; add_icon=&#8221;true&#8221; link=&#8221;url:https%3A%2F%2Fwww.eursc.eu%2Ffr||target:%20_blank|&#8221;][vc_separator style=&#8221;double&#8221; css=&#8221;.vc_custom_1624952643475{margin-top: 0px !important;border-top-width: 0px !important;padding-top: 10px !important;}&#8221;][\/vc_column][\/vc_row][vc_row full_width=&#8221;stretch_row&#8221;][vc_column offset=&#8221;vc_hidden-sm vc_hidden-xs&#8221;][vc_row_inner][vc_column_inner][vc_column_text css=&#8221;.vc_custom_1773427233323{margin-top: 10px !important;}&#8221; el_class=&#8221;page-title&#8221;]<\/p>\n<h1><span style=\"color: #2e5c8a;\"><strong>Maternelle et Primaire : Programme \u00e9ducatif et Mati\u00e8res<\/strong><\/span><\/h1>\n<p>[\/vc_column_text][\/vc_column_inner][\/vc_row_inner][vc_tta_tabs color=&#8221;sky&#8221; active_section=&#8221;1&#8243;][vc_tta_section title=&#8221;Programme \u00e9ducatif&#8221; tab_id=&#8221;1767037344452-d3949a14-02a76505-0f72&#8243;][vc_column_text css=&#8221;.vc_custom_1773416376859{margin-top: 15px !important;}&#8221; el_class=&#8221;page-title&#8221;]<\/p>\n<h2><strong><span style=\"color: #4a90c8;\">Maternelle et Primaire: Programme \u00e9ducatif<\/span><\/strong><\/h2>\n<p>[\/vc_column_text][vc_column_text css=&#8221;.vc_custom_1773416277807{margin-bottom: 0px !important;border-bottom-width: 0px !important;padding-top: 10px !important;padding-bottom: 0px !important;}&#8221;]<\/p>\n<h3><span data-contrast=\"auto\">Cycle\u00a0maternel\u00a0<\/span><span data-ccp-props=\"{&quot;201341983&quot;:0,&quot;335559739&quot;:160,&quot;335559740&quot;:259}\">\u00a0<\/span><\/h3>\n<p><span data-contrast=\"auto\">\u00a0Le programme &#8221;\u00a0\u00c9ducation\u00a0pr\u00e9coce\u00a0&#8221; du cycle\u00a0maternel\u00a0a pour\u00a0objectif\u00a0de :\u00a0<\/span><span data-ccp-props=\"{&quot;201341983&quot;:0,&quot;335559739&quot;:160,&quot;335559740&quot;:259}\">\u00a0<\/span><\/p>\n<ul>\n<li data-leveltext=\"\uf0b7\" data-font=\"Symbol\" data-listid=\"7\" data-aria-posinset=\"1\" data-aria-level=\"1\"><span data-contrast=\"auto\">pr\u00e9parer\u00a0les enfants \u00e0\u00a0une\u00a0vie\u00a0heureuse, saine,\u00a0responsable\u00a0et\u00a0r\u00e9ussie\u00a0<\/span><span data-ccp-props=\"{&quot;134233279&quot;:true,&quot;201341983&quot;:0,&quot;335559739&quot;:160,&quot;335559740&quot;:259}\">\u00a0<\/span><\/li>\n<li data-leveltext=\"\uf0b7\" data-font=\"Symbol\" data-listid=\"7\" data-aria-posinset=\"2\" data-aria-level=\"1\"><span data-contrast=\"auto\">\u00a0d\u00e9velopper\u00a0la\u00a0personnalit\u00e9\u00a0et les\u00a0capacit\u00e9s\u00a0des enfants\u00a0<\/span><span data-ccp-props=\"{&quot;134233279&quot;:true,&quot;201341983&quot;:0,&quot;335559739&quot;:160,&quot;335559740&quot;:259}\">\u00a0<\/span><\/li>\n<li data-leveltext=\"\uf0b7\" data-font=\"Symbol\" data-listid=\"7\" data-aria-posinset=\"3\" data-aria-level=\"1\"><span data-contrast=\"auto\">\u00a0soutenir\u00a0le\u00a0potentiel\u00a0d&#8217;apprentissage\u00a0des enfants\u00a0<\/span><span data-ccp-props=\"{&quot;134233279&quot;:true,&quot;201341983&quot;:0,&quot;335559739&quot;:160,&quot;335559740&quot;:259}\">\u00a0<\/span><\/li>\n<\/ul>\n<ul>\n<li data-leveltext=\"\uf0b7\" data-font=\"Symbol\" data-listid=\"7\" data-aria-posinset=\"1\" data-aria-level=\"1\"><span data-contrast=\"auto\">Apprendre\u00a0le respect des\u00a0autres\u00a0et de\u00a0l&#8217;environnement\u00a0<\/span><span data-ccp-props=\"{&quot;134233279&quot;:true,&quot;201341983&quot;:0,&quot;335559739&quot;:160,&quot;335559740&quot;:259}\">\u00a0<\/span><\/li>\n<li data-leveltext=\"\uf0b7\" data-font=\"Symbol\" data-listid=\"7\" data-aria-posinset=\"2\" data-aria-level=\"1\"><span data-contrast=\"auto\">respecter et\u00a0appr\u00e9cier\u00a0l&#8217;identit\u00e9\u00a0culturelle\u00a0et\u00a0sociale\u00a0de\u00a0l&#8217;enfant,\u00a0ses\u00a0valeurs\u00a0et\u00a0celles\u00a0des\u00a0autres\u00a0<\/span><span data-ccp-props=\"{&quot;134233279&quot;:true,&quot;201341983&quot;:0,&quot;335559739&quot;:160,&quot;335559740&quot;:259}\">\u00a0<\/span><\/li>\n<li data-leveltext=\"\uf0b7\" data-font=\"Symbol\" data-listid=\"7\" data-aria-posinset=\"3\" data-aria-level=\"1\"><span data-contrast=\"auto\">promouvoir\u00a0un esprit\u00a0europ\u00e9en.\u00a0<\/span><span data-ccp-props=\"{&quot;134233279&quot;:true,&quot;201341983&quot;:0,&quot;335559739&quot;:160,&quot;335559740&quot;:259}\">\u00a0<\/span><\/li>\n<\/ul>\n<p><span data-contrast=\"auto\">L&#8217;\u00e9ducation\u00a0de la petite\u00a0enfance\u00a0est\u00a0une\u00a0partie\u00a0fondamentale\u00a0de\u00a0l&#8217;\u00e9ducation\u00a0et de\u00a0l&#8217;apprentissage\u00a0tout au long de la vie et son\u00a0r\u00f4le\u00a0central\u00a0est\u00a0de\u00a0soutenir\u00a0le\u00a0d\u00e9veloppement\u00a0des enfants\u00a0en\u00a0leur\u00a0permettant\u00a0d&#8217;\u00eatre des\u00a0membres\u00a0\u00e9thiques\u00a0et\u00a0responsables\u00a0de la\u00a0soci\u00e9t\u00e9.\u00a0L&#8217;enseignement\u00a0et\u00a0l&#8217;apprentissage\u00a0dans les premi\u00e8res\u00a0ann\u00e9es\u00a0de la vie\u00a0soutiennent\u00a0et\u00a0permettent\u00a0le bien-\u00eatre\u00a0physique et\u00a0psychologique\u00a0des enfants, y\u00a0compris\u00a0le\u00a0d\u00e9veloppement\u00a0social,\u00a0cognitif\u00a0et\u00a0\u00e9motionnel, et\u00a0aident\u00a0\u00e0\u00a0pr\u00e9venir\u00a0toute\u00a0difficult\u00e9\u00a0qui\u00a0pourrait\u00a0survenir\u00a0en\u00a0cr\u00e9ant\u00a0les\u00a0meilleures\u00a0opportunit\u00e9s\u00a0d&#8217;apprentissage\u00a0possibles.\u00a0<\/span><span data-ccp-props=\"{&quot;201341983&quot;:0,&quot;335559739&quot;:160,&quot;335559740&quot;:259}\">\u00a0<\/span><\/p>\n<p><span data-contrast=\"auto\">L&#8217;enseignement\u00a0et\u00a0l&#8217;apprentissage\u00a0dans les premi\u00e8res\u00a0ann\u00e9es\u00a0de la vie\u00a0sont\u00a0holistiques\u00a0et les\u00a0diff\u00e9rents\u00a0domaines\u00a0de\u00a0d\u00e9veloppement\u00a0ne\u00a0sont\u00a0pas\u00a0s\u00e9par\u00e9s. Dans\u00a0ce\u00a0document\u00a0ainsi\u00a0que dans la vie\u00a0scolaire\u00a0quotidienne, les enfants,\u00a0leurs\u00a0exp\u00e9riences\u00a0et\u00a0leurs\u00a0actions\u00a0sont\u00a0centraux.\u00a0<\/span><span data-ccp-props=\"{&quot;201341983&quot;:0,&quot;335559739&quot;:160,&quot;335559740&quot;:259}\">\u00a0<\/span><\/p>\n<p><span data-contrast=\"auto\">Il\u00a0est\u00a0important de\u00a0renforcer\u00a0l&#8217;estime\u00a0de soi des enfants \u00e0\u00a0l&#8217;aide\u00a0d&#8217;exp\u00e9riences\u00a0d&#8217;apprentissage\u00a0positives et\u00a0d&#8217;offrir\u00a0des\u00a0possibilit\u00e9s\u00a0d&#8217;interaction\u00a0diversifi\u00e9e\u00a0avec\u00a0d&#8217;autres\u00a0personnes. Le\u00a0champ\u00a0d&#8217;exp\u00e9riences\u00a0des enfants doit\u00a0\u00eatre\u00a0enrichi\u00a0et\u00a0ils\u00a0doivent\u00a0\u00eatre\u00a0guid\u00e9s\u00a0pour\u00a0leur\u00a0permettre\u00a0de\u00a0trouver\u00a0de nouveaux centres\u00a0d&#8217;int\u00e9r\u00eat.\u00a0<\/span><span data-ccp-props=\"{&quot;201341983&quot;:0,&quot;335559739&quot;:160,&quot;335559740&quot;:259}\">\u00a0<\/span><\/p>\n<p><span data-contrast=\"auto\">Les enfants de quatre et cinq\u00a0ans\u00a0sont\u00a0scolaris\u00e9s\u00a0dans des<\/span><span data-contrast=\"none\">\u00a0groupes\u00a0mixtes<\/span><span data-contrast=\"auto\">.\u00a0<\/span><span data-ccp-props=\"{&quot;201341983&quot;:0,&quot;335559739&quot;:160,&quot;335559740&quot;:259}\">\u00a0<\/span><\/p>\n<p><span data-contrast=\"auto\">La langue\u00a0parl\u00e9e\u00a0dans les classes\u00a0maternelles\u00a0correspond \u00e0\u00a0chaque\u00a0section\u00a0linguistique\u00a0de\u00a0l&#8217;\u00e9cole. Les SWALS (\u00e9l\u00e8ves\u00a0sans section\u00a0linguistique)\u00a0suivent\u00a0\u00e9galement\u00a0des\u00a0cours\u00a0dans\u00a0leur\u00a0langue\u00a0maternelle\u00a0\u00e0 raison de 150 minutes par\u00a0semaine.\u00a0<\/span><span data-ccp-props=\"{&quot;201341983&quot;:0,&quot;335559739&quot;:160,&quot;335559740&quot;:259}\">\u00a0<\/span><\/p>\n<p><span data-contrast=\"auto\">Pour plus\u00a0d&#8217;informations,\u00a0veuillez\u00a0consulter le programme de\u00a0l&#8217;\u00e9ducation\u00a0pr\u00e9scolaire.\u00a0<\/span><span data-ccp-props=\"{&quot;201341983&quot;:0,&quot;335559739&quot;:160,&quot;335559740&quot;:259}\">\u00a0<\/span><\/p>\n<p><span data-contrast=\"auto\">\u00a0<\/span><span data-ccp-props=\"{&quot;201341983&quot;:0,&quot;335559739&quot;:160,&quot;335559740&quot;:259}\">\u00a0<\/span><\/p>\n<h3><span data-contrast=\"auto\">Cycle\u00a0primaire\u00a0<\/span><span data-ccp-props=\"{&quot;201341983&quot;:0,&quot;335559739&quot;:160,&quot;335559740&quot;:259}\">\u00a0<\/span><\/h3>\n<p><span data-contrast=\"auto\">Horaire\u00a0harmonis\u00e9\u00a0de\u00a0l&#8217;\u00e9cole\u00a0primaire\u00a0:<\/span><span data-ccp-props=\"{&quot;201341983&quot;:0,&quot;335559739&quot;:160,&quot;335559740&quot;:259}\">\u00a0<\/span>[\/vc_column_text][vc_column_text css=&#8221;.vc_custom_1626184526711{margin-top: 0px !important;border-top-width: 0px !important;padding-top: 0px !important;}&#8221;]<\/p>\n<table>\n<thead>\n<tr>\n<th>Sujet<\/th>\n<th>Ann\u00e9e 1 et 2<\/th>\n<th>P\u00e9riodes 30\u2019<\/th>\n<th>\u200bAnn\u00e9e 3, 4, 5<\/th>\n<th>P\u00e9riodes 45\u2019<\/th>\n<\/tr>\n<\/thead>\n<tbody>\n<tr>\n<td data-celllook=\"69905\"><span data-contrast=\"auto\">\u200bLangue\u00a0maternelle\u202f<\/span><br \/>\n<span data-contrast=\"auto\">(SWALS Langue1 &#8211; L1)\u202f<\/span><span data-ccp-props=\"{&quot;201341983&quot;:0,&quot;335559740&quot;:240}\">\u00a0<\/span><\/td>\n<td data-celllook=\"69905\"><span data-contrast=\"auto\">\u200b8\u00a0heures<\/span><span data-ccp-props=\"{&quot;201341983&quot;:0,&quot;335551550&quot;:2,&quot;335551620&quot;:2,&quot;335559740&quot;:240}\">\u00a0<\/span><\/p>\n<p><span data-contrast=\"auto\">(2\u00a0heures\u00a030 mins)<\/span><span data-ccp-props=\"{&quot;201341983&quot;:0,&quot;335551550&quot;:2,&quot;335551620&quot;:2,&quot;335559740&quot;:240}\">\u00a0<\/span><\/td>\n<td data-celllook=\"4369\"><b><span data-contrast=\"auto\">16<\/span><\/b><span data-ccp-props=\"{&quot;201341983&quot;:0,&quot;335551550&quot;:2,&quot;335551620&quot;:2,&quot;335559740&quot;:240}\">\u00a0<\/span><\/p>\n<p><b><span data-contrast=\"auto\">(5)<\/span><\/b><span data-ccp-props=\"{&quot;201341983&quot;:0,&quot;335551550&quot;:2,&quot;335551620&quot;:2,&quot;335559740&quot;:240}\">\u00a0<\/span><\/td>\n<td data-celllook=\"69905\"><span data-contrast=\"auto\">\u200b6\u202fheures\u00a045 mins<\/span><span data-ccp-props=\"{&quot;201341983&quot;:0,&quot;335551550&quot;:2,&quot;335551620&quot;:2,&quot;335559740&quot;:240}\">\u00a0<\/span><\/p>\n<p><span data-contrast=\"auto\">(3\u00a0heures\u00a045 mins)<\/span><span data-ccp-props=\"{&quot;201341983&quot;:0,&quot;335551550&quot;:2,&quot;335551620&quot;:2,&quot;335559740&quot;:240}\">\u00a0<\/span><\/td>\n<td data-celllook=\"4369\"><b><span data-contrast=\"auto\">9<\/span><\/b><span data-ccp-props=\"{&quot;201341983&quot;:0,&quot;335551550&quot;:2,&quot;335551620&quot;:2,&quot;335559740&quot;:240}\">\u00a0<\/span><\/p>\n<p><b><span data-contrast=\"auto\">(5)<\/span><\/b><span data-ccp-props=\"{&quot;201341983&quot;:0,&quot;335551550&quot;:2,&quot;335551620&quot;:2,&quot;335559740&quot;:240}\">\u00a0<\/span><\/td>\n<\/tr>\n<tr>\n<td data-celllook=\"69905\"><span data-contrast=\"auto\">\u200bMath\u00e9matiques<\/span><span data-ccp-props=\"{&quot;201341983&quot;:0,&quot;335559740&quot;:240}\">\u00a0<\/span><\/td>\n<td data-celllook=\"69905\"><span data-contrast=\"auto\">\u200b4\u00a0heures<\/span><span data-ccp-props=\"{&quot;201341983&quot;:0,&quot;335551550&quot;:2,&quot;335551620&quot;:2,&quot;335559740&quot;:240}\">\u00a0<\/span><\/td>\n<td data-celllook=\"4369\"><b><span data-contrast=\"auto\">8<\/span><\/b><span data-ccp-props=\"{&quot;201341983&quot;:0,&quot;335551550&quot;:2,&quot;335551620&quot;:2,&quot;335559740&quot;:240}\">\u00a0<\/span><\/td>\n<td data-celllook=\"69905\"><span data-contrast=\"auto\">\u200b5\u00a0heures\u00a015 mins<\/span><span data-ccp-props=\"{&quot;201341983&quot;:0,&quot;335551550&quot;:2,&quot;335551620&quot;:2,&quot;335559740&quot;:240}\">\u00a0<\/span><\/td>\n<td data-celllook=\"4369\"><b><span data-contrast=\"auto\">7<\/span><\/b><span data-ccp-props=\"{&quot;201341983&quot;:0,&quot;335551550&quot;:2,&quot;335551620&quot;:2,&quot;335559740&quot;:240}\">\u00a0<\/span><\/td>\n<\/tr>\n<tr>\n<td data-celllook=\"69905\"><span data-contrast=\"auto\">\u200bLangue\u00a02 (L2)\u202f<\/span><span data-ccp-props=\"{&quot;201341983&quot;:0,&quot;335559740&quot;:240}\">\u00a0<\/span><\/td>\n<td data-celllook=\"69905\"><span data-contrast=\"auto\">\u200b2\u00a0heures\u00a030 mins<\/span><span data-ccp-props=\"{&quot;201341983&quot;:0,&quot;335551550&quot;:2,&quot;335551620&quot;:2,&quot;335559740&quot;:240}\">\u00a0<\/span><\/td>\n<td data-celllook=\"4369\"><b><span data-contrast=\"auto\">5<\/span><\/b><span data-ccp-props=\"{&quot;201341983&quot;:0,&quot;335551550&quot;:2,&quot;335551620&quot;:2,&quot;335559740&quot;:240}\">\u00a0<\/span><\/td>\n<td data-celllook=\"69905\"><span data-contrast=\"auto\">\u200b3\u00a0heures\u00a045 mins<\/span><span data-ccp-props=\"{&quot;201341983&quot;:0,&quot;335551550&quot;:2,&quot;335551620&quot;:2,&quot;335559740&quot;:240}\">\u00a0<\/span><\/td>\n<td data-celllook=\"4369\"><b><span data-contrast=\"auto\">5<\/span><\/b><span data-ccp-props=\"{&quot;201341983&quot;:0,&quot;335551550&quot;:2,&quot;335551620&quot;:2,&quot;335559740&quot;:240}\">\u00a0<\/span><\/td>\n<\/tr>\n<tr>\n<td data-celllook=\"69905\"><span data-contrast=\"auto\">\u200bMusique<\/span><br \/>\n<span data-contrast=\"auto\">Art<\/span><br \/>\n<span data-contrast=\"auto\">Education physique<\/span><span data-ccp-props=\"{&quot;201341983&quot;:0,&quot;335559740&quot;:240}\">\u00a0<\/span><\/td>\n<td data-celllook=\"69905\"><span data-contrast=\"auto\">\u200b5\u00a0heures<\/span><span data-ccp-props=\"{&quot;201341983&quot;:0,&quot;335551550&quot;:2,&quot;335551620&quot;:2,&quot;335559740&quot;:240}\">\u00a0<\/span><\/td>\n<td data-celllook=\"4369\"><span data-ccp-props=\"{&quot;201341983&quot;:0,&quot;335551550&quot;:2,&quot;335551620&quot;:2,&quot;335559740&quot;:240}\">\u00a0<\/span><\/p>\n<p><b><span data-contrast=\"auto\">10<\/span><\/b><span data-ccp-props=\"{&quot;201341983&quot;:0,&quot;335551550&quot;:2,&quot;335551620&quot;:2,&quot;335559740&quot;:240}\">\u00a0<\/span><\/td>\n<td data-celllook=\"69905\"><span data-contrast=\"auto\">\u200b3\u00a0heures<\/span><span data-ccp-props=\"{&quot;201341983&quot;:0,&quot;335551550&quot;:2,&quot;335551620&quot;:2,&quot;335559740&quot;:240}\">\u00a0<\/span><\/td>\n<td data-celllook=\"4369\"><b><span data-contrast=\"auto\">1<\/span><\/b><span data-ccp-props=\"{&quot;201341983&quot;:0,&quot;335551550&quot;:2,&quot;335551620&quot;:2,&quot;335559740&quot;:240}\">\u00a0<\/span><\/p>\n<p><b><span data-contrast=\"auto\">1<\/span><\/b><span data-ccp-props=\"{&quot;201341983&quot;:0,&quot;335551550&quot;:2,&quot;335551620&quot;:2,&quot;335559740&quot;:240}\">\u00a0<\/span><\/p>\n<p><b><span data-contrast=\"auto\">2<\/span><\/b><span data-ccp-props=\"{&quot;201341983&quot;:0,&quot;335551550&quot;:2,&quot;335551620&quot;:2,&quot;335559740&quot;:240}\">\u00a0<\/span><\/td>\n<\/tr>\n<tr>\n<td data-celllook=\"69905\"><span data-contrast=\"auto\">\u200bD\u00e9couverte\u00a0du monde\u00a0<\/span><span data-ccp-props=\"{&quot;201341983&quot;:0,&quot;335559740&quot;:240}\">\u00a0<\/span><\/td>\n<td data-celllook=\"69905\"><span data-contrast=\"auto\">\u200b1\u00a0heure\u00a030 mins<\/span><span data-ccp-props=\"{&quot;201341983&quot;:0,&quot;335551550&quot;:2,&quot;335551620&quot;:2,&quot;335559740&quot;:240}\">\u00a0<\/span><\/td>\n<td data-celllook=\"4369\"><b><span data-contrast=\"auto\">3<\/span><\/b><span data-ccp-props=\"{&quot;201341983&quot;:0,&quot;335551550&quot;:2,&quot;335551620&quot;:2,&quot;335559740&quot;:240}\">\u00a0<\/span><\/td>\n<td data-celllook=\"69905\"><span data-contrast=\"auto\">\u200b3\u00a0heures<\/span><span data-ccp-props=\"{&quot;201341983&quot;:0,&quot;335551550&quot;:2,&quot;335551620&quot;:2,&quot;335559740&quot;:240}\">\u00a0<\/span><\/td>\n<td data-celllook=\"4369\"><b><span data-contrast=\"auto\">4<\/span><\/b><span data-ccp-props=\"{&quot;201341983&quot;:0,&quot;335551550&quot;:2,&quot;335551620&quot;:2,&quot;335559740&quot;:240}\">\u00a0<\/span><\/td>\n<\/tr>\n<tr>\n<td data-celllook=\"69905\"><span data-contrast=\"auto\">\u200bHeures\u00a0europ\u00e9ennes<\/span><span data-ccp-props=\"{&quot;201341983&quot;:0,&quot;335559740&quot;:240}\">\u00a0<\/span><\/td>\n<td data-celllook=\"69905\"><span data-contrast=\"auto\">\u200b-<\/span><span data-ccp-props=\"{&quot;201341983&quot;:0,&quot;335551550&quot;:2,&quot;335551620&quot;:2,&quot;335559740&quot;:240}\">\u00a0<\/span><\/td>\n<td data-celllook=\"4369\"><span data-ccp-props=\"{&quot;201341983&quot;:0,&quot;335551550&quot;:2,&quot;335551620&quot;:2,&quot;335559740&quot;:240}\">\u00a0<\/span><\/td>\n<td data-celllook=\"69905\"><span data-contrast=\"auto\">\u200b1\u00a0heure\u00a030 mins<\/span><span data-ccp-props=\"{&quot;201341983&quot;:0,&quot;335551550&quot;:2,&quot;335551620&quot;:2,&quot;335559740&quot;:240}\">\u00a0<\/span><\/td>\n<td data-celllook=\"4369\"><b><span data-contrast=\"auto\">2<\/span><\/b><span data-ccp-props=\"{&quot;201341983&quot;:0,&quot;335551550&quot;:2,&quot;335551620&quot;:2,&quot;335559740&quot;:240}\">\u00a0<\/span><\/td>\n<\/tr>\n<tr>\n<td data-celllook=\"69905\"><span data-contrast=\"auto\">\u200bReligion \/\u00a0Ethique<\/span><span data-ccp-props=\"{&quot;201341983&quot;:0,&quot;335559740&quot;:240}\">\u00a0<\/span><\/td>\n<td data-celllook=\"69905\"><span data-contrast=\"auto\">\u200b1\u00a0heure<\/span><span data-ccp-props=\"{&quot;201341983&quot;:0,&quot;335551550&quot;:2,&quot;335551620&quot;:2,&quot;335559740&quot;:240}\">\u00a0<\/span><\/td>\n<td data-celllook=\"4369\"><b><span data-contrast=\"auto\">2<\/span><\/b><span data-ccp-props=\"{&quot;201341983&quot;:0,&quot;335551550&quot;:2,&quot;335551620&quot;:2,&quot;335559740&quot;:240}\">\u00a0<\/span><\/td>\n<td data-celllook=\"69905\"><span data-contrast=\"auto\">\u200b1\u00a0heure\u00a030 mins<\/span><span data-ccp-props=\"{&quot;201341983&quot;:0,&quot;335551550&quot;:2,&quot;335551620&quot;:2,&quot;335559740&quot;:240}\">\u00a0<\/span><\/td>\n<td data-celllook=\"4369\"><b><span data-contrast=\"auto\">2<\/span><\/b><span data-ccp-props=\"{&quot;201341983&quot;:0,&quot;335551550&quot;:2,&quot;335551620&quot;:2,&quot;335559740&quot;:240}\">\u00a0<\/span><\/td>\n<\/tr>\n<tr>\n<td data-celllook=\"69905\"><span data-contrast=\"auto\">\u200bR\u00e9cr\u00e9ation<\/span><span data-ccp-props=\"{&quot;201341983&quot;:0,&quot;335559740&quot;:240}\">\u00a0<\/span><\/td>\n<td data-celllook=\"69905\"><span data-contrast=\"auto\">\u200b3\u00a0heures\u00a030 mins<\/span><span data-ccp-props=\"{&quot;201341983&quot;:0,&quot;335551550&quot;:2,&quot;335551620&quot;:2,&quot;335559740&quot;:240}\">\u00a0<\/span><\/td>\n<td data-celllook=\"4369\"><b><span data-contrast=\"auto\">210\u2019<\/span><\/b><span data-ccp-props=\"{&quot;201341983&quot;:0,&quot;335551550&quot;:2,&quot;335551620&quot;:2,&quot;335559740&quot;:240}\">\u00a0<\/span><\/td>\n<td data-celllook=\"69905\"><span data-contrast=\"auto\">\u200b2\u00a0heures\u00a030 mins<\/span><span data-ccp-props=\"{&quot;201341983&quot;:0,&quot;335551550&quot;:2,&quot;335551620&quot;:2,&quot;335559740&quot;:240}\">\u00a0<\/span><\/td>\n<td data-celllook=\"4369\"><b><span data-contrast=\"auto\">150\u2019<\/span><\/b><span data-ccp-props=\"{&quot;201341983&quot;:0,&quot;335551550&quot;:2,&quot;335551620&quot;:2,&quot;335559740&quot;:240}\">\u00a0<\/span><\/td>\n<\/tr>\n<tr>\n<td data-celllook=\"69905\"><span data-contrast=\"auto\">\u200b<\/span><b><span data-contrast=\"auto\">Total\u202f<\/span><\/b><span data-ccp-props=\"{&quot;201341983&quot;:0,&quot;335559740&quot;:240}\">\u00a0<\/span><\/td>\n<td data-celllook=\"69905\"><b><span data-contrast=\"auto\">\u200b25\u00a0heures\u00a030 mins<\/span><\/b><span data-ccp-props=\"{&quot;201341983&quot;:0,&quot;335551550&quot;:2,&quot;335551620&quot;:2,&quot;335559740&quot;:240}\">\u00a0<\/span><\/td>\n<td data-celllook=\"4369\"><span data-ccp-props=\"{&quot;201341983&quot;:0,&quot;335551550&quot;:2,&quot;335551620&quot;:2,&quot;335559740&quot;:240}\">\u00a0<\/span><\/td>\n<td data-celllook=\"69905\"><b><span data-contrast=\"auto\">\u200b27\u00a0heures\u00a015 mins<\/span><\/b><span data-ccp-props=\"{&quot;201341983&quot;:0,&quot;335551550&quot;:2,&quot;335551620&quot;:2,&quot;335559740&quot;:240}\">\u00a0<\/span><\/td>\n<td data-celllook=\"4369\"><span data-ccp-props=\"{&quot;201341983&quot;:0,&quot;335551550&quot;:2,&quot;335551620&quot;:2,&quot;335559740&quot;:240}\">\u00a0<\/span><\/td>\n<\/tr>\n<tr>\n<td data-celllook=\"69905\"><span data-contrast=\"auto\">\u200bONL &#8211;\u00a0Irlandais\/Maltais*<\/span><br \/>\n<span data-contrast=\"auto\">ONL \u2013\u00a0Finnois\/\u00a0Su\u00e9dois*\u202f<\/span><span data-ccp-props=\"{&quot;201341983&quot;:0,&quot;335559740&quot;:240}\">\u00a0<\/span><\/td>\n<td data-celllook=\"69905\"><span data-contrast=\"auto\">\u200b1\u00a0heure\u00a030 mins<\/span><span data-ccp-props=\"{&quot;201341983&quot;:0,&quot;335551550&quot;:2,&quot;335551620&quot;:2,&quot;335559740&quot;:240}\">\u00a0<\/span><\/p>\n<p><span data-contrast=\"auto\">&#8211;<\/span><span data-ccp-props=\"{&quot;201341983&quot;:0,&quot;335551550&quot;:2,&quot;335551620&quot;:2,&quot;335559740&quot;:240}\">\u00a0<\/span><\/td>\n<td data-celllook=\"4369\"><b><span data-contrast=\"auto\">3<\/span><\/b><span data-ccp-props=\"{&quot;201341983&quot;:0,&quot;335551550&quot;:2,&quot;335551620&quot;:2,&quot;335559740&quot;:240}\">\u00a0<\/span><\/td>\n<td data-celllook=\"69905\"><span data-contrast=\"auto\">\u200b1\u00a0heure\u00a030 mins<\/span><span data-ccp-props=\"{&quot;201341983&quot;:0,&quot;335551550&quot;:2,&quot;335551620&quot;:2,&quot;335559740&quot;:240}\">\u00a0<\/span><\/p>\n<p><span data-contrast=\"auto\">1\u00a0heure\u00a030 mins<\/span><span data-ccp-props=\"{&quot;201341983&quot;:0,&quot;335551550&quot;:2,&quot;335551620&quot;:2,&quot;335559740&quot;:240}\">\u00a0<\/span><\/td>\n<td data-celllook=\"4369\"><b><span data-contrast=\"auto\">2<\/span><\/b><span data-ccp-props=\"{&quot;201341983&quot;:0,&quot;335551550&quot;:2,&quot;335551620&quot;:2,&quot;335559740&quot;:240}\">\u00a0<\/span><\/p>\n<p><b><span data-contrast=\"auto\">2<\/span><\/b><span data-ccp-props=\"{&quot;201341983&quot;:0,&quot;335551550&quot;:2,&quot;335551620&quot;:2,&quot;335559740&quot;:240}\">\u00a0<\/span><\/td>\n<\/tr>\n<tr>\n<td style=\"border-left: 0; border-right: 0;\" colspan=\"5\">*Autres\u00a0Langues\u00a0Nationales\u00a0enseign\u00e9es\u00a0pendant la\u00a0journ\u00e9e\u00a0de\u00a0classe<\/td>\n<\/tr>\n<\/tbody>\n<\/table>\n<p>[\/vc_column_text][vc_btn title=&#8221;Pour plus d\u2019information veuillez consulter le site des \u00e9coles europ\u00e9ennes www.eursc.eu&#8221; style=&#8221;classic&#8221; color=&#8221;sky&#8221; align=&#8221;left&#8221; i_icon_fontawesome=&#8221;fa fa-external-link&#8221; add_icon=&#8221;true&#8221; link=&#8221;url:https%3A%2F%2Fwww.eursc.eu%2Ffr||target:%20_blank|&#8221;][\/vc_tta_section][vc_tta_section title=&#8221;Premi\u00e8re langue L1&#8243; tab_id=&#8221;1767037344466-893695a9-4df86505-0f72&#8243;][vc_column_text css=&#8221;.vc_custom_1773417060322{margin-top: 15px !important;}&#8221; el_class=&#8221;page-title&#8221;]<\/p>\n<h2><span style=\"color: #4a90c8;\"><strong>Maternelle et Primaire: Premi\u00e8re Langue L1<\/strong><\/span><\/h2>\n<p>[\/vc_column_text][vc_column_text css=&#8221;.vc_custom_1626176171419{padding-top: 10px !important;}&#8221;]<span data-contrast=\"auto\">Un\u00a0principe\u00a0fondamental\u00a0des\u00a0Ecoles\u00a0europ\u00e9ennes\u00a0est\u00a0l&#8217;enseignement\u00a0de la langue\u00a0maternelle\u00a0comme\u00a0premi\u00e8re langue (L1).\u00a0<\/span><span data-ccp-props=\"{&quot;201341983&quot;:0,&quot;335559739&quot;:160,&quot;335559740&quot;:259}\">\u00a0<\/span><\/p>\n<p><span data-contrast=\"auto\">Ce\u00a0principe\u00a0implique\u00a0l&#8217;inscription\u00a0de\u00a0l&#8217;\u00e9l\u00e8ve\u00a0dans la section de\u00a0sa\u00a0langue\u00a0maternelle\u00a0lorsqu&#8217;une\u00a0section\u00a0existe.\u00a0<\/span><span data-ccp-props=\"{&quot;201341983&quot;:0,&quot;335559739&quot;:160,&quot;335559740&quot;:259}\">\u00a0<\/span><\/p>\n<p><span data-contrast=\"auto\">Dans les \u00e9coles o\u00f9 la section correspondant \u00e0 la langue maternelle d&#8217;un \u00e9l\u00e8ve n&#8217;existe pas, celui-ci sera g\u00e9n\u00e9ralement inscrit dans l&#8217;une des<\/span><span data-contrast=\"none\">\u00a0sections de langue\u00a0v\u00e9hiculaire<\/span><span data-contrast=\"auto\">. Il\/elle\u00a0suivra\u00a0les\u00a0cours\u00a0dans\u00a0sa\u00a0langue\u00a0maternelle\u00a0organis\u00e9s\u00a0pour les\u00a0\u00e9l\u00e8ves\u00a0dits\u00a0SWALS (Students Without\u00a0A\u00a0Language Section)\u00a0comme\u00a0L1.\u00a0<\/span><span data-ccp-props=\"{&quot;201341983&quot;:0,&quot;335559739&quot;:160,&quot;335559740&quot;:259}\">\u00a0<\/span><\/p>\n<p><span data-contrast=\"auto\">Les programmes d&#8217;\u00e9tudes sont \u00e9labor\u00e9s par les inspecteurs nationaux des \u00c9tats membres concern\u00e9s et sont ensuite approuv\u00e9s par le Conseil sup\u00e9rieur des \u00e9coles europ\u00e9ennes, qui est l&#8217;autorit\u00e9 de tutelle. Ils tiennent compte des programmes d&#8217;\u00e9tudes nationaux des \u00c9tats membres respectifs et refl\u00e8tent les r\u00e9sultats que les \u00e9l\u00e8ves sont cens\u00e9s atteindre dans leurs syst\u00e8mes nationaux, m\u00eame s&#8217;il ne s&#8217;agit pas d&#8217;une correspondance exacte. <\/span><span data-ccp-props=\"{&quot;201341983&quot;:0,&quot;335559739&quot;:160,&quot;335559740&quot;:259}\">\u00a0<\/span><\/p>\n<p><span data-contrast=\"auto\">Les programmes de la L1\u00a0couvrent\u00a0les cinq\u00a0ann\u00e9es\u00a0du cycle\u00a0primaire. La L1\u00a0est\u00a0enseign\u00e9e\u00a0:\u00a0<\/span><span data-ccp-props=\"{&quot;201341983&quot;:0,&quot;335559739&quot;:160,&quot;335559740&quot;:259}\">\u00a0<\/span><\/p>\n<ul>\n<li><span data-contrast=\"auto\">\u00a0480 minutes en P1\/P2<\/span><span data-ccp-props=\"{&quot;201341983&quot;:0,&quot;335559739&quot;:160,&quot;335559740&quot;:259}\">\u00a0<\/span><\/li>\n<li><span data-contrast=\"auto\">\u00a0405 minutes en P3\/P4\/P5 <\/span><span data-ccp-props=\"{&quot;201341983&quot;:0,&quot;335559739&quot;:160,&quot;335559740&quot;:259}\">\u00a0<\/span><\/li>\n<\/ul>\n<p><span data-contrast=\"auto\">SWALS L1\u00a0est\u00a0enseign\u00e9\u00a0:\u00a0<\/span><span data-ccp-props=\"{&quot;201341983&quot;:0,&quot;335559739&quot;:160,&quot;335559740&quot;:259}\">\u00a0<\/span><\/p>\n<ul>\n<li><span data-contrast=\"auto\">\u00a0150 minutes en P1\/P2<\/span><\/li>\n<li><span data-contrast=\"auto\">\u00a0225 minutes en P3\/P4\/P5<\/span><\/li>\n<\/ul>\n<p>&nbsp;<\/p>\n<p>Pour plus d&#8217;informations concernant le programme de L1 de votre enfant, veuillez consulter le programme respectif qui se trouve sur le site web du Bureau du Secr\u00e9taire g\u00e9n\u00e9ral.[\/vc_column_text][vc_btn title=&#8221;Programmes et descripteurs de niveaux atteints&#8221; style=&#8221;classic&#8221; color=&#8221;sky&#8221; align=&#8221;left&#8221; i_icon_fontawesome=&#8221;fa fa-external-link&#8221; add_icon=&#8221;true&#8221; link=&#8221;url:https%3A%2F%2Fwww.eursc.eu%2Ffr%2FEuropean-Schools%2Fstudies%2Fsyllabuses||target:%20_blank|&#8221;][\/vc_tta_section][vc_tta_section title=&#8221;Math\u00e9matiques&#8221; tab_id=&#8221;1767037479140-aa181a25-e99d6505-0f72&#8243;][vc_column_text css=&#8221;.vc_custom_1773417209857{margin-top: 15px !important;}&#8221; el_class=&#8221;page-title&#8221;]<\/p>\n<h2><span style=\"color: #4a90c8;\"><strong>Maternelle et Primaire : Math\u00e9matiques<\/strong><\/span><\/h2>\n<p>[\/vc_column_text][vc_column_text css=&#8221;.vc_custom_1626178314372{padding-top: 10px !important;}&#8221;]<span data-contrast=\"auto\">En\u00a0ce\u00a0qui\u00a0concerne\u00a0les\u00a0math\u00e9matiques, les\u00a0\u00e9l\u00e8ves\u00a0ont\u00a0besoin\u00a0d&#8217;une\u00a0base, de\u00a0mod\u00e8les\u00a0et de\u00a0processus\u00a0construits\u00a0par\u00a0la\u00a0r\u00e9p\u00e9tition, la pratique et le rappel. La\u00a0cr\u00e9ativit\u00e9\u00a0est\u00a0encourag\u00e9e\u00a0et\u00a0\u00e9tendue\u00a0par le jeu, la recherche, la\u00a0d\u00e9couverte\u00a0et les\u00a0activit\u00e9s\u00a0de construction. Un accent particulier\u00a0est\u00a0mis sur le\u00a0d\u00e9veloppement\u00a0de la pens\u00e9e\u00a0logique\u00a0et de la\u00a0r\u00e9solution\u00a0de\u00a0probl\u00e8mes. Les situations\u00a0math\u00e9matiques\u00a0offertes\u00a0par\u00a0l&#8217;environnement, la\u00a0technologie\u00a0et la culture\u00a0aident\u00a0les\u00a0\u00e9l\u00e8ves\u00a0\u00e0 prendre conscience de\u00a0l&#8217;utilit\u00e9\u00a0des\u00a0math\u00e9matiques.\u00a0<\/span><span data-ccp-props=\"{&quot;201341983&quot;:0,&quot;335559739&quot;:160,&quot;335559740&quot;:259}\">\u00a0<\/span><\/p>\n<p><span data-contrast=\"auto\">\u00a0<\/span><span data-ccp-props=\"{&quot;201341983&quot;:0,&quot;335559739&quot;:160,&quot;335559740&quot;:259}\">\u00a0<\/span><\/p>\n<p><span data-contrast=\"auto\">Notre\u00a0approche\u00a0consiste\u00a0\u00e0 :\u00a0<\/span><span data-ccp-props=\"{&quot;201341983&quot;:0,&quot;335559739&quot;:160,&quot;335559740&quot;:259}\">\u00a0<\/span><\/p>\n<ul>\n<li data-leveltext=\"-\" data-font=\"Calibri\" data-listid=\"3\" data-aria-posinset=\"1\" data-aria-level=\"1\"><span data-contrast=\"auto\">encourager\u00a0une\u00a0approche\u00a0multi-sensorielle\u00a0:\u00a0visuelle, auditive et\u00a0<\/span><span data-contrast=\"none\">kinesth\u00e9sique\u00a0<\/span><span data-contrast=\"auto\">;\u00a0<\/span><span data-ccp-props=\"{&quot;134233279&quot;:true,&quot;201341983&quot;:0,&quot;335559739&quot;:160,&quot;335559740&quot;:259}\">\u00a0<\/span><\/li>\n<\/ul>\n<ul>\n<li data-leveltext=\"-\" data-font=\"Calibri\" data-listid=\"4\" data-aria-posinset=\"1\" data-aria-level=\"1\"><span data-contrast=\"auto\">planifier la progression en s&#8217;appuyant sur les connaissances math\u00e9matiques des \u00e9l\u00e8ves ; <\/span><span data-ccp-props=\"{&quot;134233279&quot;:true,&quot;201341983&quot;:0,&quot;335559739&quot;:160,&quot;335559740&quot;:259}\">\u00a0<\/span><\/li>\n<li data-leveltext=\"-\" data-font=\"Calibri\" data-listid=\"5\" data-aria-posinset=\"2\" data-aria-level=\"1\"><span data-contrast=\"auto\">diff\u00e9rencier\u00a0l&#8217;enseignement\u00a0pour\u00a0r\u00e9pondre\u00a0\u00e0\u00a0toutes\u00a0les\u00a0capacit\u00e9s\u00a0;\u00a0<\/span><span data-ccp-props=\"{&quot;134233279&quot;:true,&quot;201341983&quot;:0,&quot;335559739&quot;:160,&quot;335559740&quot;:259}\">\u00a0<\/span><\/li>\n<li data-leveltext=\"-\" data-font=\"Calibri\" data-listid=\"6\" data-aria-posinset=\"3\" data-aria-level=\"1\"><span data-contrast=\"auto\">utiliser et\u00a0enseigner\u00a0le\u00a0langage\u00a0math\u00e9matique\u00a0<\/span><span data-ccp-props=\"{&quot;134233279&quot;:true,&quot;201341983&quot;:0,&quot;335559739&quot;:160,&quot;335559740&quot;:259}\">\u00a0<\/span><\/li>\n<li data-leveltext=\"-\" data-font=\"Calibri\" data-listid=\"7\" data-aria-posinset=\"4\" data-aria-level=\"1\"><span data-contrast=\"auto\">mettre\u00a0l&#8217;accent\u00a0sur les\u00a0strat\u00e9gies\u00a0de\u00a0calcul\u00a0mental ;\u00a0<\/span><span data-ccp-props=\"{&quot;134233279&quot;:true,&quot;201341983&quot;:0,&quot;335559739&quot;:160,&quot;335559740&quot;:259}\">\u00a0<\/span><\/li>\n<li data-leveltext=\"-\" data-font=\"Calibri\" data-listid=\"8\" data-aria-posinset=\"5\" data-aria-level=\"1\"><span data-contrast=\"auto\">utiliser un large\u00a0\u00e9ventail\u00a0de\u00a0ressources, y\u00a0compris\u00a0les\u00a0TIC ;\u00a0<\/span><span data-ccp-props=\"{&quot;134233279&quot;:true,&quot;201341983&quot;:0,&quot;335559739&quot;:160,&quot;335559740&quot;:259}\">\u00a0<\/span><\/li>\n<\/ul>\n<ul>\n<li data-leveltext=\"-\" data-font=\"Calibri\" data-listid=\"9\" data-aria-posinset=\"1\" data-aria-level=\"1\"><span data-contrast=\"auto\">d\u00e9montrer\u00a0les liens entre les\u00a0domaines\u00a0des\u00a0math\u00e9matiques\u00a0;\u00a0<\/span><span data-ccp-props=\"{&quot;134233279&quot;:true,&quot;201341983&quot;:0,&quot;335559739&quot;:160,&quot;335559740&quot;:259}\">\u00a0<\/span><\/li>\n<li data-leveltext=\"-\" data-font=\"Calibri\" data-listid=\"9\" data-aria-posinset=\"2\" data-aria-level=\"1\"><span data-contrast=\"auto\">d\u00e9velopper\u00a0des\u00a0comp\u00e9tences\u00a0en\u00a0mati\u00e8re de discussion,\u00a0notamment\u00a0l&#8217;\u00e9coute\u00a0active, la\u00a0r\u00e9action\u00a0positive \u00e0\u00a0l&#8217;opinion\u00a0des\u00a0autres, la prise de parole, la\u00a0confiance\u00a0en\u00a0soi pour\u00a0pr\u00e9senter\u00a0une\u00a0opinion, la\u00a0capacit\u00e9\u00a0\u00e0\u00a0expliquer\u00a0clairement\u00a0son point de\u00a0vue.\u00a0<\/span><span data-ccp-props=\"{&quot;134233279&quot;:true,&quot;201341983&quot;:0,&quot;335559739&quot;:160,&quot;335559740&quot;:259}\">\u00a0<\/span><\/li>\n<li data-leveltext=\"-\" data-font=\"Calibri\" data-listid=\"10\" data-aria-posinset=\"3\" data-aria-level=\"1\"><span data-contrast=\"auto\">encourager les\u00a0\u00e9l\u00e8ves\u00a0\u00e0\u00a0consid\u00e9rer\u00a0les\u00a0id\u00e9es\u00a0fausses\u00a0et les\u00a0erreurs\u00a0comme\u00a0faisant\u00a0partie\u00a0du\u00a0processus\u00a0d&#8217;apprentissage.\u00a0<\/span><span data-ccp-props=\"{&quot;134233279&quot;:true,&quot;201341983&quot;:0,&quot;335559739&quot;:160,&quot;335559740&quot;:259}\">\u00a0<\/span><\/li>\n<\/ul>\n<p><span data-ccp-props=\"{&quot;201341983&quot;:0,&quot;335559739&quot;:160,&quot;335559740&quot;:259}\">\u00a0<\/span><\/p>\n<p><span data-contrast=\"auto\">Le programme de\u00a0math\u00e9matiques\u00a0couvre\u00a0les cinq\u00a0ann\u00e9es\u00a0de\u00a0l&#8217;\u00e9cole\u00a0primaire. La mati\u00e8re\u00a0est\u00a0enseign\u00e9e\u00a0:\u00a0<\/span><span data-ccp-props=\"{&quot;201341983&quot;:0,&quot;335559739&quot;:160,&quot;335559740&quot;:259}\">\u00a0<\/span><\/p>\n<ul>\n<li><span data-contrast=\"auto\">240 minutes par semaine en P1\/P2<\/span><\/li>\n<li><span data-contrast=\"auto\">315 minutes par semaine en P3\/P4\/P5<\/span><\/li>\n<\/ul>\n<p>[\/vc_column_text][vc_btn title=&#8221;Pour plus d&#8217;informations, veuillez consulter le programme de math\u00e9matiques&#8221; style=&#8221;classic&#8221; color=&#8221;sky&#8221; align=&#8221;left&#8221; i_icon_fontawesome=&#8221;&#8221; css=&#8221;&#8221; add_icon=&#8221;true&#8221; link=&#8221;url:https%3A%2F%2Fwww.eursc.eu%2Ffr%2Feuropean-schools%2Fstudies%2Fsyllabuses%2Fprimary-mathematics%2F|target:_blank&#8221;][\/vc_tta_section][vc_tta_section title=&#8221;Deuxi\u00e8me langue L2&#8243; tab_id=&#8221;1767037522068-1d82b1f1-a2856505-0f72&#8243;][vc_column_text css=&#8221;.vc_custom_1773417336121{margin-top: 15px !important;}&#8221; el_class=&#8221;page-title&#8221;]<\/p>\n<h2><span style=\"color: #4a90c8;\"><strong>Maternelle et Primaire : Deuxi\u00e8me langue L2\u00a0<\/strong><\/span><\/h2>\n<p>[\/vc_column_text][vc_column_text css=&#8221;.vc_custom_1626247787888{padding-top: 10px !important;}&#8221;]<span data-contrast=\"auto\">L&#8217;enseignement\u00a0de la\u00a0deuxi\u00e8me\u00a0langue commence\u00a0d\u00e8s\u00a0la premi\u00e8re\u00a0ann\u00e9e\u00a0du cycle\u00a0primaire.\u00a0<\/span><span data-ccp-props=\"{&quot;201341983&quot;:0,&quot;335559739&quot;:160,&quot;335559740&quot;:259}\">\u00a0<\/span><\/p>\n<p><span data-contrast=\"auto\">Son\u00a0choix\u00a0est\u00a0une\u00a0pr\u00e9rogative\u00a0des parents et\u00a0est\u00a0fondamental\u00a0puisque\u00a0les\u00a0\u00e9l\u00e8ves\u00a0suivent\u00a0une\u00a0grande\u00a0partie\u00a0de\u00a0leurs\u00a0cours\u00a0tout au long de\u00a0leur\u00a0scolarit\u00e9\u00a0dans\u00a0cette\u00a0langue.\u00a0<\/span><span data-ccp-props=\"{&quot;201341983&quot;:0,&quot;335559739&quot;:160,&quot;335559740&quot;:259}\">\u00a0<\/span><\/p>\n<p><span data-contrast=\"auto\">Il est recommand\u00e9 que la deuxi\u00e8me langue (allemand, fran\u00e7ais, anglais), qui est choisie \u00e0 l&#8217;\u00e9cole primaire, soit une langue avec laquelle l&#8217;\u00e9l\u00e8ve est en contact, c&#8217;est-\u00e0-dire : <\/span><span data-ccp-props=\"{&quot;201341983&quot;:0,&quot;335559739&quot;:160,&quot;335559740&quot;:259}\">\u00a0<\/span><\/p>\n<ul>\n<li data-leveltext=\"\uf0b7\" data-font=\"Symbol\" data-listid=\"5\" data-aria-posinset=\"1\" data-aria-level=\"1\"><span data-contrast=\"auto\">la\u00a0deuxi\u00e8me\u00a0langue\u00a0parl\u00e9e\u00a0\u00e0 la\u00a0maison\u00a0ou\u00a0<\/span><span data-ccp-props=\"{&quot;134233279&quot;:true,&quot;201341983&quot;:0,&quot;335559739&quot;:160,&quot;335559740&quot;:259}\">\u00a0<\/span><\/li>\n<li data-leveltext=\"\uf0b7\" data-font=\"Symbol\" data-listid=\"5\" data-aria-posinset=\"2\" data-aria-level=\"1\"><span data-contrast=\"auto\">la langue du pays\u00a0d&#8217;accueil\u00a0ou\u00a0<\/span><span data-ccp-props=\"{&quot;134233279&quot;:true,&quot;201341983&quot;:0,&quot;335559739&quot;:160,&quot;335559740&quot;:259}\">\u00a0<\/span><\/li>\n<li data-leveltext=\"\uf0b7\" data-font=\"Symbol\" data-listid=\"5\" data-aria-posinset=\"3\" data-aria-level=\"1\"><span data-contrast=\"auto\">la langue dans laquelle l&#8217;enfant peut avoir des contacts fr\u00e9quents et r\u00e9guliers (famille, amis, vacances, &#8230;).\u00a0<\/span> \u00a0\u00a0<span data-ccp-props=\"{&quot;201341983&quot;:0,&quot;335559739&quot;:160,&quot;335559740&quot;:259}\">\u00a0<\/span><\/li>\n<\/ul>\n<p><span data-contrast=\"auto\">Une\u00a0fois\u00a0le\u00a0choix\u00a0de la\u00a0deuxi\u00e8me\u00a0langue\u00a0effectu\u00e9, il\u00a0reste\u00a0valable\u00a0pour\u00a0toute\u00a0la\u00a0scolarit\u00e9\u00a0tout au long du cycle\u00a0primaire\u00a0et\u00a0secondaire.\u00a0<\/span><span data-ccp-props=\"{&quot;201341983&quot;:0,&quot;335559739&quot;:160,&quot;335559740&quot;:259}\">\u00a0<\/span><\/p>\n<p><span data-contrast=\"auto\">\u00a0<\/span><span data-contrast=\"auto\">Si vous \u00eates dans une situation particuli\u00e8re en ce qui concerne la deuxi\u00e8me langue et que vous souhaitez recevoir des informations compl\u00e9mentaires sur la politique de l&#8217;\u00e9cole en mati\u00e8re de deuxi\u00e8me langue, veuillez contacter la directrice adjointe de l&#8217;\u00e9cole primaire. <\/span><span data-ccp-props=\"{&quot;201341983&quot;:0,&quot;335559739&quot;:160,&quot;335559740&quot;:259}\">\u00a0<\/span><\/p>\n<p><span data-contrast=\"auto\">Le programme\u00a0d&#8217;\u00e9tudes, qui fait\u00a0partie\u00a0des programmes\u00a0harmonis\u00e9s,\u00a0couvre\u00a0les cinq\u00a0ann\u00e9es\u00a0du cycle\u00a0primaire. La\u00a0deuxi\u00e8me\u00a0langue\u00a0est\u00a0enseign\u00e9e\u00a0:\u00a0<\/span><span data-ccp-props=\"{&quot;201341983&quot;:0,&quot;335559739&quot;:160,&quot;335559740&quot;:259}\">\u00a0<\/span><\/p>\n<ul>\n<li><span data-contrast=\"auto\">150 minutes par semaine en P1 (\u00e0 partir de novembre)<\/span><\/li>\n<li><span data-contrast=\"auto\">180 minutes par semaine en P2<\/span><\/li>\n<li><span data-contrast=\"auto\">225 minutes par semaine en P3\/P4\/P5<\/span><\/li>\n<\/ul>\n<p>[\/vc_column_text][vc_btn title=&#8221;Pour plus d&#8217;informations, veuillez consulter le programme commun pour la deuxi\u00e8me langue&#8221; style=&#8221;classic&#8221; color=&#8221;sky&#8221; align=&#8221;left&#8221; i_icon_fontawesome=&#8221;&#8221; css=&#8221;&#8221; add_icon=&#8221;true&#8221; link=&#8221;url:https%3A%2F%2Fwww.eursc.eu%2Ffr%2Feuropean-schools%2Fstudies%2Fsyllabuses%2Fprimary-language-2%2F|target:_blank&#8221;][\/vc_tta_section][vc_tta_section title=&#8221;EP, Arts et Musique&#8221; tab_id=&#8221;1767037571671-96124f41-5b2f6505-0f72&#8243;][vc_column_text css=&#8221;.vc_custom_1773417460616{margin-top: 15px !important;}&#8221; el_class=&#8221;page-title&#8221;]<\/p>\n<h2><strong><span style=\"color: #4a90c8;\">Maternelle et Primaire : \u00c9ducation Physique, Arts et Musique<\/span><\/strong><\/h2>\n<p>[\/vc_column_text][vc_column_text css=&#8221;.vc_custom_1626157978654{padding-top: 10px !important;}&#8221;]<span data-contrast=\"auto\">Les programmes d&#8217;art, de musique et\u00a0d&#8217;\u00e9ducation\u00a0physique\u00a0couvrent\u00a0les cinq\u00a0ann\u00e9es\u00a0du cycle\u00a0primaire.\u00a0Ces\u00a0mati\u00e8res\u00a0sont\u00a0enseign\u00e9es\u00a0:\u00a0\u00a0<\/span><\/p>\n<ul>\n<li><span data-contrast=\"auto\">300 minutes par semaine en P1\/P2 (trois mati\u00e8res combin\u00e9es)<\/span><\/li>\n<li><span data-contrast=\"auto\">180 minutes par semaine en P3\/P4\/P5 (trois mati\u00e8res combin\u00e9es)<\/span><\/li>\n<\/ul>\n<p><span data-contrast=\"auto\">\u00a0Vous\u00a0trouverez\u00a0ci-dessous\u00a0une\u00a0br\u00e8ve\u00a0pr\u00e9sentation\u00a0de\u00a0chaque\u00a0mati\u00e8re et le lien\u00a0vers\u00a0les programmes\u00a0officiels\u00a0des \u00e9coles\u00a0europ\u00e9ennes.\u00a0<\/span><span data-ccp-props=\"{&quot;201341983&quot;:0,&quot;335559739&quot;:160,&quot;335559740&quot;:259}\">\u00a0<\/span><\/p>\n<p>&nbsp;<\/p>\n<h3><span data-contrast=\"auto\">L&#8217;\u00e9ducation\u00a0physique\u00a0<\/span><span data-ccp-props=\"{&quot;201341983&quot;:0,&quot;335559739&quot;:160,&quot;335559740&quot;:259}\">\u00a0<\/span><\/h3>\n<p><span data-contrast=\"auto\">\u00a0Le programme d&#8217;\u00e9ducation physique (EP) repose sur une vision holistique de l&#8217;enfant qui reconna\u00eet son niveau de maturit\u00e9 physique, mentale et sociale. Il vise \u00e0 faire comprendre comment les activit\u00e9s physiques affectent la sant\u00e9 de mani\u00e8re positive et \u00e0 souligner l&#8217;importance d&#8217;un \u00e9quipement ad\u00e9quat et des habitudes d&#8217;hygi\u00e8ne personnelle. Gr\u00e2ce \u00e0 l&#8217;\u00e9ducation physique, les enfants devraient s&#8217;int\u00e9resser \u00e0 l&#8217;activit\u00e9 physique tout au long de leur vie. L&#8217;\u00e9ducation physique doit motiver et encourager les enfants \u00e0 faire du sport pendant leur temps libre. <\/span><span data-ccp-props=\"{&quot;201341983&quot;:0,&quot;335559739&quot;:160,&quot;335559740&quot;:259}\">\u00a0<\/span><\/p>\n<p><span data-contrast=\"auto\">L&#8217;\u00e9ducation physique offre un large \u00e9ventail de possibilit\u00e9s aux enfants pour essayer et pratiquer diff\u00e9rentes activit\u00e9s. Le d\u00e9veloppement des comp\u00e9tences sociales (comme le fair-play, la coop\u00e9ration, la tol\u00e9rance, le respect, etc.) et des comp\u00e9tences cognitives (par exemple, la tactique, les r\u00e8gles, le contr\u00f4le du corps, les aspects li\u00e9s \u00e0 la sant\u00e9 et \u00e0 la s\u00e9curit\u00e9) sont abord\u00e9s et pris en compte dans l&#8217;enseignement de l&#8217;\u00e9ducation physique. <\/span><span data-ccp-props=\"{&quot;201341983&quot;:0,&quot;335559739&quot;:160,&quot;335559740&quot;:259}\">\u00a0<\/span><\/p>\n<p><span data-contrast=\"auto\">L&#8217;\u00e9ducation physique est propos\u00e9e pendant les le\u00e7ons d&#8217;\u00e9ducation physique dans le gymnase, la piscine et\/ou dans les espaces ext\u00e9rieurs. L&#8217;enseignant d&#8217;\u00e9ducation physique est l&#8217;enseignant de la classe ou un enseignant sp\u00e9cialis\u00e9. <\/span><span data-ccp-props=\"{&quot;201341983&quot;:0,&quot;335559739&quot;:160,&quot;335559740&quot;:259}\">\u00a0<\/span>[\/vc_column_text][vc_btn title=&#8221;Pour plus d&#8217;informations, veuillez consulter le syllabus d&#8217;\u00e9ducation physique&#8221; style=&#8221;classic&#8221; color=&#8221;sky&#8221; align=&#8221;left&#8221; i_icon_fontawesome=&#8221;&#8221; css=&#8221;&#8221; add_icon=&#8221;true&#8221; link=&#8221;url:https%3A%2F%2Fwww.eursc.eu%2Ffr%2Feuropean-schools%2Fstudies%2Fsyllabuses%2Fprimary-physical-education%2F|target:_blank&#8221;][vc_column_text css=&#8221;.vc_custom_1626157890582{padding-top: 10px !important;}&#8221;]<\/p>\n<h3><span data-contrast=\"auto\">\u00c9ducation\u00a0artistique\u00a0<\/span><span data-ccp-props=\"{&quot;201341983&quot;:0,&quot;335559739&quot;:160,&quot;335559740&quot;:259}\">\u00a0<\/span><\/h3>\n<p><span data-contrast=\"auto\">\u00a0L&#8217;objectif\u00a0de\u00a0l&#8217;\u00e9ducation\u00a0artistique\u00a0dans les \u00e9coles\u00a0europ\u00e9ennes\u00a0est\u00a0de\u00a0d\u00e9velopper\u00a0l&#8217;expression\u00a0: expression des sentiments et des\u00a0\u00e9motions\u00a0dans la\u00a0d\u00e9couverte\u00a0de\u00a0l&#8217;art,\u00a0mais\u00a0aussi\u00a0expression et pratique dans\u00a0l&#8217;utilisation\u00a0de\u00a0diff\u00e9rents\u00a0m\u00e9dias\u00a0artistiques.\u00a0L&#8217;\u00e9ducation\u00a0artistique\u00a0favorise\u00a0la libre expression, la prise\u00a0d&#8217;initiative\u00a0et le\u00a0r\u00f4le\u00a0de\u00a0l&#8217;individu\u00a0dans la\u00a0cr\u00e9ativit\u00e9, dans\u00a0sa\u00a0vie\u00a0priv\u00e9e\u00a0ou\u00a0publique.\u00a0<\/span><span data-ccp-props=\"{&quot;201341983&quot;:0,&quot;335559739&quot;:160,&quot;335559740&quot;:259}\">\u00a0<\/span><\/p>\n<p><span data-contrast=\"auto\">\u00a0Les arts\u00a0donnent\u00a0l&#8217;occasion\u00a0de\u00a0d\u00e9couvrir\u00a0des\u00a0id\u00e9es, des sentiments et des\u00a0exp\u00e9riences\u00a0cr\u00e9atives\u00a0dans la musique, les\u00a0gestes\u00a0et les\u00a0mouvements. Cette\u00a0d\u00e9couverte\u00a0enrichit\u00a0l&#8217;enfant\u00a0et\u00a0lui\u00a0permet\u00a0de\u00a0questionner\u00a0ses\u00a0propres\u00a0interpr\u00e9tations\u00a0et\u00a0repr\u00e9sentations\u00a0du monde, de\u00a0s&#8217;\u00e9loigner\u00a0des cadres\u00a0\u00e9tablis\u00a0; de\u00a0construire\u00a0des\u00a0r\u00e9f\u00e9rences\u00a0culturelles\u00a0et\u00a0esth\u00e9tiques.\u00a0L&#8217;\u00e9ducation\u00a0artistique\u00a0dans les \u00e9coles\u00a0europ\u00e9ennes\u00a0consid\u00e8re\u00a0l&#8217;art\u00a0comme\u00a0un\u00a0outil\u00a0social et\u00a0culturel\u00a0puissant qui\u00a0favorise\u00a0les\u00a0\u00e9changes\u00a0et unit les\u00a0personnes\u00a0dans des\u00a0projets\u00a0collectifs\u00a0ou\u00a0des\u00a0projets\u00a0artistiques\u00a0interculturels. Les arts\u00a0contribuent\u00a0au\u00a0d\u00e9veloppement\u00a0global de\u00a0l&#8217;enfant\u00a0dans quatre\u00a0domaines\u00a0:\u00a0psychologique,\u00a0socioculturel, physique et\u00a0cognitif.\u00a0<\/span><span data-ccp-props=\"{&quot;201341983&quot;:0,&quot;335559739&quot;:160,&quot;335559740&quot;:259}\">\u00a0<\/span>[\/vc_column_text][vc_btn title=&#8221;Pour plus d&#8217;informations, veuillez consulter le syllabus d&#8217;\u00e9ducation artistique&#8221; style=&#8221;classic&#8221; color=&#8221;sky&#8221; align=&#8221;left&#8221; i_icon_fontawesome=&#8221;fa fa-file-text-o&#8221; add_icon=&#8221;true&#8221; link=&#8221;url:https%3A%2F%2Fwww.eursc.eu%2FSyllabuses%2F2013-04-D-10-en-2.pdf||target:%20_blank|&#8221;][vc_column_text css=&#8221;.vc_custom_1626157856898{padding-top: 10px !important;}&#8221;]<\/p>\n<h3><span data-contrast=\"auto\">Musique\u00a0<\/span><span data-ccp-props=\"{&quot;201341983&quot;:0,&quot;335559739&quot;:160,&quot;335559740&quot;:259}\">\u00a0<\/span><\/h3>\n<p><span data-contrast=\"auto\">L&#8217;objectif\u00a0central\u00a0est\u00a0de\u00a0maintenir\u00a0et de\u00a0d\u00e9velopper\u00a0le\u00a0plaisir\u00a0des enfants pour la musique. Les enfants\u00a0entrent\u00a0\u00e0\u00a0l&#8217;\u00e9cole\u00a0primaire\u00a0en\u00a0ayant\u00a0v\u00e9cu\u00a0une\u00a0s\u00e9rie\u00a0d&#8217;exp\u00e9riences\u00a0musicales\u00a0agr\u00e9ables.\u00a0Ils\u00a0devraient\u00a0quitter\u00a0l&#8217;\u00e9cole\u00a0secondaire\u00a0avec\u00a0ce\u00a0plaisir\u00a0intact. En\u00a0fait, il\u00a0devrait\u00a0s&#8217;approfondir\u00a0au fur et \u00e0\u00a0mesure\u00a0que\u00a0leurs\u00a0connaissances,\u00a0leurs\u00a0comp\u00e9tences\u00a0et\u00a0leur\u00a0compr\u00e9hension\u00a0de la musique se\u00a0d\u00e9veloppent.\u00a0<\/span><span data-ccp-props=\"{&quot;201341983&quot;:0,&quot;335559739&quot;:160,&quot;335559740&quot;:259}\">\u00a0<\/span><\/p>\n<p><span data-contrast=\"auto\">Le programme de musique\u00a0est\u00a0divis\u00e9\u00a0en\u00a0trois\u00a0domaines\u00a0:\u00a0<\/span><span data-ccp-props=\"{&quot;201341983&quot;:0,&quot;335559739&quot;:160,&quot;335559740&quot;:259}\">\u00a0<\/span><\/p>\n<ul>\n<li data-leveltext=\"\uf0b7\" data-font=\"Symbol\" data-listid=\"1\" data-aria-posinset=\"1\" data-aria-level=\"1\"><span data-contrast=\"auto\">\u00a0faire de la musique et\u00a0jouer,\u00a0<\/span><span data-ccp-props=\"{&quot;134233279&quot;:true,&quot;201341983&quot;:0,&quot;335559739&quot;:160,&quot;335559740&quot;:259}\">\u00a0<\/span><\/li>\n<\/ul>\n<ul>\n<li data-leveltext=\"\uf0b7\" data-font=\"Symbol\" data-listid=\"1\" data-aria-posinset=\"1\" data-aria-level=\"1\"><span data-contrast=\"auto\">\u00a0\u00e9couter\u00a0et\u00a0r\u00e9agir,\u00a0<\/span><span data-ccp-props=\"{&quot;134233279&quot;:true,&quot;201341983&quot;:0,&quot;335559739&quot;:160,&quot;335559740&quot;:259}\">\u00a0<\/span><\/li>\n<li data-leveltext=\"\uf0b7\" data-font=\"Symbol\" data-listid=\"1\" data-aria-posinset=\"2\" data-aria-level=\"1\"><span data-contrast=\"auto\">\u00a0composer.\u00a0<\/span><span data-ccp-props=\"{&quot;134233279&quot;:true,&quot;201341983&quot;:0,&quot;335559739&quot;:160,&quot;335559740&quot;:259}\">\u00a0<\/span><\/li>\n<\/ul>\n<p>[\/vc_column_text][vc_btn title=&#8221;Pour plus d&#8217;informations, veuillez consulter le syllabus d&#8217;\u00e9ducation musicale&#8221; style=&#8221;classic&#8221; color=&#8221;sky&#8221; align=&#8221;left&#8221; i_icon_fontawesome=&#8221;&#8221; css=&#8221;&#8221; add_icon=&#8221;true&#8221; link=&#8221;url:https%3A%2F%2Fwww.eursc.eu%2Ffr%2Feuropean-schools%2Fstudies%2Fsyllabuses%2Fprimary-music%2F|target:_blank&#8221;][\/vc_tta_section][vc_tta_section title=&#8221;DDM&#8221; tab_id=&#8221;1767037588095-0ab5fbb6-1e866505-0f72&#8243;][vc_column_text css=&#8221;.vc_custom_1773417720770{margin-top: 15px !important;}&#8221; el_class=&#8221;page-title&#8221;]<\/p>\n<h2><strong><span style=\"color: #4a90c8;\">Maternelle et Primaire : D\u00e9couverte du Monde<\/span><\/strong><\/h2>\n<p>[\/vc_column_text][vc_column_text css=&#8221;.vc_custom_1626247666354{padding-top: 10px !important;}&#8221;]<span data-contrast=\"auto\">L&#8217;objectif principal du programme D\u00e9couverte du monde est de donner aux \u00e9l\u00e8ves un cadre de r\u00e9f\u00e9rences communes pour d\u00e9velopper une compr\u00e9hension d&#8217;eux-m\u00eames et du monde. En outre, le programme D\u00e9couverte du monde pr\u00e9pare les \u00e9l\u00e8ves \u00e0 la transition vers l&#8217;enseignement secondaire. <\/span><span data-ccp-props=\"{&quot;201341983&quot;:0,&quot;335559739&quot;:160,&quot;335559740&quot;:259}\">\u00a0<\/span><\/p>\n<p><span data-contrast=\"auto\">Le programme se compose de cinq domaines d&#8217;\u00e9tude diff\u00e9rents (biologique, historique, socioculturel, g\u00e9ographique et technologique), chacun de ces domaines \u00e9tant divis\u00e9 en sujets sp\u00e9cifiques pour chaque groupe d&#8217;\u00e2ge. <\/span><span data-ccp-props=\"{&quot;201341983&quot;:0,&quot;335559739&quot;:160,&quot;335559740&quot;:259}\">\u00a0<\/span><\/p>\n<p><span data-contrast=\"auto\">En accord avec les principes \u00e9ducatifs de la p\u00e9dagogie de l&#8217;\u00e9cole europ\u00e9enne, l&#8217;approche appliqu\u00e9e privil\u00e9gie un d\u00e9veloppement holistique de l&#8217;enfant et de son r\u00f4le actif dans l&#8217;apprentissage. Les strat\u00e9gies d&#8217;enseignement suivantes sont encourag\u00e9es : <\/span><span data-ccp-props=\"{&quot;201341983&quot;:0,&quot;335559739&quot;:160,&quot;335559740&quot;:259}\">\u00a0<\/span><\/p>\n<ul>\n<li><span data-contrast=\"auto\">Apprentissage bas\u00e9 sur la d\u00e9couverte &#8211; La d\u00e9couverte guid\u00e9e d\u00e9veloppe la curiosit\u00e9, la cr\u00e9ativit\u00e9 et la pens\u00e9e critique, menant \u00e0 un apprentissage ind\u00e9pendant.\u00a0<\/span><span data-ccp-props=\"{&quot;134233279&quot;:true,&quot;201341983&quot;:0,&quot;335559739&quot;:160,&quot;335559740&quot;:259}\">\u00a0<\/span><\/li>\n<li data-leveltext=\"-\" data-font=\"Calibri\" data-listid=\"3\" data-aria-posinset=\"2\" data-aria-level=\"1\"><span data-contrast=\"auto\">Les liens inter-curriculaires\u00a0sont\u00a0fortement\u00a0encourag\u00e9s\u00a0pour\u00a0promouvoir\u00a0le\u00a0d\u00e9veloppement\u00a0holistique\u00a0de\u00a0l&#8217;\u00e9l\u00e8ve.\u00a0<\/span><span data-ccp-props=\"{&quot;134233279&quot;:true,&quot;201341983&quot;:0,&quot;335559739&quot;:160,&quot;335559740&quot;:259}\">\u00a0<\/span><\/li>\n<\/ul>\n<ul>\n<li data-leveltext=\"-\" data-font=\"Calibri\" data-listid=\"4\" data-aria-posinset=\"1\" data-aria-level=\"1\"><span data-contrast=\"auto\">La promotion\u00a0d&#8217;une\u00a0perspective\u00a0europ\u00e9enne\u00a0en\u00a0accord avec les\u00a0principes\u00a0et les\u00a0objectifs\u00a0des \u00e9coles\u00a0europ\u00e9ennes.\u00a0<\/span><span data-ccp-props=\"{&quot;134233279&quot;:true,&quot;201341983&quot;:0,&quot;335559739&quot;:160,&quot;335559740&quot;:259}\">\u00a0<\/span><\/li>\n<li data-leveltext=\"-\" data-font=\"Calibri\" data-listid=\"5\" data-aria-posinset=\"2\" data-aria-level=\"1\"><span data-contrast=\"auto\">Une gamme de m\u00e9thodes d&#8217;enseignement pour soutenir les diff\u00e9rents styles d&#8217;apprentissage, y compris la diff\u00e9renciation, le travail coop\u00e9ratif en groupes ou en paires ;\u00a0<\/span><span data-ccp-props=\"{&quot;134233279&quot;:true,&quot;201341983&quot;:0,&quot;335559739&quot;:160,&quot;335559740&quot;:259}\">\u00a0<\/span><\/li>\n<li data-leveltext=\"-\" data-font=\"Calibri\" data-listid=\"6\" data-aria-posinset=\"3\" data-aria-level=\"1\"><span data-contrast=\"auto\">Utilisation des excursions et de l&#8217;environnement local (par exemple, l&#8217;environnement scolaire, les historiens locaux, les mus\u00e9es, les parents, etc );\u00a0<\/span><span data-ccp-props=\"{&quot;134233279&quot;:true,&quot;201341983&quot;:0,&quot;335559739&quot;:160,&quot;335559740&quot;:259}\">\u00a0<\/span><\/li>\n<li data-leveltext=\"-\" data-font=\"Calibri\" data-listid=\"7\" data-aria-posinset=\"4\" data-aria-level=\"1\"><span data-contrast=\"auto\">Centr\u00e9 sur l&#8217;enfant mais dirig\u00e9 par l&#8217;enseignant &#8211; Utiliser les exp\u00e9riences des \u00e9l\u00e8ves comme point de d\u00e9part du sujet trait\u00e9 ;\u00a0<\/span><span data-ccp-props=\"{&quot;134233279&quot;:true,&quot;201341983&quot;:0,&quot;335559739&quot;:160,&quot;335559740&quot;:259}\">\u00a0<\/span><\/li>\n<li data-leveltext=\"-\" data-font=\"Calibri\" data-listid=\"7\" data-aria-posinset=\"5\" data-aria-level=\"1\"><span data-contrast=\"auto\">Appliquer, le\u00a0cas\u00a0\u00e9ch\u00e9ant, les\u00a0r\u00e9sultats\u00a0de\u00a0l&#8217;apprentissage\u00a0\u00e0 des\u00a0r\u00e9f\u00e9rences\u00a0nationales, par\u00a0exemple\u00a0en\u00a0faisant\u00a0r\u00e9f\u00e9rence\u00a0au\u00a0paysage\u00a0national, aux\u00a0\u00e9v\u00e9nements\u00a0historiques, \u00e0 la culture\u00a0<\/span><span data-ccp-props=\"{&quot;134233279&quot;:true,&quot;201341983&quot;:0,&quot;335559739&quot;:160,&quot;335559740&quot;:259}\">\u00a0<\/span><\/li>\n<\/ul>\n<ul>\n<li data-leveltext=\"-\" data-font=\"Calibri\" data-listid=\"7\" data-aria-posinset=\"1\" data-aria-level=\"1\"><span data-contrast=\"auto\">Incorporer les TIC comme outil de recherche et de pr\u00e9sentation des informations. <\/span><span data-ccp-props=\"{&quot;134233279&quot;:true,&quot;201341983&quot;:0,&quot;335559739&quot;:160,&quot;335559740&quot;:259}\">\u00a0<\/span><\/li>\n<\/ul>\n<p><span data-contrast=\"auto\">Le programme\u00a0d&#8217;enseignement, qui fait\u00a0partie\u00a0des programmes\u00a0harmonis\u00e9s,\u00a0couvre\u00a0les cinq\u00a0ann\u00e9es\u00a0du cycle\u00a0primaire. La\u00a0d\u00e9couverte\u00a0du monde\u00a0est\u00a0enseign\u00e9e\u00a0:\u00a0<\/span><span data-ccp-props=\"{&quot;201341983&quot;:0,&quot;335559739&quot;:160,&quot;335559740&quot;:259}\">\u00a0<\/span><\/p>\n<ul>\n<li><span data-contrast=\"auto\">90 minutes par semaine en P1\/P2<\/span><\/li>\n<li><span data-contrast=\"auto\">180 minutes par semaine en P3\/P4\/P5<\/span><span data-ccp-props=\"{&quot;201341983&quot;:0,&quot;335559739&quot;:160,&quot;335559740&quot;:259}\">\u00a0<\/span><\/li>\n<\/ul>\n<p>[\/vc_column_text][vc_btn title=&#8221;Pour plus d&#8217;informations, veuillez consulter le syllabus D\u00e9couverte du monde&#8221; style=&#8221;classic&#8221; color=&#8221;sky&#8221; align=&#8221;left&#8221; i_icon_fontawesome=&#8221;&#8221; css=&#8221;&#8221; add_icon=&#8221;true&#8221; link=&#8221;url:https%3A%2F%2Fwww.eursc.eu%2Ffr%2Feuropean-schools%2Fstudies%2Fsyllabuses%2Fprimary-discovery%2F|target:_blank&#8221;][\/vc_tta_section][vc_tta_section title=&#8221;Heures europ\u00e9enes&#8221; tab_id=&#8221;1771616365186-3003c29c-7a846505-0f72&#8243;][vc_column_text css=&#8221;.vc_custom_1773417836110{margin-top: 15px !important;}&#8221; el_class=&#8221;page-title&#8221;]<\/p>\n<h2><strong><span style=\"color: #4a90c8;\">Maternelle et Primaire : Heures Europ\u00e9enes<\/span><\/strong><\/h2>\n<p>[\/vc_column_text][vc_column_text css=&#8221;.vc_custom_1626247996558{padding-top: 10px !important;}&#8221;]<span data-contrast=\"auto\">Les heures europ\u00e9ennes constituent un moment agr\u00e9able de d\u00e9couverte et de partage des connaissances. Les enfants de diff\u00e9rentes nationalit\u00e9s apprennent des aspects int\u00e9ressants de la culture europ\u00e9enne en travaillant ensemble sur des projets communs ou en trouvant des solutions \u00e0 des probl\u00e8mes cr\u00e9\u00e9s ou pr\u00e9sent\u00e9s en classe. <\/span><span data-ccp-props=\"{&quot;201341983&quot;:0,&quot;335559739&quot;:160,&quot;335559740&quot;:259}\">\u00a0<\/span><\/p>\n<p>&nbsp;<\/p>\n<h3><span data-contrast=\"auto\">Objectifs\u00a0<\/span><span data-ccp-props=\"{&quot;201341983&quot;:0,&quot;335559739&quot;:160,&quot;335559740&quot;:259}\">\u00a0<\/span><\/h3>\n<ul>\n<li data-leveltext=\"-\" data-font=\"Calibri\" data-listid=\"2\" data-aria-posinset=\"1\" data-aria-level=\"1\"><span data-contrast=\"auto\">D\u00e9velopper une identit\u00e9 europ\u00e9enne.\u00a0<\/span><span data-ccp-props=\"{&quot;134233279&quot;:true,&quot;201341983&quot;:0,&quot;335559739&quot;:160,&quot;335559740&quot;:259}\">\u00a0<\/span><\/li>\n<li data-leveltext=\"-\" data-font=\"Calibri\" data-listid=\"2\" data-aria-posinset=\"2\" data-aria-level=\"1\"><span data-contrast=\"auto\">D\u00e9velopper\u00a0des attitudes\u00a0interculturelles\u00a0positives:\u00a0respect,\u00a0tol\u00e9rance,\u00a0coop\u00e9ration, communication.\u00a0<\/span><span data-ccp-props=\"{&quot;134233279&quot;:true,&quot;201341983&quot;:0,&quot;335559739&quot;:160,&quot;335559740&quot;:259}\">\u00a0<\/span><\/li>\n<li data-leveltext=\"-\" data-font=\"Calibri\" data-listid=\"3\" data-aria-posinset=\"3\" data-aria-level=\"1\"><span data-contrast=\"auto\">Traiter des questions relatives \u00e0 la compr\u00e9hension et \u00e0 la communication interculturelles.\u00a0<\/span><span data-ccp-props=\"{&quot;134233279&quot;:true,&quot;201341983&quot;:0,&quot;335559739&quot;:160,&quot;335559740&quot;:259}\">\u00a0<\/span><\/li>\n<li data-leveltext=\"-\" data-font=\"Calibri\" data-listid=\"4\" data-aria-posinset=\"4\" data-aria-level=\"1\"><span data-contrast=\"auto\">Permettre\u00a0aux\u00a0\u00e9l\u00e8ves\u00a0de se\u00a0conna\u00eetre, de\u00a0s&#8217;appr\u00e9cier\u00a0et de\u00a0s&#8217;entraider.\u00a0<\/span><span data-ccp-props=\"{&quot;134233279&quot;:true,&quot;201341983&quot;:0,&quot;335559739&quot;:160,&quot;335559740&quot;:259}\">\u00a0<\/span><\/li>\n<li data-leveltext=\"-\" data-font=\"Calibri\" data-listid=\"5\" data-aria-posinset=\"5\" data-aria-level=\"1\"><span data-contrast=\"auto\">Permettre le d\u00e9veloppement social des \u00e9l\u00e8ves.\u00a0<\/span><span data-ccp-props=\"{&quot;134233279&quot;:true,&quot;201341983&quot;:0,&quot;335559739&quot;:160,&quot;335559740&quot;:259}\">\u00a0<\/span><\/li>\n<\/ul>\n<ul>\n<li data-leveltext=\"-\" data-font=\"Calibri\" data-listid=\"6\" data-aria-posinset=\"1\" data-aria-level=\"1\"><span data-contrast=\"auto\">D\u00e9velopper l&#8217;esprit d&#8217;initiative, l&#8217;autonomie et la solidarit\u00e9.\u00a0<\/span><span data-ccp-props=\"{&quot;134233279&quot;:true,&quot;201341983&quot;:0,&quot;335559739&quot;:160,&quot;335559740&quot;:259}\"><br \/>\n<\/span><\/li>\n<\/ul>\n<p>&nbsp;<\/p>\n<h3><span data-contrast=\"auto\">En pratique\u00a0<\/span><span data-ccp-props=\"{&quot;201341983&quot;:0,&quot;335559739&quot;:160,&quot;335559740&quot;:259}\">\u00a0<\/span><\/h3>\n<p><span data-contrast=\"auto\">Chaque\u00a0groupe\u00a0d&#8217;enfants\u00a0est\u00a0\u00e9valu\u00e9\u00a0par un\u00a0enseignant\u00a0avec\u00a0lequel\u00a0il\u00a0travaille\u00a0sur\u00a0une\u00a0activit\u00e9\u00a0pendant quatre\u00a0ou\u00a0cinq s\u00e9ances.\u00a0<\/span><span data-ccp-props=\"{&quot;201341983&quot;:0,&quot;335559739&quot;:160,&quot;335559740&quot;:259}\">\u00a0<\/span><\/p>\n<p><span data-contrast=\"auto\">En adh\u00e9rant \u00e0 la philosophie des Heures europ\u00e9ennes qui vise \u00e0 renforcer l&#8217;esprit de collaboration et la solidarit\u00e9 entre les membres de chaque groupe, l&#8217;effort p\u00e9dagogique se concentre sur la communication et sur la collaboration, qui constituent le processus de travail coop\u00e9ratif des \u00e9l\u00e8ves. <\/span><span data-ccp-props=\"{&quot;201341983&quot;:0,&quot;335559739&quot;:160,&quot;335559740&quot;:259}\">\u00a0<\/span><\/p>\n<p><span data-contrast=\"auto\">Le contenu du programme des Heures europ\u00e9ennes suit une progression bas\u00e9e sur l&#8217;\u00e9volution de l&#8217;engagement des \u00e9l\u00e8ves dans les activit\u00e9s. <\/span><span data-ccp-props=\"{&quot;201341983&quot;:0,&quot;335559739&quot;:160,&quot;335559740&quot;:259}\">\u00a0<\/span><\/p>\n<p><span data-contrast=\"auto\">Le programme, qui fait\u00a0partie\u00a0des programmes\u00a0harmonis\u00e9s,\u00a0couvre\u00a0trois\u00a0ann\u00e9es\u00a0du cycle\u00a0primaire. Les\u00a0Heures\u00a0europ\u00e9ennes\u00a0sont\u00a0enseign\u00e9es\u00a0:<\/span><span data-ccp-props=\"{&quot;201341983&quot;:0,&quot;335559739&quot;:160,&quot;335559740&quot;:259}\">\u00a0<\/span><\/p>\n<ul>\n<li><span data-contrast=\"auto\">90 minutes par semaine en P3\/P4\/P5<\/span><span data-ccp-props=\"{&quot;201341983&quot;:0,&quot;335559739&quot;:160,&quot;335559740&quot;:259}\">\u00a0<\/span><\/li>\n<\/ul>\n<p>[\/vc_column_text][vc_btn title=&#8221;Pour plus d&#8217;informations, veuillez consulter le syllabus des heures europ\u00e9ennes&#8221; style=&#8221;classic&#8221; color=&#8221;sky&#8221; align=&#8221;left&#8221; i_icon_fontawesome=&#8221;&#8221; css=&#8221;&#8221; add_icon=&#8221;true&#8221; link=&#8221;url:https%3A%2F%2Fwww.eursc.eu%2Ffr%2Feuropean-schools%2Fstudies%2Fsyllabuses%2Fprimary-european-hours%2F|target:_blank&#8221;][\/vc_tta_section][vc_tta_section title=&#8221;Religion\/\u00c9thique&#8221; tab_id=&#8221;1767040065722-cd32982e-ce006505-0f72&#8243;][vc_column_text css=&#8221;.vc_custom_1773417983790{margin-top: 15px !important;}&#8221; el_class=&#8221;page-title&#8221;]<\/p>\n<h2><span style=\"color: #4a90c8;\"><strong>Maternelle et Primaire : Religion\/\u00c9thique<\/strong><\/span><\/h2>\n<p>[\/vc_column_text][vc_column_text css=&#8221;.vc_custom_1626159183240{padding-top: 10px !important;}&#8221;]<span data-contrast=\"auto\">\u00a0Les cours de religion dispens\u00e9s dans les \u00e9coles europ\u00e9ennes ont pour but de fournir un environnement \u00e9ducatif particulier. Gr\u00e2ce \u00e0 ces cours, chaque \u00e9l\u00e8ve acquiert des points de r\u00e9f\u00e9rence pour sa vie future, apprend \u00e0 choisir entre diff\u00e9rentes options pour sa vie quotidienne, mais aussi \u00e0 s&#8217;organiser et \u00e0 vivre de mani\u00e8re r\u00e9fl\u00e9chie et responsable. <\/span><span data-ccp-props=\"{&quot;201341983&quot;:0,&quot;335559739&quot;:160,&quot;335559740&quot;:259}\">\u00a0<\/span><\/p>\n<p><span data-contrast=\"auto\">\u00a0Les cours de religion fournissent une information rigoureuse sur les articles de foi propres \u00e0 chaque religion. Ils stimulent les initiatives qui d\u00e9veloppent une approche coh\u00e9rente des valeurs afin de pr\u00e9parer tous les \u00e9l\u00e8ves \u00e0 devenir des citoyens responsables, capables de contribuer au d\u00e9veloppement de soci\u00e9t\u00e9s d\u00e9mocratiques, solidaires, pluralistes et ouvertes aux autres cultures, et d&#8217;acc\u00e9der \u00e0 la richesse de la diversit\u00e9 culturelle, tout en encourageant la reconnaissance et le respect de la diversit\u00e9 des croyances. <\/span><span data-ccp-props=\"{&quot;201341983&quot;:0,&quot;335559739&quot;:160,&quot;335559740&quot;:259}\">\u00a0<\/span><\/p>\n<p><span data-contrast=\"auto\">\u00a0Chaque confession religieuse d\u00e9veloppe son propre programme sp\u00e9cifique tout en respectant les aspects fondamentaux de la dynamique \u00e9ducative que les \u00e9coles europ\u00e9ennes offrent \u00e0 leurs \u00e9l\u00e8ves. Ils sont \u00e9labor\u00e9s par les autorit\u00e9s religieuses comp\u00e9tentes selon les crit\u00e8res de tous les programmes scolaires et sont approuv\u00e9s par le Comit\u00e9 p\u00e9dagogique commun des Ecoles europ\u00e9ennes. Il appartient aux autorit\u00e9s religieuses de chaque confession de proposer leurs professeurs de religion aux autorit\u00e9s scolaires et de s&#8217;assurer de leur comp\u00e9tence et de leur qualification. <\/span><span data-ccp-props=\"{&quot;201341983&quot;:0,&quot;335559739&quot;:160,&quot;335559740&quot;:259}\">\u00a0<\/span><\/p>\n<p><span data-contrast=\"auto\">Les programmes\u00a0couvrent\u00a0les cinq\u00a0ann\u00e9es\u00a0du cycle\u00a0primaire. Les\u00a0cours\u00a0de religion\/\u00e9thique\u00a0sont\u00a0enseign\u00e9s\u00a0:<\/span><span data-ccp-props=\"{&quot;201341983&quot;:0,&quot;335559739&quot;:160,&quot;335559740&quot;:259}\">\u00a0<\/span><\/p>\n<ul>\n<li data-leveltext=\"\uf0b7\" data-font=\"Symbol\" data-listid=\"3\" data-aria-posinset=\"1\" data-aria-level=\"1\"><span data-contrast=\"auto\">60 minutes par\u00a0semaine\u00a0en\u00a0P1\/P2,\u00a0<\/span><span data-ccp-props=\"{&quot;134233279&quot;:true,&quot;201341983&quot;:0,&quot;335559739&quot;:160,&quot;335559740&quot;:259}\">\u00a0<\/span><\/li>\n<li data-leveltext=\"\uf0b7\" data-font=\"Symbol\" data-listid=\"3\" data-aria-posinset=\"2\" data-aria-level=\"1\"><span data-contrast=\"auto\">90 minutes par\u00a0semaine\u00a0en\u00a0P3\/P4\/P5.\u00a0<\/span><span data-ccp-props=\"{&quot;134233279&quot;:true,&quot;201341983&quot;:0,&quot;335559739&quot;:160,&quot;335559740&quot;:259}\">\u00a0<\/span><\/li>\n<\/ul>\n<p><span data-contrast=\"auto\">\u00a0Pour plus\u00a0d&#8217;informations,\u00a0veuillez\u00a0consulter les programmes\u00a0sp\u00e9cifiques\u00a0de\u00a0chaque\u00a0confession :<\/span><span data-ccp-props=\"{&quot;201341983&quot;:0,&quot;335559739&quot;:160,&quot;335559740&quot;:259}\">\u00a0<\/span><\/p>\n<ul>\n<li data-leveltext=\"\uf0b7\" data-font=\"Symbol\" data-listid=\"2\" data-aria-posinset=\"3\" data-aria-level=\"1\"><a href=\"https:\/\/www.eursc.eu\/Syllabuses\/2016-01-D-32-en-3.pdf\"><span data-contrast=\"none\">Ethics syllabus<\/span><\/a><span data-ccp-props=\"{&quot;134233279&quot;:true,&quot;201341983&quot;:0,&quot;335559739&quot;:160,&quot;335559740&quot;:259}\">\u00a0<\/span><\/li>\n<\/ul>\n<ul>\n<li data-leveltext=\"\uf0b7\" data-font=\"Symbol\" data-listid=\"2\" data-aria-posinset=\"1\" data-aria-level=\"1\"><a href=\"https:\/\/www.eursc.eu\/Syllabuses\/2011-01-D-87-en-2.pdf\"><span data-contrast=\"none\">Orthodoxe-religion syllabus<\/span><\/a><span data-ccp-props=\"{&quot;134233279&quot;:true,&quot;201341983&quot;:0,&quot;335559739&quot;:160,&quot;335559740&quot;:259}\">\u00a0<\/span><\/li>\n<li data-leveltext=\"\uf0b7\" data-font=\"Symbol\" data-listid=\"2\" data-aria-posinset=\"2\" data-aria-level=\"1\"><a href=\"https:\/\/www.eursc.eu\/Syllabuses\/2012-01-D-41-en-2.pdf\"><span data-contrast=\"none\">Protestant religion syllabus<\/span><\/a><span data-contrast=\"auto\">\u00a0<\/span><span data-ccp-props=\"{&quot;134233279&quot;:true,&quot;201341983&quot;:0,&quot;335559739&quot;:160,&quot;335559740&quot;:259}\">\u00a0<\/span><\/li>\n<li data-leveltext=\"\uf0b7\" data-font=\"Symbol\" data-listid=\"2\" data-aria-posinset=\"3\" data-aria-level=\"1\"><a href=\"https:\/\/www.eursc.eu\/Syllabuses\/2012-01-D-38-fr-2.pdf\"><span data-contrast=\"none\">Islamic religion syllabus<\/span><\/a><span data-contrast=\"auto\">\u00a0 (seulement\u00a0en\u00a0fran\u00e7ais)<\/span><span data-ccp-props=\"{&quot;134233279&quot;:true,&quot;201341983&quot;:0,&quot;335559739&quot;:160,&quot;335559740&quot;:259}\">\u00a0<\/span><\/li>\n<li data-leveltext=\"\uf0b7\" data-font=\"Symbol\" data-listid=\"2\" data-aria-posinset=\"4\" data-aria-level=\"1\"><a href=\"https:\/\/www.eursc.eu\/Syllabuses\/2011-02-D-3-fr-2.pdf\"><span data-contrast=\"none\">Catholic religion syllabus<\/span><\/a><span data-contrast=\"auto\">\u00a0(seulement\u00a0en\u00a0fran\u00e7ais)<\/span><span data-ccp-props=\"{&quot;134233279&quot;:true,&quot;201341983&quot;:0,&quot;335559739&quot;:160,&quot;335559740&quot;:259}\">\u00a0<\/span><\/li>\n<\/ul>\n<p><span data-ccp-props=\"{&quot;201341983&quot;:0,&quot;335559739&quot;:160,&quot;335559740&quot;:259}\">\u00a0<\/span>[\/vc_column_text][\/vc_tta_section][vc_tta_section title=&#8221;ONL&#8221; tab_id=&#8221;1771616402625-d11ce9db-31826505-0f72&#8243;][vc_column_text css=&#8221;.vc_custom_1773418140396{margin-top: 15px !important;}&#8221; el_class=&#8221;page-title&#8221;]<\/p>\n<h2><span style=\"color: #4a90c8;\"><strong>Maternelle et Primaire : ONL &#8211; Irlandais, Su\u00e9dois, Finlandais, Maltais<\/strong><\/span><\/h2>\n<p>[\/vc_column_text][vc_column_text css=&#8221;.vc_custom_1760885828527{padding-top: 10px !important;}&#8221;]<span data-contrast=\"auto\">Dans notre \u00e9cole, les autres langues nationales, \u00e0 savoir l&#8217;irlandais, le su\u00e9dois, le finnois et le maltais, sont propos\u00e9es \u00e0 tous les enfants inscrits dans notre \u00e9tablissement.<\/span><span data-ccp-props=\"{&quot;201341983&quot;:0,&quot;335559739&quot;:160,&quot;335559740&quot;:259}\">\u00a0<\/span><\/p>\n<ul>\n<li><span data-contrast=\"auto\">En\u00a0maternelle,\u00a0l&#8217;ONL\u00a0est\u00a0enseign\u00e9e\u00a03 x 30 minutes par\u00a0semaine.\u00a0<\/span><span data-ccp-props=\"{&quot;201341983&quot;:0,&quot;335559739&quot;:160,&quot;335559740&quot;:259}\">\u00a0<\/span><\/li>\n<li><span data-contrast=\"auto\">En\u00a0primaire\u00a01-2,\u00a0l&#8217;ONL\u00a0est\u00a0enseign\u00e9\u00a03 x 30 minutes par\u00a0semaine.\u00a0<\/span><span data-ccp-props=\"{&quot;201341983&quot;:0,&quot;335559739&quot;:160,&quot;335559740&quot;:259}\">\u00a0<\/span><\/li>\n<li><span data-contrast=\"auto\">En\u00a0primaire\u00a03-5,\u00a0l&#8217;ONL\u00a0est\u00a0enseign\u00e9\u00a02 x 45 minutes par\u00a0semaine<\/span><\/li>\n<\/ul>\n<p>Pour plus d&#8217;informations, veuillez consulter les syllabus respectifs.<\/p>\n<p><a href=\"https:\/\/www.eursc.eu\/fr\/European-Schools\/studies\/syllabuses\" target=\"_blank\" rel=\"noopener noreferrer\">Programmes (https:\/\/www.eursc.eu)<\/a>[\/vc_column_text][\/vc_tta_section][\/vc_tta_tabs][\/vc_column][\/vc_row][vc_row full_width=&#8221;stretch_row&#8221;][vc_column offset=&#8221;vc_hidden-lg vc_hidden-md&#8221;][vc_row_inner][vc_column_inner][vc_column_text css=&#8221;.vc_custom_1773427233323{margin-top: 10px !important;}&#8221; el_class=&#8221;page-title&#8221;]<\/p>\n<h1><span style=\"color: #2e5c8a;\"><strong>Maternelle et Primaire : Programme \u00e9ducatif et Mati\u00e8res<\/strong><\/span><\/h1>\n<p>[\/vc_column_text][\/vc_column_inner][\/vc_row_inner][vc_tta_tabs color=&#8221;sky&#8221; active_section=&#8221;&#8221;][vc_tta_section title=&#8221;Programme \u00e9ducatif&#8221; tab_id=&#8221;1773494179871-2e391252-7677&#8243;][vc_column_text css=&#8221;.vc_custom_1773416376859{margin-top: 15px !important;}&#8221; el_class=&#8221;page-title&#8221;]<\/p>\n<h2><strong><span style=\"color: #4a90c8;\">Maternelle et Primaire: Programme \u00e9ducatif<\/span><\/strong><\/h2>\n<p>[\/vc_column_text][vc_column_text css=&#8221;.vc_custom_1773416277807{margin-bottom: 0px !important;border-bottom-width: 0px !important;padding-top: 10px !important;padding-bottom: 0px !important;}&#8221;]<\/p>\n<h3><span data-contrast=\"auto\">Cycle\u00a0maternel\u00a0<\/span><span data-ccp-props=\"{&quot;201341983&quot;:0,&quot;335559739&quot;:160,&quot;335559740&quot;:259}\">\u00a0<\/span><\/h3>\n<p><span data-contrast=\"auto\">\u00a0Le programme &#8221;\u00a0\u00c9ducation\u00a0pr\u00e9coce\u00a0&#8221; du cycle\u00a0maternel\u00a0a pour\u00a0objectif\u00a0de :\u00a0<\/span><span data-ccp-props=\"{&quot;201341983&quot;:0,&quot;335559739&quot;:160,&quot;335559740&quot;:259}\">\u00a0<\/span><\/p>\n<ul>\n<li data-leveltext=\"\uf0b7\" data-font=\"Symbol\" data-listid=\"7\" data-aria-posinset=\"1\" data-aria-level=\"1\"><span data-contrast=\"auto\">pr\u00e9parer\u00a0les enfants \u00e0\u00a0une\u00a0vie\u00a0heureuse, saine,\u00a0responsable\u00a0et\u00a0r\u00e9ussie\u00a0<\/span><span data-ccp-props=\"{&quot;134233279&quot;:true,&quot;201341983&quot;:0,&quot;335559739&quot;:160,&quot;335559740&quot;:259}\">\u00a0<\/span><\/li>\n<li data-leveltext=\"\uf0b7\" data-font=\"Symbol\" data-listid=\"7\" data-aria-posinset=\"2\" data-aria-level=\"1\"><span data-contrast=\"auto\">\u00a0d\u00e9velopper\u00a0la\u00a0personnalit\u00e9\u00a0et les\u00a0capacit\u00e9s\u00a0des enfants\u00a0<\/span><span data-ccp-props=\"{&quot;134233279&quot;:true,&quot;201341983&quot;:0,&quot;335559739&quot;:160,&quot;335559740&quot;:259}\">\u00a0<\/span><\/li>\n<li data-leveltext=\"\uf0b7\" data-font=\"Symbol\" data-listid=\"7\" data-aria-posinset=\"3\" data-aria-level=\"1\"><span data-contrast=\"auto\">\u00a0soutenir\u00a0le\u00a0potentiel\u00a0d&#8217;apprentissage\u00a0des enfants\u00a0<\/span><span data-ccp-props=\"{&quot;134233279&quot;:true,&quot;201341983&quot;:0,&quot;335559739&quot;:160,&quot;335559740&quot;:259}\">\u00a0<\/span><\/li>\n<\/ul>\n<ul>\n<li data-leveltext=\"\uf0b7\" data-font=\"Symbol\" data-listid=\"7\" data-aria-posinset=\"1\" data-aria-level=\"1\"><span data-contrast=\"auto\">Apprendre\u00a0le respect des\u00a0autres\u00a0et de\u00a0l&#8217;environnement\u00a0<\/span><span data-ccp-props=\"{&quot;134233279&quot;:true,&quot;201341983&quot;:0,&quot;335559739&quot;:160,&quot;335559740&quot;:259}\">\u00a0<\/span><\/li>\n<li data-leveltext=\"\uf0b7\" data-font=\"Symbol\" data-listid=\"7\" data-aria-posinset=\"2\" data-aria-level=\"1\"><span data-contrast=\"auto\">respecter et\u00a0appr\u00e9cier\u00a0l&#8217;identit\u00e9\u00a0culturelle\u00a0et\u00a0sociale\u00a0de\u00a0l&#8217;enfant,\u00a0ses\u00a0valeurs\u00a0et\u00a0celles\u00a0des\u00a0autres\u00a0<\/span><span data-ccp-props=\"{&quot;134233279&quot;:true,&quot;201341983&quot;:0,&quot;335559739&quot;:160,&quot;335559740&quot;:259}\">\u00a0<\/span><\/li>\n<li data-leveltext=\"\uf0b7\" data-font=\"Symbol\" data-listid=\"7\" data-aria-posinset=\"3\" data-aria-level=\"1\"><span data-contrast=\"auto\">promouvoir\u00a0un esprit\u00a0europ\u00e9en.\u00a0<\/span><span data-ccp-props=\"{&quot;134233279&quot;:true,&quot;201341983&quot;:0,&quot;335559739&quot;:160,&quot;335559740&quot;:259}\">\u00a0<\/span><\/li>\n<\/ul>\n<p><span data-contrast=\"auto\">L&#8217;\u00e9ducation\u00a0de la petite\u00a0enfance\u00a0est\u00a0une\u00a0partie\u00a0fondamentale\u00a0de\u00a0l&#8217;\u00e9ducation\u00a0et de\u00a0l&#8217;apprentissage\u00a0tout au long de la vie et son\u00a0r\u00f4le\u00a0central\u00a0est\u00a0de\u00a0soutenir\u00a0le\u00a0d\u00e9veloppement\u00a0des enfants\u00a0en\u00a0leur\u00a0permettant\u00a0d&#8217;\u00eatre des\u00a0membres\u00a0\u00e9thiques\u00a0et\u00a0responsables\u00a0de la\u00a0soci\u00e9t\u00e9.\u00a0L&#8217;enseignement\u00a0et\u00a0l&#8217;apprentissage\u00a0dans les premi\u00e8res\u00a0ann\u00e9es\u00a0de la vie\u00a0soutiennent\u00a0et\u00a0permettent\u00a0le bien-\u00eatre\u00a0physique et\u00a0psychologique\u00a0des enfants, y\u00a0compris\u00a0le\u00a0d\u00e9veloppement\u00a0social,\u00a0cognitif\u00a0et\u00a0\u00e9motionnel, et\u00a0aident\u00a0\u00e0\u00a0pr\u00e9venir\u00a0toute\u00a0difficult\u00e9\u00a0qui\u00a0pourrait\u00a0survenir\u00a0en\u00a0cr\u00e9ant\u00a0les\u00a0meilleures\u00a0opportunit\u00e9s\u00a0d&#8217;apprentissage\u00a0possibles.\u00a0<\/span><span data-ccp-props=\"{&quot;201341983&quot;:0,&quot;335559739&quot;:160,&quot;335559740&quot;:259}\">\u00a0<\/span><\/p>\n<p><span data-contrast=\"auto\">L&#8217;enseignement\u00a0et\u00a0l&#8217;apprentissage\u00a0dans les premi\u00e8res\u00a0ann\u00e9es\u00a0de la vie\u00a0sont\u00a0holistiques\u00a0et les\u00a0diff\u00e9rents\u00a0domaines\u00a0de\u00a0d\u00e9veloppement\u00a0ne\u00a0sont\u00a0pas\u00a0s\u00e9par\u00e9s. Dans\u00a0ce\u00a0document\u00a0ainsi\u00a0que dans la vie\u00a0scolaire\u00a0quotidienne, les enfants,\u00a0leurs\u00a0exp\u00e9riences\u00a0et\u00a0leurs\u00a0actions\u00a0sont\u00a0centraux.\u00a0<\/span><span data-ccp-props=\"{&quot;201341983&quot;:0,&quot;335559739&quot;:160,&quot;335559740&quot;:259}\">\u00a0<\/span><\/p>\n<p><span data-contrast=\"auto\">Il\u00a0est\u00a0important de\u00a0renforcer\u00a0l&#8217;estime\u00a0de soi des enfants \u00e0\u00a0l&#8217;aide\u00a0d&#8217;exp\u00e9riences\u00a0d&#8217;apprentissage\u00a0positives et\u00a0d&#8217;offrir\u00a0des\u00a0possibilit\u00e9s\u00a0d&#8217;interaction\u00a0diversifi\u00e9e\u00a0avec\u00a0d&#8217;autres\u00a0personnes. Le\u00a0champ\u00a0d&#8217;exp\u00e9riences\u00a0des enfants doit\u00a0\u00eatre\u00a0enrichi\u00a0et\u00a0ils\u00a0doivent\u00a0\u00eatre\u00a0guid\u00e9s\u00a0pour\u00a0leur\u00a0permettre\u00a0de\u00a0trouver\u00a0de nouveaux centres\u00a0d&#8217;int\u00e9r\u00eat.\u00a0<\/span><span data-ccp-props=\"{&quot;201341983&quot;:0,&quot;335559739&quot;:160,&quot;335559740&quot;:259}\">\u00a0<\/span><\/p>\n<p><span data-contrast=\"auto\">Les enfants de quatre et cinq\u00a0ans\u00a0sont\u00a0scolaris\u00e9s\u00a0dans des<\/span><span data-contrast=\"none\">\u00a0groupes\u00a0mixtes<\/span><span data-contrast=\"auto\">.\u00a0<\/span><span data-ccp-props=\"{&quot;201341983&quot;:0,&quot;335559739&quot;:160,&quot;335559740&quot;:259}\">\u00a0<\/span><\/p>\n<p><span data-contrast=\"auto\">La langue\u00a0parl\u00e9e\u00a0dans les classes\u00a0maternelles\u00a0correspond \u00e0\u00a0chaque\u00a0section\u00a0linguistique\u00a0de\u00a0l&#8217;\u00e9cole. Les SWALS (\u00e9l\u00e8ves\u00a0sans section\u00a0linguistique)\u00a0suivent\u00a0\u00e9galement\u00a0des\u00a0cours\u00a0dans\u00a0leur\u00a0langue\u00a0maternelle\u00a0\u00e0 raison de 150 minutes par\u00a0semaine.\u00a0<\/span><span data-ccp-props=\"{&quot;201341983&quot;:0,&quot;335559739&quot;:160,&quot;335559740&quot;:259}\">\u00a0<\/span><\/p>\n<p><span data-contrast=\"auto\">Pour plus\u00a0d&#8217;informations,\u00a0veuillez\u00a0consulter le programme de\u00a0l&#8217;\u00e9ducation\u00a0pr\u00e9scolaire.\u00a0<\/span><span data-ccp-props=\"{&quot;201341983&quot;:0,&quot;335559739&quot;:160,&quot;335559740&quot;:259}\">\u00a0<\/span><\/p>\n<p><span data-contrast=\"auto\">\u00a0<\/span><span data-ccp-props=\"{&quot;201341983&quot;:0,&quot;335559739&quot;:160,&quot;335559740&quot;:259}\">\u00a0<\/span><\/p>\n<h3><span data-contrast=\"auto\">Cycle\u00a0primaire\u00a0<\/span><span data-ccp-props=\"{&quot;201341983&quot;:0,&quot;335559739&quot;:160,&quot;335559740&quot;:259}\">\u00a0<\/span><\/h3>\n<p><span data-contrast=\"auto\">Horaire\u00a0harmonis\u00e9\u00a0de\u00a0l&#8217;\u00e9cole\u00a0primaire\u00a0:<\/span><span data-ccp-props=\"{&quot;201341983&quot;:0,&quot;335559739&quot;:160,&quot;335559740&quot;:259}\">\u00a0<\/span>[\/vc_column_text][vc_column_text css=&#8221;.vc_custom_1626184526711{margin-top: 0px !important;border-top-width: 0px !important;padding-top: 0px !important;}&#8221;]<\/p>\n<table>\n<thead>\n<tr>\n<th>Sujet<\/th>\n<th>Ann\u00e9e 1 et 2<\/th>\n<th>P\u00e9riodes 30\u2019<\/th>\n<th>\u200bAnn\u00e9e 3, 4, 5<\/th>\n<th>P\u00e9riodes 45\u2019<\/th>\n<\/tr>\n<\/thead>\n<tbody>\n<tr>\n<td data-celllook=\"69905\"><span data-contrast=\"auto\">\u200bLangue\u00a0maternelle\u202f<\/span><br \/>\n<span data-contrast=\"auto\">(SWALS Langue1 &#8211; L1)\u202f<\/span><span data-ccp-props=\"{&quot;201341983&quot;:0,&quot;335559740&quot;:240}\">\u00a0<\/span><\/td>\n<td data-celllook=\"69905\"><span data-contrast=\"auto\">\u200b8\u00a0heures<\/span><span data-ccp-props=\"{&quot;201341983&quot;:0,&quot;335551550&quot;:2,&quot;335551620&quot;:2,&quot;335559740&quot;:240}\">\u00a0<\/span><\/p>\n<p><span data-contrast=\"auto\">(2\u00a0heures\u00a030 mins)<\/span><span data-ccp-props=\"{&quot;201341983&quot;:0,&quot;335551550&quot;:2,&quot;335551620&quot;:2,&quot;335559740&quot;:240}\">\u00a0<\/span><\/td>\n<td data-celllook=\"4369\"><b><span data-contrast=\"auto\">16<\/span><\/b><span data-ccp-props=\"{&quot;201341983&quot;:0,&quot;335551550&quot;:2,&quot;335551620&quot;:2,&quot;335559740&quot;:240}\">\u00a0<\/span><\/p>\n<p><b><span data-contrast=\"auto\">(5)<\/span><\/b><span data-ccp-props=\"{&quot;201341983&quot;:0,&quot;335551550&quot;:2,&quot;335551620&quot;:2,&quot;335559740&quot;:240}\">\u00a0<\/span><\/td>\n<td data-celllook=\"69905\"><span data-contrast=\"auto\">\u200b6\u202fheures\u00a045 mins<\/span><span data-ccp-props=\"{&quot;201341983&quot;:0,&quot;335551550&quot;:2,&quot;335551620&quot;:2,&quot;335559740&quot;:240}\">\u00a0<\/span><\/p>\n<p><span data-contrast=\"auto\">(3\u00a0heures\u00a045 mins)<\/span><span data-ccp-props=\"{&quot;201341983&quot;:0,&quot;335551550&quot;:2,&quot;335551620&quot;:2,&quot;335559740&quot;:240}\">\u00a0<\/span><\/td>\n<td data-celllook=\"4369\"><b><span data-contrast=\"auto\">9<\/span><\/b><span data-ccp-props=\"{&quot;201341983&quot;:0,&quot;335551550&quot;:2,&quot;335551620&quot;:2,&quot;335559740&quot;:240}\">\u00a0<\/span><\/p>\n<p><b><span data-contrast=\"auto\">(5)<\/span><\/b><span data-ccp-props=\"{&quot;201341983&quot;:0,&quot;335551550&quot;:2,&quot;335551620&quot;:2,&quot;335559740&quot;:240}\">\u00a0<\/span><\/td>\n<\/tr>\n<tr>\n<td data-celllook=\"69905\"><span data-contrast=\"auto\">\u200bMath\u00e9matiques<\/span><span data-ccp-props=\"{&quot;201341983&quot;:0,&quot;335559740&quot;:240}\">\u00a0<\/span><\/td>\n<td data-celllook=\"69905\"><span data-contrast=\"auto\">\u200b4\u00a0heures<\/span><span data-ccp-props=\"{&quot;201341983&quot;:0,&quot;335551550&quot;:2,&quot;335551620&quot;:2,&quot;335559740&quot;:240}\">\u00a0<\/span><\/td>\n<td data-celllook=\"4369\"><b><span data-contrast=\"auto\">8<\/span><\/b><span data-ccp-props=\"{&quot;201341983&quot;:0,&quot;335551550&quot;:2,&quot;335551620&quot;:2,&quot;335559740&quot;:240}\">\u00a0<\/span><\/td>\n<td data-celllook=\"69905\"><span data-contrast=\"auto\">\u200b5\u00a0heures\u00a015 mins<\/span><span data-ccp-props=\"{&quot;201341983&quot;:0,&quot;335551550&quot;:2,&quot;335551620&quot;:2,&quot;335559740&quot;:240}\">\u00a0<\/span><\/td>\n<td data-celllook=\"4369\"><b><span data-contrast=\"auto\">7<\/span><\/b><span data-ccp-props=\"{&quot;201341983&quot;:0,&quot;335551550&quot;:2,&quot;335551620&quot;:2,&quot;335559740&quot;:240}\">\u00a0<\/span><\/td>\n<\/tr>\n<tr>\n<td data-celllook=\"69905\"><span data-contrast=\"auto\">\u200bLangue\u00a02 (L2)\u202f<\/span><span data-ccp-props=\"{&quot;201341983&quot;:0,&quot;335559740&quot;:240}\">\u00a0<\/span><\/td>\n<td data-celllook=\"69905\"><span data-contrast=\"auto\">\u200b2\u00a0heures\u00a030 mins<\/span><span data-ccp-props=\"{&quot;201341983&quot;:0,&quot;335551550&quot;:2,&quot;335551620&quot;:2,&quot;335559740&quot;:240}\">\u00a0<\/span><\/td>\n<td data-celllook=\"4369\"><b><span data-contrast=\"auto\">5<\/span><\/b><span data-ccp-props=\"{&quot;201341983&quot;:0,&quot;335551550&quot;:2,&quot;335551620&quot;:2,&quot;335559740&quot;:240}\">\u00a0<\/span><\/td>\n<td data-celllook=\"69905\"><span data-contrast=\"auto\">\u200b3\u00a0heures\u00a045 mins<\/span><span data-ccp-props=\"{&quot;201341983&quot;:0,&quot;335551550&quot;:2,&quot;335551620&quot;:2,&quot;335559740&quot;:240}\">\u00a0<\/span><\/td>\n<td data-celllook=\"4369\"><b><span data-contrast=\"auto\">5<\/span><\/b><span data-ccp-props=\"{&quot;201341983&quot;:0,&quot;335551550&quot;:2,&quot;335551620&quot;:2,&quot;335559740&quot;:240}\">\u00a0<\/span><\/td>\n<\/tr>\n<tr>\n<td data-celllook=\"69905\"><span data-contrast=\"auto\">\u200bMusique<\/span><br \/>\n<span data-contrast=\"auto\">Art<\/span><br \/>\n<span data-contrast=\"auto\">Education physique<\/span><span data-ccp-props=\"{&quot;201341983&quot;:0,&quot;335559740&quot;:240}\">\u00a0<\/span><\/td>\n<td data-celllook=\"69905\"><span data-contrast=\"auto\">\u200b5\u00a0heures<\/span><span data-ccp-props=\"{&quot;201341983&quot;:0,&quot;335551550&quot;:2,&quot;335551620&quot;:2,&quot;335559740&quot;:240}\">\u00a0<\/span><\/td>\n<td data-celllook=\"4369\"><span data-ccp-props=\"{&quot;201341983&quot;:0,&quot;335551550&quot;:2,&quot;335551620&quot;:2,&quot;335559740&quot;:240}\">\u00a0<\/span><\/p>\n<p><b><span data-contrast=\"auto\">10<\/span><\/b><span data-ccp-props=\"{&quot;201341983&quot;:0,&quot;335551550&quot;:2,&quot;335551620&quot;:2,&quot;335559740&quot;:240}\">\u00a0<\/span><\/td>\n<td data-celllook=\"69905\"><span data-contrast=\"auto\">\u200b3\u00a0heures<\/span><span data-ccp-props=\"{&quot;201341983&quot;:0,&quot;335551550&quot;:2,&quot;335551620&quot;:2,&quot;335559740&quot;:240}\">\u00a0<\/span><\/td>\n<td data-celllook=\"4369\"><b><span data-contrast=\"auto\">1<\/span><\/b><span data-ccp-props=\"{&quot;201341983&quot;:0,&quot;335551550&quot;:2,&quot;335551620&quot;:2,&quot;335559740&quot;:240}\">\u00a0<\/span><\/p>\n<p><b><span data-contrast=\"auto\">1<\/span><\/b><span data-ccp-props=\"{&quot;201341983&quot;:0,&quot;335551550&quot;:2,&quot;335551620&quot;:2,&quot;335559740&quot;:240}\">\u00a0<\/span><\/p>\n<p><b><span data-contrast=\"auto\">2<\/span><\/b><span data-ccp-props=\"{&quot;201341983&quot;:0,&quot;335551550&quot;:2,&quot;335551620&quot;:2,&quot;335559740&quot;:240}\">\u00a0<\/span><\/td>\n<\/tr>\n<tr>\n<td data-celllook=\"69905\"><span data-contrast=\"auto\">\u200bD\u00e9couverte\u00a0du monde\u00a0<\/span><span data-ccp-props=\"{&quot;201341983&quot;:0,&quot;335559740&quot;:240}\">\u00a0<\/span><\/td>\n<td data-celllook=\"69905\"><span data-contrast=\"auto\">\u200b1\u00a0heure\u00a030 mins<\/span><span data-ccp-props=\"{&quot;201341983&quot;:0,&quot;335551550&quot;:2,&quot;335551620&quot;:2,&quot;335559740&quot;:240}\">\u00a0<\/span><\/td>\n<td data-celllook=\"4369\"><b><span data-contrast=\"auto\">3<\/span><\/b><span data-ccp-props=\"{&quot;201341983&quot;:0,&quot;335551550&quot;:2,&quot;335551620&quot;:2,&quot;335559740&quot;:240}\">\u00a0<\/span><\/td>\n<td data-celllook=\"69905\"><span data-contrast=\"auto\">\u200b3\u00a0heures<\/span><span data-ccp-props=\"{&quot;201341983&quot;:0,&quot;335551550&quot;:2,&quot;335551620&quot;:2,&quot;335559740&quot;:240}\">\u00a0<\/span><\/td>\n<td data-celllook=\"4369\"><b><span data-contrast=\"auto\">4<\/span><\/b><span data-ccp-props=\"{&quot;201341983&quot;:0,&quot;335551550&quot;:2,&quot;335551620&quot;:2,&quot;335559740&quot;:240}\">\u00a0<\/span><\/td>\n<\/tr>\n<tr>\n<td data-celllook=\"69905\"><span data-contrast=\"auto\">\u200bHeures\u00a0europ\u00e9ennes<\/span><span data-ccp-props=\"{&quot;201341983&quot;:0,&quot;335559740&quot;:240}\">\u00a0<\/span><\/td>\n<td data-celllook=\"69905\"><span data-contrast=\"auto\">\u200b-<\/span><span data-ccp-props=\"{&quot;201341983&quot;:0,&quot;335551550&quot;:2,&quot;335551620&quot;:2,&quot;335559740&quot;:240}\">\u00a0<\/span><\/td>\n<td data-celllook=\"4369\"><span data-ccp-props=\"{&quot;201341983&quot;:0,&quot;335551550&quot;:2,&quot;335551620&quot;:2,&quot;335559740&quot;:240}\">\u00a0<\/span><\/td>\n<td data-celllook=\"69905\"><span data-contrast=\"auto\">\u200b1\u00a0heure\u00a030 mins<\/span><span data-ccp-props=\"{&quot;201341983&quot;:0,&quot;335551550&quot;:2,&quot;335551620&quot;:2,&quot;335559740&quot;:240}\">\u00a0<\/span><\/td>\n<td data-celllook=\"4369\"><b><span data-contrast=\"auto\">2<\/span><\/b><span data-ccp-props=\"{&quot;201341983&quot;:0,&quot;335551550&quot;:2,&quot;335551620&quot;:2,&quot;335559740&quot;:240}\">\u00a0<\/span><\/td>\n<\/tr>\n<tr>\n<td data-celllook=\"69905\"><span data-contrast=\"auto\">\u200bReligion \/\u00a0Ethique<\/span><span data-ccp-props=\"{&quot;201341983&quot;:0,&quot;335559740&quot;:240}\">\u00a0<\/span><\/td>\n<td data-celllook=\"69905\"><span data-contrast=\"auto\">\u200b1\u00a0heure<\/span><span data-ccp-props=\"{&quot;201341983&quot;:0,&quot;335551550&quot;:2,&quot;335551620&quot;:2,&quot;335559740&quot;:240}\">\u00a0<\/span><\/td>\n<td data-celllook=\"4369\"><b><span data-contrast=\"auto\">2<\/span><\/b><span data-ccp-props=\"{&quot;201341983&quot;:0,&quot;335551550&quot;:2,&quot;335551620&quot;:2,&quot;335559740&quot;:240}\">\u00a0<\/span><\/td>\n<td data-celllook=\"69905\"><span data-contrast=\"auto\">\u200b1\u00a0heure\u00a030 mins<\/span><span data-ccp-props=\"{&quot;201341983&quot;:0,&quot;335551550&quot;:2,&quot;335551620&quot;:2,&quot;335559740&quot;:240}\">\u00a0<\/span><\/td>\n<td data-celllook=\"4369\"><b><span data-contrast=\"auto\">2<\/span><\/b><span data-ccp-props=\"{&quot;201341983&quot;:0,&quot;335551550&quot;:2,&quot;335551620&quot;:2,&quot;335559740&quot;:240}\">\u00a0<\/span><\/td>\n<\/tr>\n<tr>\n<td data-celllook=\"69905\"><span data-contrast=\"auto\">\u200bR\u00e9cr\u00e9ation<\/span><span data-ccp-props=\"{&quot;201341983&quot;:0,&quot;335559740&quot;:240}\">\u00a0<\/span><\/td>\n<td data-celllook=\"69905\"><span data-contrast=\"auto\">\u200b3\u00a0heures\u00a030 mins<\/span><span data-ccp-props=\"{&quot;201341983&quot;:0,&quot;335551550&quot;:2,&quot;335551620&quot;:2,&quot;335559740&quot;:240}\">\u00a0<\/span><\/td>\n<td data-celllook=\"4369\"><b><span data-contrast=\"auto\">210\u2019<\/span><\/b><span data-ccp-props=\"{&quot;201341983&quot;:0,&quot;335551550&quot;:2,&quot;335551620&quot;:2,&quot;335559740&quot;:240}\">\u00a0<\/span><\/td>\n<td data-celllook=\"69905\"><span data-contrast=\"auto\">\u200b2\u00a0heures\u00a030 mins<\/span><span data-ccp-props=\"{&quot;201341983&quot;:0,&quot;335551550&quot;:2,&quot;335551620&quot;:2,&quot;335559740&quot;:240}\">\u00a0<\/span><\/td>\n<td data-celllook=\"4369\"><b><span data-contrast=\"auto\">150\u2019<\/span><\/b><span data-ccp-props=\"{&quot;201341983&quot;:0,&quot;335551550&quot;:2,&quot;335551620&quot;:2,&quot;335559740&quot;:240}\">\u00a0<\/span><\/td>\n<\/tr>\n<tr>\n<td data-celllook=\"69905\"><span data-contrast=\"auto\">\u200b<\/span><b><span data-contrast=\"auto\">Total\u202f<\/span><\/b><span data-ccp-props=\"{&quot;201341983&quot;:0,&quot;335559740&quot;:240}\">\u00a0<\/span><\/td>\n<td data-celllook=\"69905\"><b><span data-contrast=\"auto\">\u200b25\u00a0heures\u00a030 mins<\/span><\/b><span data-ccp-props=\"{&quot;201341983&quot;:0,&quot;335551550&quot;:2,&quot;335551620&quot;:2,&quot;335559740&quot;:240}\">\u00a0<\/span><\/td>\n<td data-celllook=\"4369\"><span data-ccp-props=\"{&quot;201341983&quot;:0,&quot;335551550&quot;:2,&quot;335551620&quot;:2,&quot;335559740&quot;:240}\">\u00a0<\/span><\/td>\n<td data-celllook=\"69905\"><b><span data-contrast=\"auto\">\u200b27\u00a0heures\u00a015 mins<\/span><\/b><span data-ccp-props=\"{&quot;201341983&quot;:0,&quot;335551550&quot;:2,&quot;335551620&quot;:2,&quot;335559740&quot;:240}\">\u00a0<\/span><\/td>\n<td data-celllook=\"4369\"><span data-ccp-props=\"{&quot;201341983&quot;:0,&quot;335551550&quot;:2,&quot;335551620&quot;:2,&quot;335559740&quot;:240}\">\u00a0<\/span><\/td>\n<\/tr>\n<tr>\n<td data-celllook=\"69905\"><span data-contrast=\"auto\">\u200bONL &#8211;\u00a0Irlandais\/Maltais*<\/span><br \/>\n<span data-contrast=\"auto\">ONL \u2013\u00a0Finnois\/\u00a0Su\u00e9dois*\u202f<\/span><span data-ccp-props=\"{&quot;201341983&quot;:0,&quot;335559740&quot;:240}\">\u00a0<\/span><\/td>\n<td data-celllook=\"69905\"><span data-contrast=\"auto\">\u200b1\u00a0heure\u00a030 mins<\/span><span data-ccp-props=\"{&quot;201341983&quot;:0,&quot;335551550&quot;:2,&quot;335551620&quot;:2,&quot;335559740&quot;:240}\">\u00a0<\/span><\/p>\n<p><span data-contrast=\"auto\">&#8211;<\/span><span data-ccp-props=\"{&quot;201341983&quot;:0,&quot;335551550&quot;:2,&quot;335551620&quot;:2,&quot;335559740&quot;:240}\">\u00a0<\/span><\/td>\n<td data-celllook=\"4369\"><b><span data-contrast=\"auto\">3<\/span><\/b><span data-ccp-props=\"{&quot;201341983&quot;:0,&quot;335551550&quot;:2,&quot;335551620&quot;:2,&quot;335559740&quot;:240}\">\u00a0<\/span><\/td>\n<td data-celllook=\"69905\"><span data-contrast=\"auto\">\u200b1\u00a0heure\u00a030 mins<\/span><span data-ccp-props=\"{&quot;201341983&quot;:0,&quot;335551550&quot;:2,&quot;335551620&quot;:2,&quot;335559740&quot;:240}\">\u00a0<\/span><\/p>\n<p><span data-contrast=\"auto\">1\u00a0heure\u00a030 mins<\/span><span data-ccp-props=\"{&quot;201341983&quot;:0,&quot;335551550&quot;:2,&quot;335551620&quot;:2,&quot;335559740&quot;:240}\">\u00a0<\/span><\/td>\n<td data-celllook=\"4369\"><b><span data-contrast=\"auto\">2<\/span><\/b><span data-ccp-props=\"{&quot;201341983&quot;:0,&quot;335551550&quot;:2,&quot;335551620&quot;:2,&quot;335559740&quot;:240}\">\u00a0<\/span><\/p>\n<p><b><span data-contrast=\"auto\">2<\/span><\/b><span data-ccp-props=\"{&quot;201341983&quot;:0,&quot;335551550&quot;:2,&quot;335551620&quot;:2,&quot;335559740&quot;:240}\">\u00a0<\/span><\/td>\n<\/tr>\n<tr>\n<td style=\"border-left: 0; border-right: 0;\" colspan=\"5\">*Autres\u00a0Langues\u00a0Nationales\u00a0enseign\u00e9es\u00a0pendant la\u00a0journ\u00e9e\u00a0de\u00a0classe<\/td>\n<\/tr>\n<\/tbody>\n<\/table>\n<p>[\/vc_column_text][vc_btn title=&#8221;Pour plus d\u2019information veuillez consulter le site des \u00e9coles europ\u00e9ennes www.eursc.eu&#8221; style=&#8221;classic&#8221; color=&#8221;sky&#8221; align=&#8221;left&#8221; i_icon_fontawesome=&#8221;fa fa-external-link&#8221; add_icon=&#8221;true&#8221; link=&#8221;url:https%3A%2F%2Fwww.eursc.eu%2Ffr||target:%20_blank|&#8221;][\/vc_tta_section][vc_tta_section title=&#8221;Premi\u00e8re langue L1&#8243; tab_id=&#8221;1773494180186-4475d903-3378&#8243;][vc_column_text css=&#8221;.vc_custom_1773417060322{margin-top: 15px !important;}&#8221; el_class=&#8221;page-title&#8221;]<\/p>\n<h2><span style=\"color: #4a90c8;\"><strong>Maternelle et Primaire: Premi\u00e8re Langue L1<\/strong><\/span><\/h2>\n<p>[\/vc_column_text][vc_column_text css=&#8221;.vc_custom_1626176171419{padding-top: 10px !important;}&#8221;]<span data-contrast=\"auto\">Un\u00a0principe\u00a0fondamental\u00a0des\u00a0Ecoles\u00a0europ\u00e9ennes\u00a0est\u00a0l&#8217;enseignement\u00a0de la langue\u00a0maternelle\u00a0comme\u00a0premi\u00e8re langue (L1).\u00a0<\/span><span data-ccp-props=\"{&quot;201341983&quot;:0,&quot;335559739&quot;:160,&quot;335559740&quot;:259}\">\u00a0<\/span><\/p>\n<p><span data-contrast=\"auto\">Ce\u00a0principe\u00a0implique\u00a0l&#8217;inscription\u00a0de\u00a0l&#8217;\u00e9l\u00e8ve\u00a0dans la section de\u00a0sa\u00a0langue\u00a0maternelle\u00a0lorsqu&#8217;une\u00a0section\u00a0existe.\u00a0<\/span><span data-ccp-props=\"{&quot;201341983&quot;:0,&quot;335559739&quot;:160,&quot;335559740&quot;:259}\">\u00a0<\/span><\/p>\n<p><span data-contrast=\"auto\">Dans les \u00e9coles o\u00f9 la section correspondant \u00e0 la langue maternelle d&#8217;un \u00e9l\u00e8ve n&#8217;existe pas, celui-ci sera g\u00e9n\u00e9ralement inscrit dans l&#8217;une des<\/span><span data-contrast=\"none\">\u00a0sections de langue\u00a0v\u00e9hiculaire<\/span><span data-contrast=\"auto\">. Il\/elle\u00a0suivra\u00a0les\u00a0cours\u00a0dans\u00a0sa\u00a0langue\u00a0maternelle\u00a0organis\u00e9s\u00a0pour les\u00a0\u00e9l\u00e8ves\u00a0dits\u00a0SWALS (Students Without\u00a0A\u00a0Language Section)\u00a0comme\u00a0L1.\u00a0<\/span><span data-ccp-props=\"{&quot;201341983&quot;:0,&quot;335559739&quot;:160,&quot;335559740&quot;:259}\">\u00a0<\/span><\/p>\n<p><span data-contrast=\"auto\">Les programmes d&#8217;\u00e9tudes sont \u00e9labor\u00e9s par les inspecteurs nationaux des \u00c9tats membres concern\u00e9s et sont ensuite approuv\u00e9s par le Conseil sup\u00e9rieur des \u00e9coles europ\u00e9ennes, qui est l&#8217;autorit\u00e9 de tutelle. Ils tiennent compte des programmes d&#8217;\u00e9tudes nationaux des \u00c9tats membres respectifs et refl\u00e8tent les r\u00e9sultats que les \u00e9l\u00e8ves sont cens\u00e9s atteindre dans leurs syst\u00e8mes nationaux, m\u00eame s&#8217;il ne s&#8217;agit pas d&#8217;une correspondance exacte. <\/span><span data-ccp-props=\"{&quot;201341983&quot;:0,&quot;335559739&quot;:160,&quot;335559740&quot;:259}\">\u00a0<\/span><\/p>\n<p><span data-contrast=\"auto\">Les programmes de la L1\u00a0couvrent\u00a0les cinq\u00a0ann\u00e9es\u00a0du cycle\u00a0primaire. La L1\u00a0est\u00a0enseign\u00e9e\u00a0:\u00a0<\/span><span data-ccp-props=\"{&quot;201341983&quot;:0,&quot;335559739&quot;:160,&quot;335559740&quot;:259}\">\u00a0<\/span><\/p>\n<ul>\n<li><span data-contrast=\"auto\">\u00a0480 minutes en P1\/P2<\/span><span data-ccp-props=\"{&quot;201341983&quot;:0,&quot;335559739&quot;:160,&quot;335559740&quot;:259}\">\u00a0<\/span><\/li>\n<li><span data-contrast=\"auto\">\u00a0405 minutes en P3\/P4\/P5 <\/span><span data-ccp-props=\"{&quot;201341983&quot;:0,&quot;335559739&quot;:160,&quot;335559740&quot;:259}\">\u00a0<\/span><\/li>\n<\/ul>\n<p><span data-contrast=\"auto\">SWALS L1\u00a0est\u00a0enseign\u00e9\u00a0:\u00a0<\/span><span data-ccp-props=\"{&quot;201341983&quot;:0,&quot;335559739&quot;:160,&quot;335559740&quot;:259}\">\u00a0<\/span><\/p>\n<ul>\n<li><span data-contrast=\"auto\">\u00a0150 minutes en P1\/P2<\/span><\/li>\n<li><span data-contrast=\"auto\">\u00a0225 minutes en P3\/P4\/P5<\/span><\/li>\n<\/ul>\n<p>&nbsp;<\/p>\n<p>Pour plus d&#8217;informations concernant le programme de L1 de votre enfant, veuillez consulter le programme respectif qui se trouve sur le site web du Bureau du Secr\u00e9taire g\u00e9n\u00e9ral.[\/vc_column_text][vc_btn title=&#8221;Programmes et descripteurs de niveaux atteints&#8221; style=&#8221;classic&#8221; color=&#8221;sky&#8221; align=&#8221;left&#8221; i_icon_fontawesome=&#8221;fa fa-external-link&#8221; add_icon=&#8221;true&#8221; link=&#8221;url:https%3A%2F%2Fwww.eursc.eu%2Ffr%2FEuropean-Schools%2Fstudies%2Fsyllabuses||target:%20_blank|&#8221;][\/vc_tta_section][vc_tta_section title=&#8221;Math\u00e9matiques&#8221; tab_id=&#8221;1773494180473-5bff9bd3-44d2&#8243;][vc_column_text css=&#8221;.vc_custom_1773417209857{margin-top: 15px !important;}&#8221; el_class=&#8221;page-title&#8221;]<\/p>\n<h2><span style=\"color: #4a90c8;\"><strong>Maternelle et Primaire : Math\u00e9matiques<\/strong><\/span><\/h2>\n<p>[\/vc_column_text][vc_column_text css=&#8221;.vc_custom_1626178314372{padding-top: 10px !important;}&#8221;]<span data-contrast=\"auto\">En\u00a0ce\u00a0qui\u00a0concerne\u00a0les\u00a0math\u00e9matiques, les\u00a0\u00e9l\u00e8ves\u00a0ont\u00a0besoin\u00a0d&#8217;une\u00a0base, de\u00a0mod\u00e8les\u00a0et de\u00a0processus\u00a0construits\u00a0par\u00a0la\u00a0r\u00e9p\u00e9tition, la pratique et le rappel. La\u00a0cr\u00e9ativit\u00e9\u00a0est\u00a0encourag\u00e9e\u00a0et\u00a0\u00e9tendue\u00a0par le jeu, la recherche, la\u00a0d\u00e9couverte\u00a0et les\u00a0activit\u00e9s\u00a0de construction. Un accent particulier\u00a0est\u00a0mis sur le\u00a0d\u00e9veloppement\u00a0de la pens\u00e9e\u00a0logique\u00a0et de la\u00a0r\u00e9solution\u00a0de\u00a0probl\u00e8mes. Les situations\u00a0math\u00e9matiques\u00a0offertes\u00a0par\u00a0l&#8217;environnement, la\u00a0technologie\u00a0et la culture\u00a0aident\u00a0les\u00a0\u00e9l\u00e8ves\u00a0\u00e0 prendre conscience de\u00a0l&#8217;utilit\u00e9\u00a0des\u00a0math\u00e9matiques.\u00a0<\/span><span data-ccp-props=\"{&quot;201341983&quot;:0,&quot;335559739&quot;:160,&quot;335559740&quot;:259}\">\u00a0<\/span><\/p>\n<p><span data-contrast=\"auto\">\u00a0<\/span><span data-ccp-props=\"{&quot;201341983&quot;:0,&quot;335559739&quot;:160,&quot;335559740&quot;:259}\">\u00a0<\/span><\/p>\n<p><span data-contrast=\"auto\">Notre\u00a0approche\u00a0consiste\u00a0\u00e0 :\u00a0<\/span><span data-ccp-props=\"{&quot;201341983&quot;:0,&quot;335559739&quot;:160,&quot;335559740&quot;:259}\">\u00a0<\/span><\/p>\n<ul>\n<li data-leveltext=\"-\" data-font=\"Calibri\" data-listid=\"3\" data-aria-posinset=\"1\" data-aria-level=\"1\"><span data-contrast=\"auto\">encourager\u00a0une\u00a0approche\u00a0multi-sensorielle\u00a0:\u00a0visuelle, auditive et\u00a0<\/span><span data-contrast=\"none\">kinesth\u00e9sique\u00a0<\/span><span data-contrast=\"auto\">;\u00a0<\/span><span data-ccp-props=\"{&quot;134233279&quot;:true,&quot;201341983&quot;:0,&quot;335559739&quot;:160,&quot;335559740&quot;:259}\">\u00a0<\/span><\/li>\n<\/ul>\n<ul>\n<li data-leveltext=\"-\" data-font=\"Calibri\" data-listid=\"4\" data-aria-posinset=\"1\" data-aria-level=\"1\"><span data-contrast=\"auto\">planifier la progression en s&#8217;appuyant sur les connaissances math\u00e9matiques des \u00e9l\u00e8ves ; <\/span><span data-ccp-props=\"{&quot;134233279&quot;:true,&quot;201341983&quot;:0,&quot;335559739&quot;:160,&quot;335559740&quot;:259}\">\u00a0<\/span><\/li>\n<li data-leveltext=\"-\" data-font=\"Calibri\" data-listid=\"5\" data-aria-posinset=\"2\" data-aria-level=\"1\"><span data-contrast=\"auto\">diff\u00e9rencier\u00a0l&#8217;enseignement\u00a0pour\u00a0r\u00e9pondre\u00a0\u00e0\u00a0toutes\u00a0les\u00a0capacit\u00e9s\u00a0;\u00a0<\/span><span data-ccp-props=\"{&quot;134233279&quot;:true,&quot;201341983&quot;:0,&quot;335559739&quot;:160,&quot;335559740&quot;:259}\">\u00a0<\/span><\/li>\n<li data-leveltext=\"-\" data-font=\"Calibri\" data-listid=\"6\" data-aria-posinset=\"3\" data-aria-level=\"1\"><span data-contrast=\"auto\">utiliser et\u00a0enseigner\u00a0le\u00a0langage\u00a0math\u00e9matique\u00a0<\/span><span data-ccp-props=\"{&quot;134233279&quot;:true,&quot;201341983&quot;:0,&quot;335559739&quot;:160,&quot;335559740&quot;:259}\">\u00a0<\/span><\/li>\n<li data-leveltext=\"-\" data-font=\"Calibri\" data-listid=\"7\" data-aria-posinset=\"4\" data-aria-level=\"1\"><span data-contrast=\"auto\">mettre\u00a0l&#8217;accent\u00a0sur les\u00a0strat\u00e9gies\u00a0de\u00a0calcul\u00a0mental ;\u00a0<\/span><span data-ccp-props=\"{&quot;134233279&quot;:true,&quot;201341983&quot;:0,&quot;335559739&quot;:160,&quot;335559740&quot;:259}\">\u00a0<\/span><\/li>\n<li data-leveltext=\"-\" data-font=\"Calibri\" data-listid=\"8\" data-aria-posinset=\"5\" data-aria-level=\"1\"><span data-contrast=\"auto\">utiliser un large\u00a0\u00e9ventail\u00a0de\u00a0ressources, y\u00a0compris\u00a0les\u00a0TIC ;\u00a0<\/span><span data-ccp-props=\"{&quot;134233279&quot;:true,&quot;201341983&quot;:0,&quot;335559739&quot;:160,&quot;335559740&quot;:259}\">\u00a0<\/span><\/li>\n<\/ul>\n<ul>\n<li data-leveltext=\"-\" data-font=\"Calibri\" data-listid=\"9\" data-aria-posinset=\"1\" data-aria-level=\"1\"><span data-contrast=\"auto\">d\u00e9montrer\u00a0les liens entre les\u00a0domaines\u00a0des\u00a0math\u00e9matiques\u00a0;\u00a0<\/span><span data-ccp-props=\"{&quot;134233279&quot;:true,&quot;201341983&quot;:0,&quot;335559739&quot;:160,&quot;335559740&quot;:259}\">\u00a0<\/span><\/li>\n<li data-leveltext=\"-\" data-font=\"Calibri\" data-listid=\"9\" data-aria-posinset=\"2\" data-aria-level=\"1\"><span data-contrast=\"auto\">d\u00e9velopper\u00a0des\u00a0comp\u00e9tences\u00a0en\u00a0mati\u00e8re de discussion,\u00a0notamment\u00a0l&#8217;\u00e9coute\u00a0active, la\u00a0r\u00e9action\u00a0positive \u00e0\u00a0l&#8217;opinion\u00a0des\u00a0autres, la prise de parole, la\u00a0confiance\u00a0en\u00a0soi pour\u00a0pr\u00e9senter\u00a0une\u00a0opinion, la\u00a0capacit\u00e9\u00a0\u00e0\u00a0expliquer\u00a0clairement\u00a0son point de\u00a0vue.\u00a0<\/span><span data-ccp-props=\"{&quot;134233279&quot;:true,&quot;201341983&quot;:0,&quot;335559739&quot;:160,&quot;335559740&quot;:259}\">\u00a0<\/span><\/li>\n<li data-leveltext=\"-\" data-font=\"Calibri\" data-listid=\"10\" data-aria-posinset=\"3\" data-aria-level=\"1\"><span data-contrast=\"auto\">encourager les\u00a0\u00e9l\u00e8ves\u00a0\u00e0\u00a0consid\u00e9rer\u00a0les\u00a0id\u00e9es\u00a0fausses\u00a0et les\u00a0erreurs\u00a0comme\u00a0faisant\u00a0partie\u00a0du\u00a0processus\u00a0d&#8217;apprentissage.\u00a0<\/span><span data-ccp-props=\"{&quot;134233279&quot;:true,&quot;201341983&quot;:0,&quot;335559739&quot;:160,&quot;335559740&quot;:259}\">\u00a0<\/span><\/li>\n<\/ul>\n<p><span data-ccp-props=\"{&quot;201341983&quot;:0,&quot;335559739&quot;:160,&quot;335559740&quot;:259}\">\u00a0<\/span><\/p>\n<p><span data-contrast=\"auto\">Le programme de\u00a0math\u00e9matiques\u00a0couvre\u00a0les cinq\u00a0ann\u00e9es\u00a0de\u00a0l&#8217;\u00e9cole\u00a0primaire. La mati\u00e8re\u00a0est\u00a0enseign\u00e9e\u00a0:\u00a0<\/span><span data-ccp-props=\"{&quot;201341983&quot;:0,&quot;335559739&quot;:160,&quot;335559740&quot;:259}\">\u00a0<\/span><\/p>\n<ul>\n<li><span data-contrast=\"auto\">240 minutes par semaine en P1\/P2<\/span><\/li>\n<li><span data-contrast=\"auto\">315 minutes par semaine en P3\/P4\/P5<\/span><\/li>\n<\/ul>\n<p>[\/vc_column_text][vc_btn title=&#8221;Pour plus d&#8217;informations, veuillez consulter le programme de math\u00e9matiques&#8221; style=&#8221;classic&#8221; color=&#8221;sky&#8221; align=&#8221;left&#8221; i_icon_fontawesome=&#8221;fa fa-file-text-o&#8221; add_icon=&#8221;true&#8221; link=&#8221;url:https%3A%2F%2Fwww.eursc.eu%2FSyllabuses%2F2012-01-D-20-en-4.pdf||target:%20_blank|&#8221;][\/vc_tta_section][vc_tta_section title=&#8221;Deuxi\u00e8me langue L2&#8243; tab_id=&#8221;1773494180745-686f3172-1879&#8243;][vc_column_text css=&#8221;.vc_custom_1773417336121{margin-top: 15px !important;}&#8221; el_class=&#8221;page-title&#8221;]<\/p>\n<h2><span style=\"color: #4a90c8;\"><strong>Maternelle et Primaire : Deuxi\u00e8me langue L2\u00a0<\/strong><\/span><\/h2>\n<p>[\/vc_column_text][vc_column_text css=&#8221;.vc_custom_1626247787888{padding-top: 10px !important;}&#8221;]<span data-contrast=\"auto\">L&#8217;enseignement\u00a0de la\u00a0deuxi\u00e8me\u00a0langue commence\u00a0d\u00e8s\u00a0la premi\u00e8re\u00a0ann\u00e9e\u00a0du cycle\u00a0primaire.\u00a0<\/span><span data-ccp-props=\"{&quot;201341983&quot;:0,&quot;335559739&quot;:160,&quot;335559740&quot;:259}\">\u00a0<\/span><\/p>\n<p><span data-contrast=\"auto\">Son\u00a0choix\u00a0est\u00a0une\u00a0pr\u00e9rogative\u00a0des parents et\u00a0est\u00a0fondamental\u00a0puisque\u00a0les\u00a0\u00e9l\u00e8ves\u00a0suivent\u00a0une\u00a0grande\u00a0partie\u00a0de\u00a0leurs\u00a0cours\u00a0tout au long de\u00a0leur\u00a0scolarit\u00e9\u00a0dans\u00a0cette\u00a0langue.\u00a0<\/span><span data-ccp-props=\"{&quot;201341983&quot;:0,&quot;335559739&quot;:160,&quot;335559740&quot;:259}\">\u00a0<\/span><\/p>\n<p><span data-contrast=\"auto\">Il est recommand\u00e9 que la deuxi\u00e8me langue (allemand, fran\u00e7ais, anglais), qui est choisie \u00e0 l&#8217;\u00e9cole primaire, soit une langue avec laquelle l&#8217;\u00e9l\u00e8ve est en contact, c&#8217;est-\u00e0-dire : <\/span><span data-ccp-props=\"{&quot;201341983&quot;:0,&quot;335559739&quot;:160,&quot;335559740&quot;:259}\">\u00a0<\/span><\/p>\n<ul>\n<li data-leveltext=\"\uf0b7\" data-font=\"Symbol\" data-listid=\"5\" data-aria-posinset=\"1\" data-aria-level=\"1\"><span data-contrast=\"auto\">la\u00a0deuxi\u00e8me\u00a0langue\u00a0parl\u00e9e\u00a0\u00e0 la\u00a0maison\u00a0ou\u00a0<\/span><span data-ccp-props=\"{&quot;134233279&quot;:true,&quot;201341983&quot;:0,&quot;335559739&quot;:160,&quot;335559740&quot;:259}\">\u00a0<\/span><\/li>\n<li data-leveltext=\"\uf0b7\" data-font=\"Symbol\" data-listid=\"5\" data-aria-posinset=\"2\" data-aria-level=\"1\"><span data-contrast=\"auto\">la langue du pays\u00a0d&#8217;accueil\u00a0ou\u00a0<\/span><span data-ccp-props=\"{&quot;134233279&quot;:true,&quot;201341983&quot;:0,&quot;335559739&quot;:160,&quot;335559740&quot;:259}\">\u00a0<\/span><\/li>\n<li data-leveltext=\"\uf0b7\" data-font=\"Symbol\" data-listid=\"5\" data-aria-posinset=\"3\" data-aria-level=\"1\"><span data-contrast=\"auto\">la langue dans laquelle l&#8217;enfant peut avoir des contacts fr\u00e9quents et r\u00e9guliers (famille, amis, vacances, &#8230;).\u00a0<\/span> \u00a0\u00a0<span data-ccp-props=\"{&quot;201341983&quot;:0,&quot;335559739&quot;:160,&quot;335559740&quot;:259}\">\u00a0<\/span><\/li>\n<\/ul>\n<p><span data-contrast=\"auto\">Une\u00a0fois\u00a0le\u00a0choix\u00a0de la\u00a0deuxi\u00e8me\u00a0langue\u00a0effectu\u00e9, il\u00a0reste\u00a0valable\u00a0pour\u00a0toute\u00a0la\u00a0scolarit\u00e9\u00a0tout au long du cycle\u00a0primaire\u00a0et\u00a0secondaire.\u00a0<\/span><span data-ccp-props=\"{&quot;201341983&quot;:0,&quot;335559739&quot;:160,&quot;335559740&quot;:259}\">\u00a0<\/span><\/p>\n<p><span data-contrast=\"auto\">\u00a0<\/span><span data-contrast=\"auto\">Si vous \u00eates dans une situation particuli\u00e8re en ce qui concerne la deuxi\u00e8me langue et que vous souhaitez recevoir des informations compl\u00e9mentaires sur la politique de l&#8217;\u00e9cole en mati\u00e8re de deuxi\u00e8me langue, veuillez contacter la directrice adjointe de l&#8217;\u00e9cole primaire. <\/span><span data-ccp-props=\"{&quot;201341983&quot;:0,&quot;335559739&quot;:160,&quot;335559740&quot;:259}\">\u00a0<\/span><\/p>\n<p><span data-contrast=\"auto\">Le programme\u00a0d&#8217;\u00e9tudes, qui fait\u00a0partie\u00a0des programmes\u00a0harmonis\u00e9s,\u00a0couvre\u00a0les cinq\u00a0ann\u00e9es\u00a0du cycle\u00a0primaire. La\u00a0deuxi\u00e8me\u00a0langue\u00a0est\u00a0enseign\u00e9e\u00a0:\u00a0<\/span><span data-ccp-props=\"{&quot;201341983&quot;:0,&quot;335559739&quot;:160,&quot;335559740&quot;:259}\">\u00a0<\/span><\/p>\n<ul>\n<li><span data-contrast=\"auto\">150 minutes par semaine en P1 (\u00e0 partir de novembre)<\/span><\/li>\n<li><span data-contrast=\"auto\">180 minutes par semaine en P2<\/span><\/li>\n<li><span data-contrast=\"auto\">225 minutes par semaine en P3\/P4\/P5<\/span><\/li>\n<\/ul>\n<p>[\/vc_column_text][vc_btn title=&#8221;Pour plus d&#8217;informations, veuillez consulter le programme commun pour la deuxi\u00e8me langue&#8221; style=&#8221;classic&#8221; color=&#8221;sky&#8221; align=&#8221;left&#8221; i_icon_fontawesome=&#8221;fa fa-file-text-o&#8221; add_icon=&#8221;true&#8221; link=&#8221;url:https%3A%2F%2Fwww.eursc.eu%2FSyllabuses%2F2012-08-D-13-en-2.pdf||target:%20_blank|&#8221;][\/vc_tta_section][vc_tta_section title=&#8221;EP, Arts et Musique&#8221; tab_id=&#8221;1773494181077-bf74ffba-59ac&#8221;][vc_column_text css=&#8221;.vc_custom_1773417460616{margin-top: 15px !important;}&#8221; el_class=&#8221;page-title&#8221;]<\/p>\n<h2><strong><span style=\"color: #4a90c8;\">Maternelle et Primaire : \u00c9ducation Physique, Arts et Musique<\/span><\/strong><\/h2>\n<p>[\/vc_column_text][vc_column_text css=&#8221;.vc_custom_1626157978654{padding-top: 10px !important;}&#8221;]<span data-contrast=\"auto\">Les programmes d&#8217;art, de musique et\u00a0d&#8217;\u00e9ducation\u00a0physique\u00a0couvrent\u00a0les cinq\u00a0ann\u00e9es\u00a0du cycle\u00a0primaire.\u00a0Ces\u00a0mati\u00e8res\u00a0sont\u00a0enseign\u00e9es\u00a0:\u00a0\u00a0<\/span><\/p>\n<ul>\n<li><span data-contrast=\"auto\">300 minutes par semaine en P1\/P2 (trois mati\u00e8res combin\u00e9es)<\/span><\/li>\n<li><span data-contrast=\"auto\">180 minutes par semaine en P3\/P4\/P5 (trois mati\u00e8res combin\u00e9es)<\/span><\/li>\n<\/ul>\n<p><span data-contrast=\"auto\">\u00a0Vous\u00a0trouverez\u00a0ci-dessous\u00a0une\u00a0br\u00e8ve\u00a0pr\u00e9sentation\u00a0de\u00a0chaque\u00a0mati\u00e8re et le lien\u00a0vers\u00a0les programmes\u00a0officiels\u00a0des \u00e9coles\u00a0europ\u00e9ennes.\u00a0<\/span><span data-ccp-props=\"{&quot;201341983&quot;:0,&quot;335559739&quot;:160,&quot;335559740&quot;:259}\">\u00a0<\/span><\/p>\n<p>&nbsp;<\/p>\n<h3><span data-contrast=\"auto\">L&#8217;\u00e9ducation\u00a0physique\u00a0<\/span><span data-ccp-props=\"{&quot;201341983&quot;:0,&quot;335559739&quot;:160,&quot;335559740&quot;:259}\">\u00a0<\/span><\/h3>\n<p><span data-contrast=\"auto\">\u00a0Le programme d&#8217;\u00e9ducation physique (EP) repose sur une vision holistique de l&#8217;enfant qui reconna\u00eet son niveau de maturit\u00e9 physique, mentale et sociale. Il vise \u00e0 faire comprendre comment les activit\u00e9s physiques affectent la sant\u00e9 de mani\u00e8re positive et \u00e0 souligner l&#8217;importance d&#8217;un \u00e9quipement ad\u00e9quat et des habitudes d&#8217;hygi\u00e8ne personnelle. Gr\u00e2ce \u00e0 l&#8217;\u00e9ducation physique, les enfants devraient s&#8217;int\u00e9resser \u00e0 l&#8217;activit\u00e9 physique tout au long de leur vie. L&#8217;\u00e9ducation physique doit motiver et encourager les enfants \u00e0 faire du sport pendant leur temps libre. <\/span><span data-ccp-props=\"{&quot;201341983&quot;:0,&quot;335559739&quot;:160,&quot;335559740&quot;:259}\">\u00a0<\/span><\/p>\n<p><span data-contrast=\"auto\">L&#8217;\u00e9ducation physique offre un large \u00e9ventail de possibilit\u00e9s aux enfants pour essayer et pratiquer diff\u00e9rentes activit\u00e9s. Le d\u00e9veloppement des comp\u00e9tences sociales (comme le fair-play, la coop\u00e9ration, la tol\u00e9rance, le respect, etc.) et des comp\u00e9tences cognitives (par exemple, la tactique, les r\u00e8gles, le contr\u00f4le du corps, les aspects li\u00e9s \u00e0 la sant\u00e9 et \u00e0 la s\u00e9curit\u00e9) sont abord\u00e9s et pris en compte dans l&#8217;enseignement de l&#8217;\u00e9ducation physique. <\/span><span data-ccp-props=\"{&quot;201341983&quot;:0,&quot;335559739&quot;:160,&quot;335559740&quot;:259}\">\u00a0<\/span><\/p>\n<p><span data-contrast=\"auto\">L&#8217;\u00e9ducation physique est propos\u00e9e pendant les le\u00e7ons d&#8217;\u00e9ducation physique dans le gymnase, la piscine et\/ou dans les espaces ext\u00e9rieurs. L&#8217;enseignant d&#8217;\u00e9ducation physique est l&#8217;enseignant de la classe ou un enseignant sp\u00e9cialis\u00e9. <\/span><span data-ccp-props=\"{&quot;201341983&quot;:0,&quot;335559739&quot;:160,&quot;335559740&quot;:259}\">\u00a0<\/span>[\/vc_column_text][vc_btn title=&#8221;Pour plus d&#8217;informations, veuillez consulter le syllabus d&#8217;\u00e9ducation physique&#8221; style=&#8221;classic&#8221; color=&#8221;sky&#8221; align=&#8221;left&#8221; i_icon_fontawesome=&#8221;fa fa-file-text-o&#8221; add_icon=&#8221;true&#8221; link=&#8221;url:https%3A%2F%2Fwww.eursc.eu%2FSyllabuses%2F2015-01-D-39-en-4.pdf||target:%20_blank|&#8221;][vc_column_text css=&#8221;.vc_custom_1626157890582{padding-top: 10px !important;}&#8221;]<\/p>\n<h3><span data-contrast=\"auto\">\u00c9ducation\u00a0artistique\u00a0<\/span><span data-ccp-props=\"{&quot;201341983&quot;:0,&quot;335559739&quot;:160,&quot;335559740&quot;:259}\">\u00a0<\/span><\/h3>\n<p><span data-contrast=\"auto\">\u00a0L&#8217;objectif\u00a0de\u00a0l&#8217;\u00e9ducation\u00a0artistique\u00a0dans les \u00e9coles\u00a0europ\u00e9ennes\u00a0est\u00a0de\u00a0d\u00e9velopper\u00a0l&#8217;expression\u00a0: expression des sentiments et des\u00a0\u00e9motions\u00a0dans la\u00a0d\u00e9couverte\u00a0de\u00a0l&#8217;art,\u00a0mais\u00a0aussi\u00a0expression et pratique dans\u00a0l&#8217;utilisation\u00a0de\u00a0diff\u00e9rents\u00a0m\u00e9dias\u00a0artistiques.\u00a0L&#8217;\u00e9ducation\u00a0artistique\u00a0favorise\u00a0la libre expression, la prise\u00a0d&#8217;initiative\u00a0et le\u00a0r\u00f4le\u00a0de\u00a0l&#8217;individu\u00a0dans la\u00a0cr\u00e9ativit\u00e9, dans\u00a0sa\u00a0vie\u00a0priv\u00e9e\u00a0ou\u00a0publique.\u00a0<\/span><span data-ccp-props=\"{&quot;201341983&quot;:0,&quot;335559739&quot;:160,&quot;335559740&quot;:259}\">\u00a0<\/span><\/p>\n<p><span data-contrast=\"auto\">\u00a0Les arts\u00a0donnent\u00a0l&#8217;occasion\u00a0de\u00a0d\u00e9couvrir\u00a0des\u00a0id\u00e9es, des sentiments et des\u00a0exp\u00e9riences\u00a0cr\u00e9atives\u00a0dans la musique, les\u00a0gestes\u00a0et les\u00a0mouvements. Cette\u00a0d\u00e9couverte\u00a0enrichit\u00a0l&#8217;enfant\u00a0et\u00a0lui\u00a0permet\u00a0de\u00a0questionner\u00a0ses\u00a0propres\u00a0interpr\u00e9tations\u00a0et\u00a0repr\u00e9sentations\u00a0du monde, de\u00a0s&#8217;\u00e9loigner\u00a0des cadres\u00a0\u00e9tablis\u00a0; de\u00a0construire\u00a0des\u00a0r\u00e9f\u00e9rences\u00a0culturelles\u00a0et\u00a0esth\u00e9tiques.\u00a0L&#8217;\u00e9ducation\u00a0artistique\u00a0dans les \u00e9coles\u00a0europ\u00e9ennes\u00a0consid\u00e8re\u00a0l&#8217;art\u00a0comme\u00a0un\u00a0outil\u00a0social et\u00a0culturel\u00a0puissant qui\u00a0favorise\u00a0les\u00a0\u00e9changes\u00a0et unit les\u00a0personnes\u00a0dans des\u00a0projets\u00a0collectifs\u00a0ou\u00a0des\u00a0projets\u00a0artistiques\u00a0interculturels. Les arts\u00a0contribuent\u00a0au\u00a0d\u00e9veloppement\u00a0global de\u00a0l&#8217;enfant\u00a0dans quatre\u00a0domaines\u00a0:\u00a0psychologique,\u00a0socioculturel, physique et\u00a0cognitif.\u00a0<\/span><span data-ccp-props=\"{&quot;201341983&quot;:0,&quot;335559739&quot;:160,&quot;335559740&quot;:259}\">\u00a0<\/span>[\/vc_column_text][vc_btn title=&#8221;Pour plus d&#8217;informations, veuillez consulter le syllabus d&#8217;\u00e9ducation artistique&#8221; style=&#8221;classic&#8221; color=&#8221;sky&#8221; align=&#8221;left&#8221; i_icon_fontawesome=&#8221;fa fa-file-text-o&#8221; add_icon=&#8221;true&#8221; link=&#8221;url:https%3A%2F%2Fwww.eursc.eu%2FSyllabuses%2F2013-04-D-10-en-2.pdf||target:%20_blank|&#8221;][vc_column_text css=&#8221;.vc_custom_1626157856898{padding-top: 10px !important;}&#8221;]<\/p>\n<h3><span data-contrast=\"auto\">Musique\u00a0<\/span><span data-ccp-props=\"{&quot;201341983&quot;:0,&quot;335559739&quot;:160,&quot;335559740&quot;:259}\">\u00a0<\/span><\/h3>\n<p><span data-contrast=\"auto\">L&#8217;objectif\u00a0central\u00a0est\u00a0de\u00a0maintenir\u00a0et de\u00a0d\u00e9velopper\u00a0le\u00a0plaisir\u00a0des enfants pour la musique. Les enfants\u00a0entrent\u00a0\u00e0\u00a0l&#8217;\u00e9cole\u00a0primaire\u00a0en\u00a0ayant\u00a0v\u00e9cu\u00a0une\u00a0s\u00e9rie\u00a0d&#8217;exp\u00e9riences\u00a0musicales\u00a0agr\u00e9ables.\u00a0Ils\u00a0devraient\u00a0quitter\u00a0l&#8217;\u00e9cole\u00a0secondaire\u00a0avec\u00a0ce\u00a0plaisir\u00a0intact. En\u00a0fait, il\u00a0devrait\u00a0s&#8217;approfondir\u00a0au fur et \u00e0\u00a0mesure\u00a0que\u00a0leurs\u00a0connaissances,\u00a0leurs\u00a0comp\u00e9tences\u00a0et\u00a0leur\u00a0compr\u00e9hension\u00a0de la musique se\u00a0d\u00e9veloppent.\u00a0<\/span><span data-ccp-props=\"{&quot;201341983&quot;:0,&quot;335559739&quot;:160,&quot;335559740&quot;:259}\">\u00a0<\/span><\/p>\n<p><span data-contrast=\"auto\">Le programme de musique\u00a0est\u00a0divis\u00e9\u00a0en\u00a0trois\u00a0domaines\u00a0:\u00a0<\/span><span data-ccp-props=\"{&quot;201341983&quot;:0,&quot;335559739&quot;:160,&quot;335559740&quot;:259}\">\u00a0<\/span><\/p>\n<ul>\n<li data-leveltext=\"\uf0b7\" data-font=\"Symbol\" data-listid=\"1\" data-aria-posinset=\"1\" data-aria-level=\"1\"><span data-contrast=\"auto\">\u00a0faire de la musique et\u00a0jouer,\u00a0<\/span><span data-ccp-props=\"{&quot;134233279&quot;:true,&quot;201341983&quot;:0,&quot;335559739&quot;:160,&quot;335559740&quot;:259}\">\u00a0<\/span><\/li>\n<\/ul>\n<ul>\n<li data-leveltext=\"\uf0b7\" data-font=\"Symbol\" data-listid=\"1\" data-aria-posinset=\"1\" data-aria-level=\"1\"><span data-contrast=\"auto\">\u00a0\u00e9couter\u00a0et\u00a0r\u00e9agir,\u00a0<\/span><span data-ccp-props=\"{&quot;134233279&quot;:true,&quot;201341983&quot;:0,&quot;335559739&quot;:160,&quot;335559740&quot;:259}\">\u00a0<\/span><\/li>\n<li data-leveltext=\"\uf0b7\" data-font=\"Symbol\" data-listid=\"1\" data-aria-posinset=\"2\" data-aria-level=\"1\"><span data-contrast=\"auto\">\u00a0composer.\u00a0<\/span><span data-ccp-props=\"{&quot;134233279&quot;:true,&quot;201341983&quot;:0,&quot;335559739&quot;:160,&quot;335559740&quot;:259}\">\u00a0<\/span><\/li>\n<\/ul>\n<p>[\/vc_column_text][vc_btn title=&#8221;Pour plus d&#8217;informations, veuillez consulter le syllabus d&#8217;\u00e9ducation musicale&#8221; style=&#8221;classic&#8221; color=&#8221;sky&#8221; align=&#8221;left&#8221; i_icon_fontawesome=&#8221;fa fa-file-text-o&#8221; add_icon=&#8221;true&#8221; link=&#8221;url:https%3A%2F%2Fwww.eursc.eu%2FSyllabuses%2F2016-10-D-14-en-4.pdf||target:%20_blank|&#8221;][\/vc_tta_section][vc_tta_section title=&#8221;DDM&#8221; tab_id=&#8221;1773494181825-64ece178-e948&#8243;][vc_column_text css=&#8221;.vc_custom_1773417720770{margin-top: 15px !important;}&#8221; el_class=&#8221;page-title&#8221;]<\/p>\n<h2><strong><span style=\"color: #4a90c8;\">Maternelle et Primaire : D\u00e9couverte du Monde<\/span><\/strong><\/h2>\n<p>[\/vc_column_text][vc_column_text css=&#8221;.vc_custom_1626247666354{padding-top: 10px !important;}&#8221;]<span data-contrast=\"auto\">L&#8217;objectif principal du programme D\u00e9couverte du monde est de donner aux \u00e9l\u00e8ves un cadre de r\u00e9f\u00e9rences communes pour d\u00e9velopper une compr\u00e9hension d&#8217;eux-m\u00eames et du monde. En outre, le programme D\u00e9couverte du monde pr\u00e9pare les \u00e9l\u00e8ves \u00e0 la transition vers l&#8217;enseignement secondaire. <\/span><span data-ccp-props=\"{&quot;201341983&quot;:0,&quot;335559739&quot;:160,&quot;335559740&quot;:259}\">\u00a0<\/span><\/p>\n<p><span data-contrast=\"auto\">Le programme se compose de cinq domaines d&#8217;\u00e9tude diff\u00e9rents (biologique, historique, socioculturel, g\u00e9ographique et technologique), chacun de ces domaines \u00e9tant divis\u00e9 en sujets sp\u00e9cifiques pour chaque groupe d&#8217;\u00e2ge. <\/span><span data-ccp-props=\"{&quot;201341983&quot;:0,&quot;335559739&quot;:160,&quot;335559740&quot;:259}\">\u00a0<\/span><\/p>\n<p><span data-contrast=\"auto\">En accord avec les principes \u00e9ducatifs de la p\u00e9dagogie de l&#8217;\u00e9cole europ\u00e9enne, l&#8217;approche appliqu\u00e9e privil\u00e9gie un d\u00e9veloppement holistique de l&#8217;enfant et de son r\u00f4le actif dans l&#8217;apprentissage. Les strat\u00e9gies d&#8217;enseignement suivantes sont encourag\u00e9es : <\/span><span data-ccp-props=\"{&quot;201341983&quot;:0,&quot;335559739&quot;:160,&quot;335559740&quot;:259}\">\u00a0<\/span><\/p>\n<ul>\n<li><span data-contrast=\"auto\">Apprentissage bas\u00e9 sur la d\u00e9couverte &#8211; La d\u00e9couverte guid\u00e9e d\u00e9veloppe la curiosit\u00e9, la cr\u00e9ativit\u00e9 et la pens\u00e9e critique, menant \u00e0 un apprentissage ind\u00e9pendant.\u00a0<\/span><span data-ccp-props=\"{&quot;134233279&quot;:true,&quot;201341983&quot;:0,&quot;335559739&quot;:160,&quot;335559740&quot;:259}\">\u00a0<\/span><\/li>\n<li data-leveltext=\"-\" data-font=\"Calibri\" data-listid=\"3\" data-aria-posinset=\"2\" data-aria-level=\"1\"><span data-contrast=\"auto\">Les liens inter-curriculaires\u00a0sont\u00a0fortement\u00a0encourag\u00e9s\u00a0pour\u00a0promouvoir\u00a0le\u00a0d\u00e9veloppement\u00a0holistique\u00a0de\u00a0l&#8217;\u00e9l\u00e8ve.\u00a0<\/span><span data-ccp-props=\"{&quot;134233279&quot;:true,&quot;201341983&quot;:0,&quot;335559739&quot;:160,&quot;335559740&quot;:259}\">\u00a0<\/span><\/li>\n<\/ul>\n<ul>\n<li data-leveltext=\"-\" data-font=\"Calibri\" data-listid=\"4\" data-aria-posinset=\"1\" data-aria-level=\"1\"><span data-contrast=\"auto\">La promotion\u00a0d&#8217;une\u00a0perspective\u00a0europ\u00e9enne\u00a0en\u00a0accord avec les\u00a0principes\u00a0et les\u00a0objectifs\u00a0des \u00e9coles\u00a0europ\u00e9ennes.\u00a0<\/span><span data-ccp-props=\"{&quot;134233279&quot;:true,&quot;201341983&quot;:0,&quot;335559739&quot;:160,&quot;335559740&quot;:259}\">\u00a0<\/span><\/li>\n<li data-leveltext=\"-\" data-font=\"Calibri\" data-listid=\"5\" data-aria-posinset=\"2\" data-aria-level=\"1\"><span data-contrast=\"auto\">Une gamme de m\u00e9thodes d&#8217;enseignement pour soutenir les diff\u00e9rents styles d&#8217;apprentissage, y compris la diff\u00e9renciation, le travail coop\u00e9ratif en groupes ou en paires ;\u00a0<\/span><span data-ccp-props=\"{&quot;134233279&quot;:true,&quot;201341983&quot;:0,&quot;335559739&quot;:160,&quot;335559740&quot;:259}\">\u00a0<\/span><\/li>\n<li data-leveltext=\"-\" data-font=\"Calibri\" data-listid=\"6\" data-aria-posinset=\"3\" data-aria-level=\"1\"><span data-contrast=\"auto\">Utilisation des excursions et de l&#8217;environnement local (par exemple, l&#8217;environnement scolaire, les historiens locaux, les mus\u00e9es, les parents, etc );\u00a0<\/span><span data-ccp-props=\"{&quot;134233279&quot;:true,&quot;201341983&quot;:0,&quot;335559739&quot;:160,&quot;335559740&quot;:259}\">\u00a0<\/span><\/li>\n<li data-leveltext=\"-\" data-font=\"Calibri\" data-listid=\"7\" data-aria-posinset=\"4\" data-aria-level=\"1\"><span data-contrast=\"auto\">Centr\u00e9 sur l&#8217;enfant mais dirig\u00e9 par l&#8217;enseignant &#8211; Utiliser les exp\u00e9riences des \u00e9l\u00e8ves comme point de d\u00e9part du sujet trait\u00e9 ;\u00a0<\/span><span data-ccp-props=\"{&quot;134233279&quot;:true,&quot;201341983&quot;:0,&quot;335559739&quot;:160,&quot;335559740&quot;:259}\">\u00a0<\/span><\/li>\n<li data-leveltext=\"-\" data-font=\"Calibri\" data-listid=\"7\" data-aria-posinset=\"5\" data-aria-level=\"1\"><span data-contrast=\"auto\">Appliquer, le\u00a0cas\u00a0\u00e9ch\u00e9ant, les\u00a0r\u00e9sultats\u00a0de\u00a0l&#8217;apprentissage\u00a0\u00e0 des\u00a0r\u00e9f\u00e9rences\u00a0nationales, par\u00a0exemple\u00a0en\u00a0faisant\u00a0r\u00e9f\u00e9rence\u00a0au\u00a0paysage\u00a0national, aux\u00a0\u00e9v\u00e9nements\u00a0historiques, \u00e0 la culture\u00a0<\/span><span data-ccp-props=\"{&quot;134233279&quot;:true,&quot;201341983&quot;:0,&quot;335559739&quot;:160,&quot;335559740&quot;:259}\">\u00a0<\/span><\/li>\n<\/ul>\n<ul>\n<li data-leveltext=\"-\" data-font=\"Calibri\" data-listid=\"7\" data-aria-posinset=\"1\" data-aria-level=\"1\"><span data-contrast=\"auto\">Incorporer les TIC comme outil de recherche et de pr\u00e9sentation des informations. <\/span><span data-ccp-props=\"{&quot;134233279&quot;:true,&quot;201341983&quot;:0,&quot;335559739&quot;:160,&quot;335559740&quot;:259}\">\u00a0<\/span><\/li>\n<\/ul>\n<p><span data-contrast=\"auto\">Le programme\u00a0d&#8217;enseignement, qui fait\u00a0partie\u00a0des programmes\u00a0harmonis\u00e9s,\u00a0couvre\u00a0les cinq\u00a0ann\u00e9es\u00a0du cycle\u00a0primaire. La\u00a0d\u00e9couverte\u00a0du monde\u00a0est\u00a0enseign\u00e9e\u00a0:\u00a0<\/span><span data-ccp-props=\"{&quot;201341983&quot;:0,&quot;335559739&quot;:160,&quot;335559740&quot;:259}\">\u00a0<\/span><\/p>\n<ul>\n<li><span data-contrast=\"auto\">90 minutes par semaine en P1\/P2<\/span><\/li>\n<li><span data-contrast=\"auto\">180 minutes par semaine en P3\/P4\/P5<\/span><span data-ccp-props=\"{&quot;201341983&quot;:0,&quot;335559739&quot;:160,&quot;335559740&quot;:259}\">\u00a0<\/span><\/li>\n<\/ul>\n<p>[\/vc_column_text][vc_btn title=&#8221;Pour plus d&#8217;informations, veuillez consulter le syllabus D\u00e9couverte du monde&#8221; style=&#8221;classic&#8221; color=&#8221;sky&#8221; align=&#8221;left&#8221; i_icon_fontawesome=&#8221;fa fa-file-text-o&#8221; add_icon=&#8221;true&#8221; link=&#8221;url:https%3A%2F%2Fwww.eursc.eu%2FSyllabuses%2F2015-09-D-30-en-3.pdf||target:%20_blank|&#8221;][\/vc_tta_section][vc_tta_section title=&#8221;Heures europ\u00e9enes&#8221; tab_id=&#8221;1773494182330-f1d7f047-2154&#8243;][vc_column_text css=&#8221;.vc_custom_1773417836110{margin-top: 15px !important;}&#8221; el_class=&#8221;page-title&#8221;]<\/p>\n<h2><strong><span style=\"color: #4a90c8;\">Maternelle et Primaire : Heures Europ\u00e9enes<\/span><\/strong><\/h2>\n<p>[\/vc_column_text][vc_column_text css=&#8221;.vc_custom_1626247996558{padding-top: 10px !important;}&#8221;]<span data-contrast=\"auto\">Les heures europ\u00e9ennes constituent un moment agr\u00e9able de d\u00e9couverte et de partage des connaissances. Les enfants de diff\u00e9rentes nationalit\u00e9s apprennent des aspects int\u00e9ressants de la culture europ\u00e9enne en travaillant ensemble sur des projets communs ou en trouvant des solutions \u00e0 des probl\u00e8mes cr\u00e9\u00e9s ou pr\u00e9sent\u00e9s en classe. <\/span><span data-ccp-props=\"{&quot;201341983&quot;:0,&quot;335559739&quot;:160,&quot;335559740&quot;:259}\">\u00a0<\/span><\/p>\n<p>&nbsp;<\/p>\n<h3><span data-contrast=\"auto\">Objectifs\u00a0<\/span><span data-ccp-props=\"{&quot;201341983&quot;:0,&quot;335559739&quot;:160,&quot;335559740&quot;:259}\">\u00a0<\/span><\/h3>\n<ul>\n<li data-leveltext=\"-\" data-font=\"Calibri\" data-listid=\"2\" data-aria-posinset=\"1\" data-aria-level=\"1\"><span data-contrast=\"auto\">D\u00e9velopper une identit\u00e9 europ\u00e9enne.\u00a0<\/span><span data-ccp-props=\"{&quot;134233279&quot;:true,&quot;201341983&quot;:0,&quot;335559739&quot;:160,&quot;335559740&quot;:259}\">\u00a0<\/span><\/li>\n<li data-leveltext=\"-\" data-font=\"Calibri\" data-listid=\"2\" data-aria-posinset=\"2\" data-aria-level=\"1\"><span data-contrast=\"auto\">D\u00e9velopper\u00a0des attitudes\u00a0interculturelles\u00a0positives:\u00a0respect,\u00a0tol\u00e9rance,\u00a0coop\u00e9ration, communication.\u00a0<\/span><span data-ccp-props=\"{&quot;134233279&quot;:true,&quot;201341983&quot;:0,&quot;335559739&quot;:160,&quot;335559740&quot;:259}\">\u00a0<\/span><\/li>\n<li data-leveltext=\"-\" data-font=\"Calibri\" data-listid=\"3\" data-aria-posinset=\"3\" data-aria-level=\"1\"><span data-contrast=\"auto\">Traiter des questions relatives \u00e0 la compr\u00e9hension et \u00e0 la communication interculturelles.\u00a0<\/span><span data-ccp-props=\"{&quot;134233279&quot;:true,&quot;201341983&quot;:0,&quot;335559739&quot;:160,&quot;335559740&quot;:259}\">\u00a0<\/span><\/li>\n<li data-leveltext=\"-\" data-font=\"Calibri\" data-listid=\"4\" data-aria-posinset=\"4\" data-aria-level=\"1\"><span data-contrast=\"auto\">Permettre\u00a0aux\u00a0\u00e9l\u00e8ves\u00a0de se\u00a0conna\u00eetre, de\u00a0s&#8217;appr\u00e9cier\u00a0et de\u00a0s&#8217;entraider.\u00a0<\/span><span data-ccp-props=\"{&quot;134233279&quot;:true,&quot;201341983&quot;:0,&quot;335559739&quot;:160,&quot;335559740&quot;:259}\">\u00a0<\/span><\/li>\n<li data-leveltext=\"-\" data-font=\"Calibri\" data-listid=\"5\" data-aria-posinset=\"5\" data-aria-level=\"1\"><span data-contrast=\"auto\">Permettre le d\u00e9veloppement social des \u00e9l\u00e8ves.\u00a0<\/span><span data-ccp-props=\"{&quot;134233279&quot;:true,&quot;201341983&quot;:0,&quot;335559739&quot;:160,&quot;335559740&quot;:259}\">\u00a0<\/span><\/li>\n<\/ul>\n<ul>\n<li data-leveltext=\"-\" data-font=\"Calibri\" data-listid=\"6\" data-aria-posinset=\"1\" data-aria-level=\"1\"><span data-contrast=\"auto\">D\u00e9velopper l&#8217;esprit d&#8217;initiative, l&#8217;autonomie et la solidarit\u00e9.\u00a0<\/span><span data-ccp-props=\"{&quot;134233279&quot;:true,&quot;201341983&quot;:0,&quot;335559739&quot;:160,&quot;335559740&quot;:259}\"><br \/>\n<\/span><\/li>\n<\/ul>\n<p>&nbsp;<\/p>\n<h3><span data-contrast=\"auto\">En pratique\u00a0<\/span><span data-ccp-props=\"{&quot;201341983&quot;:0,&quot;335559739&quot;:160,&quot;335559740&quot;:259}\">\u00a0<\/span><\/h3>\n<p><span data-contrast=\"auto\">Chaque\u00a0groupe\u00a0d&#8217;enfants\u00a0est\u00a0\u00e9valu\u00e9\u00a0par un\u00a0enseignant\u00a0avec\u00a0lequel\u00a0il\u00a0travaille\u00a0sur\u00a0une\u00a0activit\u00e9\u00a0pendant quatre\u00a0ou\u00a0cinq s\u00e9ances.\u00a0<\/span><span data-ccp-props=\"{&quot;201341983&quot;:0,&quot;335559739&quot;:160,&quot;335559740&quot;:259}\">\u00a0<\/span><\/p>\n<p><span data-contrast=\"auto\">En adh\u00e9rant \u00e0 la philosophie des Heures europ\u00e9ennes qui vise \u00e0 renforcer l&#8217;esprit de collaboration et la solidarit\u00e9 entre les membres de chaque groupe, l&#8217;effort p\u00e9dagogique se concentre sur la communication et sur la collaboration, qui constituent le processus de travail coop\u00e9ratif des \u00e9l\u00e8ves. <\/span><span data-ccp-props=\"{&quot;201341983&quot;:0,&quot;335559739&quot;:160,&quot;335559740&quot;:259}\">\u00a0<\/span><\/p>\n<p><span data-contrast=\"auto\">Le contenu du programme des Heures europ\u00e9ennes suit une progression bas\u00e9e sur l&#8217;\u00e9volution de l&#8217;engagement des \u00e9l\u00e8ves dans les activit\u00e9s. <\/span><span data-ccp-props=\"{&quot;201341983&quot;:0,&quot;335559739&quot;:160,&quot;335559740&quot;:259}\">\u00a0<\/span><\/p>\n<p><span data-contrast=\"auto\">Le programme, qui fait\u00a0partie\u00a0des programmes\u00a0harmonis\u00e9s,\u00a0couvre\u00a0trois\u00a0ann\u00e9es\u00a0du cycle\u00a0primaire. Les\u00a0Heures\u00a0europ\u00e9ennes\u00a0sont\u00a0enseign\u00e9es\u00a0:<\/span><span data-ccp-props=\"{&quot;201341983&quot;:0,&quot;335559739&quot;:160,&quot;335559740&quot;:259}\">\u00a0<\/span><\/p>\n<ul>\n<li><span data-contrast=\"auto\">90 minutes par semaine en P3\/P4\/P5<\/span><span data-ccp-props=\"{&quot;201341983&quot;:0,&quot;335559739&quot;:160,&quot;335559740&quot;:259}\">\u00a0<\/span><\/li>\n<\/ul>\n<p>[\/vc_column_text][vc_btn title=&#8221;Pour plus d&#8217;informations, veuillez consulter le syllabus des heures europ\u00e9ennes&#8221; style=&#8221;classic&#8221; color=&#8221;sky&#8221; align=&#8221;left&#8221; i_icon_fontawesome=&#8221;fa fa-file-text-o&#8221; add_icon=&#8221;true&#8221; link=&#8221;url:https%3A%2F%2Fwww.eursc.eu%2FSyllabuses%2F2016-08-D-17-en-3.pdf||target:%20_blank|&#8221;][\/vc_tta_section][vc_tta_section title=&#8221;Religion\/\u00c9thique&#8221; tab_id=&#8221;1773494182690-089eb0ba-58d3&#8243;][vc_column_text css=&#8221;.vc_custom_1773417983790{margin-top: 15px !important;}&#8221; el_class=&#8221;page-title&#8221;]<\/p>\n<h2><span style=\"color: #4a90c8;\"><strong>Maternelle et Primaire : Religion\/\u00c9thique<\/strong><\/span><\/h2>\n<p>[\/vc_column_text][vc_column_text css=&#8221;.vc_custom_1626159183240{padding-top: 10px !important;}&#8221;]<span data-contrast=\"auto\">\u00a0Les cours de religion dispens\u00e9s dans les \u00e9coles europ\u00e9ennes ont pour but de fournir un environnement \u00e9ducatif particulier. Gr\u00e2ce \u00e0 ces cours, chaque \u00e9l\u00e8ve acquiert des points de r\u00e9f\u00e9rence pour sa vie future, apprend \u00e0 choisir entre diff\u00e9rentes options pour sa vie quotidienne, mais aussi \u00e0 s&#8217;organiser et \u00e0 vivre de mani\u00e8re r\u00e9fl\u00e9chie et responsable. <\/span><span data-ccp-props=\"{&quot;201341983&quot;:0,&quot;335559739&quot;:160,&quot;335559740&quot;:259}\">\u00a0<\/span><\/p>\n<p><span data-contrast=\"auto\">\u00a0Les cours de religion fournissent une information rigoureuse sur les articles de foi propres \u00e0 chaque religion. Ils stimulent les initiatives qui d\u00e9veloppent une approche coh\u00e9rente des valeurs afin de pr\u00e9parer tous les \u00e9l\u00e8ves \u00e0 devenir des citoyens responsables, capables de contribuer au d\u00e9veloppement de soci\u00e9t\u00e9s d\u00e9mocratiques, solidaires, pluralistes et ouvertes aux autres cultures, et d&#8217;acc\u00e9der \u00e0 la richesse de la diversit\u00e9 culturelle, tout en encourageant la reconnaissance et le respect de la diversit\u00e9 des croyances. <\/span><span data-ccp-props=\"{&quot;201341983&quot;:0,&quot;335559739&quot;:160,&quot;335559740&quot;:259}\">\u00a0<\/span><\/p>\n<p><span data-contrast=\"auto\">\u00a0Chaque confession religieuse d\u00e9veloppe son propre programme sp\u00e9cifique tout en respectant les aspects fondamentaux de la dynamique \u00e9ducative que les \u00e9coles europ\u00e9ennes offrent \u00e0 leurs \u00e9l\u00e8ves. Ils sont \u00e9labor\u00e9s par les autorit\u00e9s religieuses comp\u00e9tentes selon les crit\u00e8res de tous les programmes scolaires et sont approuv\u00e9s par le Comit\u00e9 p\u00e9dagogique commun des Ecoles europ\u00e9ennes. Il appartient aux autorit\u00e9s religieuses de chaque confession de proposer leurs professeurs de religion aux autorit\u00e9s scolaires et de s&#8217;assurer de leur comp\u00e9tence et de leur qualification. <\/span><span data-ccp-props=\"{&quot;201341983&quot;:0,&quot;335559739&quot;:160,&quot;335559740&quot;:259}\">\u00a0<\/span><\/p>\n<p><span data-contrast=\"auto\">Les programmes\u00a0couvrent\u00a0les cinq\u00a0ann\u00e9es\u00a0du cycle\u00a0primaire. Les\u00a0cours\u00a0de religion\/\u00e9thique\u00a0sont\u00a0enseign\u00e9s\u00a0:<\/span><span data-ccp-props=\"{&quot;201341983&quot;:0,&quot;335559739&quot;:160,&quot;335559740&quot;:259}\">\u00a0<\/span><\/p>\n<ul>\n<li data-leveltext=\"\uf0b7\" data-font=\"Symbol\" data-listid=\"3\" data-aria-posinset=\"1\" data-aria-level=\"1\"><span data-contrast=\"auto\">60 minutes par\u00a0semaine\u00a0en\u00a0P1\/P2,\u00a0<\/span><span data-ccp-props=\"{&quot;134233279&quot;:true,&quot;201341983&quot;:0,&quot;335559739&quot;:160,&quot;335559740&quot;:259}\">\u00a0<\/span><\/li>\n<li data-leveltext=\"\uf0b7\" data-font=\"Symbol\" data-listid=\"3\" data-aria-posinset=\"2\" data-aria-level=\"1\"><span data-contrast=\"auto\">90 minutes par\u00a0semaine\u00a0en\u00a0P3\/P4\/P5.\u00a0<\/span><span data-ccp-props=\"{&quot;134233279&quot;:true,&quot;201341983&quot;:0,&quot;335559739&quot;:160,&quot;335559740&quot;:259}\">\u00a0<\/span><\/li>\n<\/ul>\n<p><span data-contrast=\"auto\">\u00a0Pour plus\u00a0d&#8217;informations,\u00a0veuillez\u00a0consulter les programmes\u00a0sp\u00e9cifiques\u00a0de\u00a0chaque\u00a0confession :<\/span><span data-ccp-props=\"{&quot;201341983&quot;:0,&quot;335559739&quot;:160,&quot;335559740&quot;:259}\">\u00a0<\/span><\/p>\n<ul>\n<li data-leveltext=\"\uf0b7\" data-font=\"Symbol\" data-listid=\"2\" data-aria-posinset=\"3\" data-aria-level=\"1\"><a href=\"https:\/\/www.eursc.eu\/Syllabuses\/2016-01-D-32-en-3.pdf\"><span data-contrast=\"none\">Ethics syllabus<\/span><\/a><span data-ccp-props=\"{&quot;134233279&quot;:true,&quot;201341983&quot;:0,&quot;335559739&quot;:160,&quot;335559740&quot;:259}\">\u00a0<\/span><\/li>\n<\/ul>\n<ul>\n<li data-leveltext=\"\uf0b7\" data-font=\"Symbol\" data-listid=\"2\" data-aria-posinset=\"1\" data-aria-level=\"1\"><a href=\"https:\/\/www.eursc.eu\/Syllabuses\/2011-01-D-87-en-2.pdf\"><span data-contrast=\"none\">Orthodoxe-religion syllabus<\/span><\/a><span data-ccp-props=\"{&quot;134233279&quot;:true,&quot;201341983&quot;:0,&quot;335559739&quot;:160,&quot;335559740&quot;:259}\">\u00a0<\/span><\/li>\n<li data-leveltext=\"\uf0b7\" data-font=\"Symbol\" data-listid=\"2\" data-aria-posinset=\"2\" data-aria-level=\"1\"><a href=\"https:\/\/www.eursc.eu\/Syllabuses\/2012-01-D-41-en-2.pdf\"><span data-contrast=\"none\">Protestant religion syllabus<\/span><\/a><span data-contrast=\"auto\">\u00a0<\/span><span data-ccp-props=\"{&quot;134233279&quot;:true,&quot;201341983&quot;:0,&quot;335559739&quot;:160,&quot;335559740&quot;:259}\">\u00a0<\/span><\/li>\n<li data-leveltext=\"\uf0b7\" data-font=\"Symbol\" data-listid=\"2\" data-aria-posinset=\"3\" data-aria-level=\"1\"><a href=\"https:\/\/www.eursc.eu\/Syllabuses\/2012-01-D-38-fr-2.pdf\"><span data-contrast=\"none\">Islamic religion syllabus<\/span><\/a><span data-contrast=\"auto\">\u00a0 (seulement\u00a0en\u00a0fran\u00e7ais)<\/span><span data-ccp-props=\"{&quot;134233279&quot;:true,&quot;201341983&quot;:0,&quot;335559739&quot;:160,&quot;335559740&quot;:259}\">\u00a0<\/span><\/li>\n<li data-leveltext=\"\uf0b7\" data-font=\"Symbol\" data-listid=\"2\" data-aria-posinset=\"4\" data-aria-level=\"1\"><a href=\"https:\/\/www.eursc.eu\/Syllabuses\/2011-02-D-3-fr-2.pdf\"><span data-contrast=\"none\">Catholic religion syllabus<\/span><\/a><span data-contrast=\"auto\">\u00a0(seulement\u00a0en\u00a0fran\u00e7ais)<\/span><span data-ccp-props=\"{&quot;134233279&quot;:true,&quot;201341983&quot;:0,&quot;335559739&quot;:160,&quot;335559740&quot;:259}\">\u00a0<\/span><\/li>\n<\/ul>\n<p><span data-ccp-props=\"{&quot;201341983&quot;:0,&quot;335559739&quot;:160,&quot;335559740&quot;:259}\">\u00a0<\/span>[\/vc_column_text][\/vc_tta_section][vc_tta_section title=&#8221;ONL&#8221; tab_id=&#8221;1773494182983-dd3136a0-8356&#8243;][vc_column_text css=&#8221;.vc_custom_1773418140396{margin-top: 15px !important;}&#8221; el_class=&#8221;page-title&#8221;]<\/p>\n<h2><span style=\"color: #4a90c8;\"><strong>Maternelle et Primaire : ONL &#8211; Irlandais, Su\u00e9dois, Finlandais, Maltais<\/strong><\/span><\/h2>\n<p>[\/vc_column_text][vc_column_text css=&#8221;.vc_custom_1760885828527{padding-top: 10px !important;}&#8221;]<span data-contrast=\"auto\">Dans notre \u00e9cole, les autres langues nationales, \u00e0 savoir l&#8217;irlandais, le su\u00e9dois, le finnois et le maltais, sont propos\u00e9es \u00e0 tous les enfants inscrits dans notre \u00e9tablissement.<\/span><span data-ccp-props=\"{&quot;201341983&quot;:0,&quot;335559739&quot;:160,&quot;335559740&quot;:259}\">\u00a0<\/span><\/p>\n<ul>\n<li><span data-contrast=\"auto\">En\u00a0maternelle,\u00a0l&#8217;ONL\u00a0est\u00a0enseign\u00e9e\u00a03 x 30 minutes par\u00a0semaine.\u00a0<\/span><span data-ccp-props=\"{&quot;201341983&quot;:0,&quot;335559739&quot;:160,&quot;335559740&quot;:259}\">\u00a0<\/span><\/li>\n<li><span data-contrast=\"auto\">En\u00a0primaire\u00a01-2,\u00a0l&#8217;ONL\u00a0est\u00a0enseign\u00e9\u00a03 x 30 minutes par\u00a0semaine.\u00a0<\/span><span data-ccp-props=\"{&quot;201341983&quot;:0,&quot;335559739&quot;:160,&quot;335559740&quot;:259}\">\u00a0<\/span><\/li>\n<li><span data-contrast=\"auto\">En\u00a0primaire\u00a03-5,\u00a0l&#8217;ONL\u00a0est\u00a0enseign\u00e9\u00a02 x 45 minutes par\u00a0semaine<\/span><\/li>\n<\/ul>\n<p>Pour plus d&#8217;informations, veuillez consulter les syllabus respectifs.<\/p>\n<p><a href=\"https:\/\/www.eursc.eu\/fr\/European-Schools\/studies\/syllabuses\" target=\"_blank\" rel=\"noopener noreferrer\">Programmes (https:\/\/www.eursc.eu)<\/a>[\/vc_column_text][\/vc_tta_section][\/vc_tta_tabs][\/vc_column][\/vc_row][vc_row][vc_column][vc_empty_space height=&#8221;20&#8243;][\/vc_column][\/vc_row]<\/p>\n<\/div>","protected":false},"excerpt":{"rendered":"<p>[vc_row full_width=&#8221;stretch_row_content_no_spaces&#8221; css=&#8221;.vc_custom_1589920007717{margin-bottom: 0px !important;}&#8221;][vc_column css=&#8221;.vc_custom_1589920029564{margin-bottom: 0px !important;}&#8221; offset=&#8221;vc_hidden-sm vc_hidden-xs&#8221;][vc_custom_heading text=&#8221;&#8221; font_container=&#8221;tag:h1|text_align:left&#8221; use_theme_fonts=&#8221;yes&#8221; css=&#8221;.vc_custom_1624872760794{background-image: url(http:\/\/www.euroschool.lu\/site\/wp-content\/uploads\/2021\/06\/primary2.jpg?id=11194)<span class=\"excerpt-hellip\"> [\u2026]<\/span><\/p>\n","protected":false},"author":1,"featured_media":-1,"parent":0,"menu_order":0,"comment_status":"closed","ping_status":"closed","template":"","meta":{"footnotes":""},"categories":[63],"class_list":["post-12455","page","type-page","status-publish","has-post-thumbnail","hentry","category-_page-nurpri-fr"],"_links":{"self":[{"href":"https:\/\/www.euroschool.lu\/site\/wp-json\/wp\/v2\/pages\/12455","targetHints":{"allow":["GET"]}}],"collection":[{"href":"https:\/\/www.euroschool.lu\/site\/wp-json\/wp\/v2\/pages"}],"about":[{"href":"https:\/\/www.euroschool.lu\/site\/wp-json\/wp\/v2\/types\/page"}],"author":[{"embeddable":true,"href":"https:\/\/www.euroschool.lu\/site\/wp-json\/wp\/v2\/users\/1"}],"replies":[{"embeddable":true,"href":"https:\/\/www.euroschool.lu\/site\/wp-json\/wp\/v2\/comments?post=12455"}],"version-history":[{"count":19,"href":"https:\/\/www.euroschool.lu\/site\/wp-json\/wp\/v2\/pages\/12455\/revisions"}],"predecessor-version":[{"id":21112,"href":"https:\/\/www.euroschool.lu\/site\/wp-json\/wp\/v2\/pages\/12455\/revisions\/21112"}],"wp:featuredmedia":[{"embeddable":true,"href":"https:\/\/www.euroschool.lu\/site\/wp-json\/"}],"wp:attachment":[{"href":"https:\/\/www.euroschool.lu\/site\/wp-json\/wp\/v2\/media?parent=12455"}],"wp:term":[{"taxonomy":"category","embeddable":true,"href":"https:\/\/www.euroschool.lu\/site\/wp-json\/wp\/v2\/categories?post=12455"}],"curies":[{"name":"wp","href":"https:\/\/api.w.org\/{rel}","templated":true}]}}